{"id":292,"date":"2025-04-23T16:48:49","date_gmt":"2025-04-23T14:48:49","guid":{"rendered":"https:\/\/masterperiodismoydemocracia.umh.es\/?page_id=292"},"modified":"2026-02-16T09:11:04","modified_gmt":"2026-02-16T08:11:04","slug":"maestros-dilemas","status":"publish","type":"page","link":"https:\/\/masterperiodismoydemocracia.umh.es\/ca\/maestros-dilemas\/","title":{"rendered":"<span lang=\"es\">(Espa\u00f1ol) Maestros y Dilemas<\/span>"},"content":{"rendered":"<p>[et_pb_section fb_built=&#8221;1&#8243; _builder_version=&#8221;4.17.4&#8243; _module_preset=&#8221;default&#8221; background_color=&#8221;#FFFFFF&#8221; global_colors_info=&#8221;{}&#8221;][et_pb_row _builder_version=&#8221;4.17.4&#8243; _module_preset=&#8221;default&#8221; global_colors_info=&#8221;{}&#8221;][et_pb_column type=&#8221;4_4&#8243; _builder_version=&#8221;4.17.4&#8243; _module_preset=&#8221;default&#8221; global_colors_info=&#8221;{}&#8221;][et_pb_text admin_label=&#8221;titulo+ intro&#8221; _builder_version=&#8221;4.17.4&#8243; _module_preset=&#8221;default&#8221; global_colors_info=&#8221;{}&#8221;]<\/p>\n<h1><span style=\"color: #ff0000\"><strong>30 MAESTRAS\/OS PARA RESOLVER 30 DILEMAS<\/strong><\/span><\/h1>\n<p style=\"text-align: justify\">El M\u00e1ster UMH-RSF-Fundaci\u00f3n Gabo en Periodismo y Democracia cuenta algunas\/os de las\/os 30 maestras\/os del Periodismo m\u00e1s importantes del espacio iberoamericano que a lo largo de 30 tallares nos ayudar\u00e1n a resolver algunos de los 30 dilemas period\u00edsticos m\u00e1s importantes de nuestro tiempo, en el horizonte del a\u00f1o 2030.<\/p>\n<p>[\/et_pb_text][\/et_pb_column][\/et_pb_row][et_pb_row column_structure=&#8221;1_3,1_3,1_3&#8243; _builder_version=&#8221;4.17.4&#8243; _module_preset=&#8221;default&#8221; global_colors_info=&#8221;{}&#8221;][et_pb_column type=&#8221;1_3&#8243; _builder_version=&#8221;4.17.4&#8243; _module_preset=&#8221;default&#8221; global_colors_info=&#8221;{}&#8221;][et_pb_blurb title=&#8221;Rosa Mar\u00eda Calaf&#8221; admin_label=&#8221;D1&#8243; _builder_version=&#8221;4.17.4&#8243; _module_preset=&#8221;default&#8221; header_text_color=&#8221;#ff0000&#8243; global_colors_info=&#8221;{}&#8221;]<\/p>\n<p><img loading=\"lazy\" class=\"wp-image-3377 size-medium alignleft\" src=\"https:\/\/masterperiodismoydemocracia.umh.es\/files\/2025\/06\/Diseno-sin-titulo-8-140x300.png\" alt=\"\" width=\"140\" height=\"300\" \/><a href=\"https:\/\/www.rtve.es\/play\/videos\/imprescindibles\/rosa-maria-calaf\/15972736\/\" target=\"_blank\" rel=\"noopener\"><b>RTVE<\/b><\/a><\/p>\n<p>Rosa Mar\u00eda Calaf (Barcelona) es uno de los grandes referentes del periodismo espa\u00f1ol, con una dilatada y reconocida trayectoria profesional en RTVE como corresponsal en Rusia, Asia Pac\u00edfico, Estados Unidos, Argentina, Canad\u00e1, China, Italia o El Vaticano entre otros pa\u00edses y zonas del mundo. Experta en periodismo internacional, geopol\u00edtica y derechos humanos, su visi\u00f3n human\u00edstica y \u00e9tica del periodismo le vali\u00f3 la investidura como Doctora Honoris Causa por la Universidad Miguel Hern\u00e1ndez, en junio de 2010. Desde su jubilaci\u00f3n en la televisi\u00f3n p\u00fablica espa\u00f1ola no ha dejado de transmitir su sabidur\u00eda, conocimientos y experiencia a las nuevas generaciones de periodistas.<\/p>\n<p style=\"text-align: left\"><em><span style=\"color: #ff0000\"><strong>Dilema:<\/strong> Redefinamos y entendamos las prioridades: nuevas agendas para un mundo en crisis<\/span><\/em><\/p>\n<p>[\/et_pb_blurb][et_pb_divider color=&#8221;#d32f1d&#8221; _builder_version=&#8221;4.17.4&#8243; _module_preset=&#8221;default&#8221; global_colors_info=&#8221;{}&#8221;][\/et_pb_divider][et_pb_blurb title=&#8221;Efr\u00e9n Lemus&#8221; admin_label=&#8221;D4&#8243; _builder_version=&#8221;4.17.4&#8243; _module_preset=&#8221;default&#8221; header_text_color=&#8221;#d32f1d&#8221; global_colors_info=&#8221;{}&#8221;]<\/p>\n<p><strong><img loading=\"lazy\" class=\"wp-image-2230 size-medium alignleft\" src=\"https:\/\/masterperiodismoydemocracia.umh.es\/files\/2025\/05\/p11-140x300.png\" alt=\"\" width=\"140\" height=\"300\" \/><a href=\"https:\/\/elfaro.net\/25\/equipo\/?perfil=efren-lemus\" target=\"_blank\" rel=\"noopener\">El Faro<\/a><\/strong><\/p>\n<p>Reportero salvadore\u00f1o del peri\u00f3dico digital El Faro, especializado en investigar temas de corrupci\u00f3n gubernamental, la violencia generada por las pandillas y las violaciones a los derechos humanos por parte de agentes estatales. Form\u00f3 parte del Programa Balboa para J\u00f3venes Periodistas Iberoamericanos en Madrid, trabajando en la Revista Tiempo. Fue investigador de la Organized Crime &amp; Corruption Reporting Project (OCCRP) y beneficiario del prestigioso International Leadership Program of the United States, organizado por la ECA (EEUU), con destacada trayectoria, compromiso, rigor \u00e9tico y mirada cr\u00edtica.<\/p>\n<p><span style=\"color: #ff0000\"><strong><i>Dilema: <\/i><\/strong><i>Verdad vs. narrativa oficial: \u00bfc\u00f3mo contrarrestar la desinformaci\u00f3n gubernamental?<\/i><\/span><\/p>\n<p>[\/et_pb_blurb][et_pb_divider color=&#8221;#d32f1d&#8221; _builder_version=&#8221;4.17.4&#8243; _module_preset=&#8221;default&#8221; global_colors_info=&#8221;{}&#8221;][\/et_pb_divider][et_pb_blurb title=&#8221;Juanita Le\u00f3n&#8221; admin_label=&#8221;D7&#8243; _builder_version=&#8221;4.17.4&#8243; _module_preset=&#8221;default&#8221; header_text_color=&#8221;#ff0000&#8243; global_colors_info=&#8221;{}&#8221;]<\/p>\n<p class=\"text-xl font-bold text-primary-500 mt-1\"><img loading=\"lazy\" class=\"wp-image-2849 size-medium alignleft\" src=\"https:\/\/masterperiodismoydemocracia.umh.es\/files\/2025\/05\/profes-individual-3-134x300.png\" alt=\"\" width=\"134\" height=\"300\" srcset=\"https:\/\/masterperiodismoydemocracia.umh.es\/files\/2025\/05\/profes-individual-3-134x300.png 134w, https:\/\/masterperiodismoydemocracia.umh.es\/files\/2025\/05\/profes-individual-3.png 349w\" sizes=\"(max-width: 134px) 100vw, 134px\" \/><a href=\"https:\/\/www.lasillavacia.com\/author\/juanita-leon\/\"><strong>La Silla Vac\u00eda<\/strong><\/a><\/p>\n<p><span style=\"font-weight: 400\">Directora y fundadora de La Silla Vac\u00eda. Estudi\u00f3 derecho en la Universidad de los Andes y una maestr\u00eda en Periodismo de la Universidad de Columbia en Nueva York. Trabaj\u00f3 en The Wall Street Journal Americas, El Tiempo y Semana, y lider\u00f3 la puesta en marcha de la edici\u00f3n diaria de Semana.com y de la revista Flypmedia.com en Nueva York. Ha escrito los libros: &#8216;No somos machos pero somos muchos&#8217;, 5 cr\u00f3nicas de resistencia civil, &#8216;Pa\u00eds de Plomo&#8217; y &#8216;10,000 horas en La Silla Vac\u00eda, periodismo y poder en un nuevo mundo&#8217;. Ha sido becaria Nieman en Harvard y <\/span><span style=\"font-weight: 400\">fellow del St. Antony\u2019s College en la Universidad de Oxford<\/span><span style=\"font-weight: 400\">. En 2016 obtuvo el Premio Gabo por su cubrimiento al proceso de paz entre el Gobierno colombiano y la guerrilla de las Farc.<\/span><\/p>\n<p class=\"text-xl font-bold text-primary-500 mt-1\"><em><span style=\"color: #ff0000\"><strong>Dilema: <i><span style=\"font-weight: 400\">De la subvenci\u00f3n a la autosuficiencia: \u00bfpuede el periodismo independiente de calidad sobrevivir sin ayuda internacional?<\/span><\/i><\/strong><\/span><\/em><\/p>\n<p>[\/et_pb_blurb][et_pb_divider color=&#8221;#d32f1d&#8221; _builder_version=&#8221;4.17.4&#8243; _module_preset=&#8221;default&#8221; global_colors_info=&#8221;{}&#8221;][\/et_pb_divider][et_pb_blurb title=&#8221;Daniela Amaya&#8221; admin_label=&#8221;D10&#8243; _builder_version=&#8221;4.17.4&#8243; _module_preset=&#8221;default&#8221; header_text_color=&#8221;#ff0000&#8243; global_colors_info=&#8221;{}&#8221;]<\/p>\n<p><img loading=\"lazy\" class=\"wp-image-2266 size-medium alignleft\" src=\"https:\/\/masterperiodismoydemocracia.umh.es\/files\/2025\/05\/p12-140x300.png\" alt=\"\" width=\"140\" height=\"300\" \/><a href=\"https:\/\/www.linkedin.com\/in\/daniela-amaya-rueda-2ab726aa\" target=\"_blank\" rel=\"noopener\"><b>Independiente<\/b><\/a><\/p>\n<p>Editora creativa de La Silla Vac\u00eda por seis a\u00f1os. Gan\u00f3 el\u00a0 Premio Gabo en la categor\u00eda de innovaci\u00f3n por una investigaci\u00f3n visual con fuentes abiertas y el premio a la excelencia period\u00edstica de la Sociedad Interamericana de Prensa en la categor\u00eda cobertura de noticias en internet por un especial interactivo. Est\u00e1 estudiando una maestr\u00eda en Ciencia de Datos e Inteligencia Artificial para las industrias creativas en el Creative Computing Institute de la University of the Arts London, UAL, mientras trabaja en un proyecto de investigaci\u00f3n entre UAL y la BBC para crear una IA m\u00e1s explicada y responsable en el Reino Unido.<\/p>\n<p><em><span style=\"color: #ff0000\"><strong>Dilema: <span style=\"font-weight: 400\">Periodismo en modo play: podcasts, historias interactivas y no linealidad<\/span><\/strong><\/span><\/em><\/p>\n<p>[\/et_pb_blurb][et_pb_divider color=&#8221;#d32f1d&#8221; _builder_version=&#8221;4.17.4&#8243; _module_preset=&#8221;default&#8221; global_colors_info=&#8221;{}&#8221;][\/et_pb_divider][et_pb_blurb title=&#8221;Paloma del R\u00edo&#8221; admin_label=&#8221;D13&#8243; _builder_version=&#8221;4.17.4&#8243; _module_preset=&#8221;default&#8221; header_text_color=&#8221;#ff0000&#8243; global_colors_info=&#8221;{}&#8221;]<\/p>\n<p><img loading=\"lazy\" class=\"wp-image-2044 size-medium alignleft\" src=\"https:\/\/masterperiodismoydemocracia.umh.es\/files\/2025\/05\/m6-1-140x300.png\" alt=\"\" width=\"140\" height=\"300\" \/><a href=\"https:\/\/www.rtve.es\/play\/colecciones\/paloma-del-rio\/2269\/\"><strong>RTVE<\/strong><\/a><\/p>\n<p><span style=\"font-weight: 400\">Periodista de referencia que ha desarrollado toda su carrera profesional en RTVE. Ha cubierto nueve Juegos Ol\u00edmpicos de Verano, y siete de Invierno. La voz de la gimnasia, de los valores ol\u00edmpicos, la voz del deporte femenino. Ganadora del Premio Ondas, Medalla de Oro y de Plata de la Real Orden del M\u00e9rito Deportivo, Premio Nacional del Deporte y Premio Nacional de Televisi\u00f3n. Doctora Honoris Causa por la UMH. Todo esto compaginado con la defensa del movimiento feminista y los derechos del colectivo LGTBIQ+<\/span><\/p>\n<p><em><span style=\"color: #ff0000\"><strong>Dilema: <span style=\"font-weight: 400\">De la neutralidad a la justicia social: periodismo para defender los Derechos Humanos y contrarrestar el odio<\/span><\/strong><\/span><\/em><\/p>\n<p>[\/et_pb_blurb][et_pb_divider color=&#8221;#d32f1d&#8221; _builder_version=&#8221;4.17.4&#8243; _module_preset=&#8221;default&#8221; global_colors_info=&#8221;{}&#8221;][\/et_pb_divider][et_pb_blurb title=&#8221;Loraine Morales&#8221; admin_label=&#8221;D16&#8243; _builder_version=&#8221;4.17.4&#8243; _module_preset=&#8221;default&#8221; header_text_color=&#8221;#ff0000&#8243; global_colors_info=&#8221;{}&#8221;]<\/p>\n<p><img loading=\"lazy\" class=\"wp-image-2203 size-medium alignleft\" src=\"https:\/\/masterperiodismoydemocracia.umh.es\/files\/2025\/05\/p5-140x300.png\" alt=\"\" width=\"140\" height=\"300\" \/><a href=\"https:\/\/jovenesperiodistas.org\/loraine-morales-pino\/\"><strong>Universidad Iberoamericana<\/strong><\/a><\/p>\n<p><span style=\"font-weight: 400\">Profesora de la Universidad Iberoamericana (Tijuana-M\u00e9xico). Periodista y acad\u00e9mica. Doctora en Estudios de Migraci\u00f3n del Colegio de la Frontera Norte, M\u00e1ster en Estudios de Poblaci\u00f3n por el Centro de Estudios Demogr\u00e1ficos de la Universidad de La Habana y Licenciada en Periodismo por la Universidad Hermanos Sa\u00edz Montes de Oca de Pinar del R\u00edo. Integrante de la S\u00e9ptima Generaci\u00f3n LATAM de J\u00f3venes Periodistas. Gestora de Comunidades e Informaci\u00f3n en el proyecto period\u00edstico Migrar: una decisi\u00f3n de vida y muerte, en el medio independiente El Toque. Es miembro de la Red de las Am\u00e9ricas sobre Migrantes Desaparecidos<\/span><\/p>\n<p><em><span style=\"color: #ff0000\"><strong>Dilema: <\/strong>La lucha con el algoritmo o el periodismo en tiempos de influencers<\/span><\/em><\/p>\n<p>[\/et_pb_blurb][et_pb_divider color=&#8221;#d32f1d&#8221; _builder_version=&#8221;4.17.4&#8243; _module_preset=&#8221;default&#8221; global_colors_info=&#8221;{}&#8221;][\/et_pb_divider][et_pb_blurb title=&#8221;Alejandro G\u00f3mez Dugand&#8221; admin_label=&#8221;D19&#8243; _builder_version=&#8221;4.17.4&#8243; _module_preset=&#8221;default&#8221; header_text_color=&#8221;#ff0000&#8243; global_colors_info=&#8221;{}&#8221;]<\/p>\n<p class=\"opt\"><img loading=\"lazy\" class=\"wp-image-3514 size-medium alignleft\" src=\"https:\/\/masterperiodismoydemocracia.umh.es\/files\/2025\/06\/Diseno-sin-titulo-10-140x300.png\" alt=\"\" width=\"140\" height=\"300\" \/><a href=\"https:\/\/cerosetenta.uniandes.edu.co\/author\/gomezdugand\/\"><span style=\"font-weight: 400\"><strong>Liga Contra el Silencio<\/strong> <\/span><\/a><\/p>\n<p>Periodista y editor. Ha sido profesor en la Universidad de los Andes, entre otras, adem\u00e1s ha dictado talleres en diferentes organizaciones en Colombia y Latinoam\u00e9rica. Dirige La Liga Contra el Silencio, una alianza de medios independientes que combate la censura en Colombia. Fue editor y luego director de Cerosetenta (2011-2022). Su trabajo ha sido reconocido con el Premio Clemente Manuel Zabala (2020) y el Premio Gabo en Cobertura (2024). Ha participado en programas internacionales como la Beca Cosecha Anfibia (2021).<\/p>\n<p class=\"opt\"><em><span style=\"color: #ff0000\"><strong>Dilema:<span style=\"font-weight: 400\">\u00a0La memoria frente a las nuevas narrativas de la modernidad l\u00edquida<\/span><\/strong><\/span><\/em><\/p>\n<p>[\/et_pb_blurb][et_pb_divider color=&#8221;#d32f1d&#8221; _builder_version=&#8221;4.17.4&#8243; _module_preset=&#8221;default&#8221; global_colors_info=&#8221;{}&#8221;][\/et_pb_divider][et_pb_blurb title=&#8221;Adriana Villegas&#8221; admin_label=&#8221;D22&#8243; _builder_version=&#8221;4.17.4&#8243; _module_preset=&#8221;default&#8221; header_text_color=&#8221;#ff0000&#8243; global_colors_info=&#8221;{}&#8221;]<\/p>\n<p><a href=\"https:\/\/www.hablemosescritoras.com\/writers\/1645\"><strong>Universidad de Manizales\/El Espectador<img loading=\"lazy\" class=\"wp-image-2864 size-medium alignleft\" src=\"https:\/\/masterperiodismoydemocracia.umh.es\/files\/2025\/05\/Diseno-sin-titulo-7-140x300.png\" alt=\"\" width=\"140\" height=\"300\" \/><\/strong><\/a><\/p>\n<p><span style=\"font-weight: 400\">Periodista y Doctora en Literatura. Es profesora de Comunicaci\u00f3n Social y Periodismo de la Universidad de Manizales y columnista de El Espectador. Autora de la novela &#8216;El o\u00eddo miope&#8217;, entre otros libros. Ha recibido el Premio Nacional de Periodismo Sim\u00f3n Bol\u00edvar en tres ocasiones. Trabaj\u00f3 en El Espectador, Canal Capital y Unimedios, entre otros, y ha sido colaboradora ocasional en El Malpensante, La Patria, Quehacer Cultural, Revista Aleph, Hora 20, Radio Nacional de Colombia y UM FM radio. En 2022 hizo parte del equipo que redact\u00f3 el Informe de la Comisi\u00f3n de la Verdad, en el cap\u00edtulo sobre el Eje Cafetero.\u00a0<\/span><\/p>\n<p><em><span style=\"color: #ff0000\"><strong>Dilema:<\/strong> \u00bfEspada de siempre o arma obsoleta? Retos \u00e9ticos en los actuales tiempos<\/span><\/em><\/p>\n<p>[\/et_pb_blurb][et_pb_divider color=&#8221;#d32f1d&#8221; _builder_version=&#8221;4.17.4&#8243; _module_preset=&#8221;default&#8221; global_colors_info=&#8221;{}&#8221;][\/et_pb_divider][et_pb_blurb title=&#8221;Pere Rusi\u00f1ol&#8221; admin_label=&#8221;D25&#8243; _builder_version=&#8221;4.17.4&#8243; _module_preset=&#8221;default&#8221; header_text_color=&#8221;#ff0000&#8243; global_colors_info=&#8221;{}&#8221;]<\/p>\n<p><img loading=\"lazy\" class=\"wp-image-2117 size-medium alignleft\" src=\"https:\/\/masterperiodismoydemocracia.umh.es\/files\/2025\/05\/p1-140x300.png\" alt=\"\" width=\"140\" height=\"300\" \/><a href=\"https:\/\/alternativaseconomicas.coop\/autor\/pere-rusinol\"><strong>Alternativas Econ\u00f3micas<\/strong><\/a><\/p>\n<p><span style=\"font-weight: 400\">Licenciado en Periodismo por la Universidad Aut\u00f3noma de Barcelona (UAB). Ha pasado por las redacciones de los diarios Avui, El Peri\u00f3dico de Catalunya, El Pa\u00eds del que fue redactor de Pol\u00edtica, Internacional y redactor jefe de Sociedad y P\u00fablico, del que fue Adjunto a la direcci\u00f3n. Desde entonces est\u00e1 involucrado en medios independientes y muy particularmente en las revistas Alternativas Econ\u00f3micas y Mongolia, de las que es socio y redactor. Tambi\u00e9n colabora en eldiario.es y tambi\u00e9n lo ha hecho en Al Rojo Vivo (La Sexta TV), entre otros.<\/span><\/p>\n<p><em><span style=\"color: #ff0000\"><strong>Dilema:<i><span style=\"font-weight: 400\">\u00bfQui\u00e9n cuenta (\u00bfy c\u00f3mo?) la verdad econ\u00f3mica asociada a la emergencia clim\u00e1tica? Periodismo frente al poder de mercados que son devoradores globales<\/span><\/i><\/strong><\/span><\/em><\/p>\n<p>[\/et_pb_blurb][et_pb_divider color=&#8221;#D32F1D&#8221; _builder_version=&#8221;4.17.4&#8243; _module_preset=&#8221;default&#8221; global_colors_info=&#8221;{}&#8221;][\/et_pb_divider][et_pb_blurb title=&#8221;Olga Rodr\u00edguez&#8221; admin_label=&#8221;D28&#8243; _builder_version=&#8221;4.17.4&#8243; _module_preset=&#8221;default&#8221; header_text_color=&#8221;#ff0000&#8243; global_colors_info=&#8221;{}&#8221;]<\/p>\n<p><img loading=\"lazy\" class=\"wp-image-2135 size-medium alignleft\" src=\"https:\/\/masterperiodismoydemocracia.umh.es\/files\/2025\/05\/p24-140x300.png\" alt=\"\" width=\"140\" height=\"300\" \/><a href=\"https:\/\/www.eldiario.es\/autores\/olga_rodriguez\/\"><strong>Eldiario.es<\/strong><\/a><\/p>\n<p><span style=\"font-weight: 400\">Olga Rodr\u00edguez es periodista especializada en informaci\u00f3n internacional y DDHH, fundamentalmente en Oriente Pr\u00f3ximo. Editora, directora de Opini\u00f3n y co-fundadora de ElDiario.es. Fue corresponsal de la SER en Oriente Pr\u00f3ximo durante la Guerra del Golfo, tambi\u00e9n de CNN+ y Cuatro. Autora de libros como <\/span><i><span style=\"font-weight: 400\">El hombre mojado no teme la lluvia<\/span><\/i><span style=\"font-weight: 400\">, <\/span><i><span style=\"font-weight: 400\">Voces de Oriente Medio <\/span><\/i><span style=\"font-weight: 400\">y<\/span><span style=\"font-weight: 400\">\u00a0<\/span><i><span style=\"font-weight: 400\">Yo muero hoy,<\/span><\/i><span style=\"font-weight: 400\"> entre otros. Especialista en Periodismo de Paz, divulgadora y analista que ejerce un periodismo de compromiso con las v\u00edctimas de los conflictos armados. Ha recibido galardones nacionales e internacionales por sus trabajos, como el premio de Periodismo y Derechos Humanos Asociaci\u00f3n Pro Derechos Humanos de Espa\u00f1a, el Enfoque de Periodismo o el Pluma de la Paz.<\/span><\/p>\n<p style=\"text-align: left\"><em><span style=\"color: #ff0000\"><strong>Dilema:<\/strong>\u00a0\u00bfSe puede hacer periodismo de paz en tiempos de guerra?: el genocidio de Gaza<\/span><\/em><\/p>\n<p>[\/et_pb_blurb][\/et_pb_column][et_pb_column type=&#8221;1_3&#8243; _builder_version=&#8221;4.17.4&#8243; _module_preset=&#8221;default&#8221; global_colors_info=&#8221;{}&#8221;][et_pb_blurb title=&#8221;M\u00f3nica Garc\u00eda Prieto&#8221; admin_label=&#8221;D2&#8243; _builder_version=&#8221;4.17.4&#8243; _module_preset=&#8221;default&#8221; header_text_color=&#8221;#ff0000&#8243; global_colors_info=&#8221;{}&#8221;]<\/p>\n<p><strong style=\"color: #ff0000\"><span style=\"color: #666666\"><img loading=\"lazy\" class=\"wp-image-1618 size-medium alignleft\" src=\"https:\/\/masterperiodismoydemocracia.umh.es\/files\/2025\/05\/m5-1-140x300.png\" alt=\"\" width=\"140\" height=\"300\" \/><a href=\"https:\/\/www.elmundo.es\/andalucia\/2016\/04\/07\/5706b63322601d3c468b45b1.html\" target=\"_blank\" rel=\"noopener\">Freelance<\/a><\/span><\/strong><\/p>\n<p>Periodista freelance que ha cubierto decenas de conflictos en Oriente Medio, Asia Central y Asia Oriental. Desde 1995 ejerci\u00f3 como corresponsal en Roma, Mosc\u00fa, Jerusal\u00e9n, Beirut, Bangkok y Shanghai y ha recorrido el mundo centrando sus coberturas en la denuncia de los abusos a los derechos humanos en tiempos de guerra y en la defensa de los civiles. Comenz\u00f3 su carrera profesional en Onda Cero, CBS Telenoticias y CNN en Espa\u00f1ol desde las corresponsal\u00edas de Italia y Rusia y pronto comenz\u00f3 a trabajar para el diario espa\u00f1ol El Mundo donde ha desarrollado la mayor parte de su carrera profesional. Autora de destacados ensayos period\u00edsticos, ha recibido numerosos galardones por su dilatada y destacada trayectoria.<\/p>\n<p><strong style=\"color: #ff0000\"><i>Dilema: <\/i><\/strong><i style=\"color: #ff0000\">El periodista como activista: cuando no es clara la l\u00ednea entre informar y\/o implicarse por una causa<\/i><\/p>\n<p>[\/et_pb_blurb][et_pb_divider color=&#8221;#D32F1D&#8221; _builder_version=&#8221;4.17.4&#8243; _module_preset=&#8221;default&#8221; global_colors_info=&#8221;{}&#8221;][\/et_pb_divider][et_pb_blurb title=&#8221;Jos\u00e9 Enrique Guarnizo &#8221; admin_label=&#8221;D5&#8243; _builder_version=&#8221;4.17.4&#8243; _module_preset=&#8221;default&#8221; header_text_color=&#8221;#ff0000&#8243; global_colors_info=&#8221;{}&#8221;]<\/p>\n<p><img loading=\"lazy\" class=\"wp-image-2227 size-medium alignleft\" src=\"https:\/\/masterperiodismoydemocracia.umh.es\/files\/2025\/05\/p8-140x300.png\" alt=\"\" width=\"140\" height=\"300\" \/><a href=\"https:\/\/voragine.co\/autor\/jose\/\"><strong>Vor\u00e1gine<\/strong><\/a><\/p>\n<p>Director de Vor\u00e1gine.co. Periodista de la Universidad de Antioquia y m\u00e1ster en Creaci\u00f3n Literaria de la Universidad Pompeu Fabra, de Barcelona. Fue editor de Naci\u00f3n de la revista Semana, y editor de investigaciones de El Colombiano. Ganador del Premio Internacional de Periodismo Rey de Espa\u00f1a (2010), del Premio de la Sociedad Interamericana de Prensa -SIP- (en 2020 y 2024), del Premio Nacional de Periodismo Sim\u00f3n Bol\u00edvar en cinco ocasiones, y del Fetisov Journalism Award (2021, en trabajo colectivo). Es autor de \u2018La viuda negra\u2019, texto que fue llevado a la televisi\u00f3n por RTI y Televisa, demostrando su versatilidad, talento narrativo, profundidad y compromiso social.<\/p>\n<p><span style=\"color: #ff0000\"><strong><i>Dilema: <\/i><\/strong><i>\u00bfC\u00f3mo hacemos para que nos crean (y nos consuman)?<\/i><\/span><\/p>\n<p>[\/et_pb_blurb][et_pb_divider color=&#8221;#D32F1D&#8221; _builder_version=&#8221;4.17.4&#8243; _module_preset=&#8221;default&#8221; global_colors_info=&#8221;{}&#8221;][\/et_pb_divider][et_pb_blurb title=&#8221;Fernando Rapa&#8221; admin_label=&#8221;D8&#8243; _builder_version=&#8221;4.17.4&#8243; _module_preset=&#8221;default&#8221; header_text_color=&#8221;#ff0000&#8243; global_colors_info=&#8221;{}&#8221;]<\/p>\n<p><span data-huuid=\"2093091386513057758\"><img loading=\"lazy\" class=\"wp-image-2224 size-medium alignleft\" src=\"https:\/\/masterperiodismoydemocracia.umh.es\/files\/2025\/05\/p17-140x300.png\" alt=\"\" width=\"140\" height=\"300\" \/><a href=\"https:\/\/www.revistamongolia.com\/tags\/fernando-rapa\"><strong>Mongolia<\/strong><\/a><\/span><\/p>\n<p><span style=\"font-weight: 400\">Director de arte, docente de Tipograf\u00eda en la c\u00e1tedra Fontana de la Facultad de Arquitectura Dise\u00f1o y Urbanismo de la Universidad de Buenos Aires. Desde 1998 vive en Barcelona. <\/span><span style=\"font-weight: 400\">Trabaj\u00f3 para el estudio Cases i Associats de Barcelona, particip\u00f3 en el lanzamiento, dise\u00f1o o redise\u00f1o de varios de los peri\u00f3dicos m\u00e1s importantes del mundo, siendo premiado su trabajo por la International Society of Newspaper Design. Director de Arte de P\u00fablico, en 2012 cofunda la revista Mongolia en la que actualmente ejerce la direcci\u00f3n de arte y la codirecci\u00f3n de la misma. Actualmente desde Barcelona es consultor de diversos medios y empresas como Bibliotecas de Barcelona, Centro de Cultura Contempor\u00e1nea de Barcelona, Revista Ciclosfera, Universidad del Norte de Colombia y dem\u00e1s empresas.<\/span><\/p>\n<p><em><span style=\"color: #ff0000\"><strong>Dilema: <span style=\"font-weight: 400\">Periodismo perform\u00e1tico o c\u00f3mo se hace arte con la informaci\u00f3n<\/span><\/strong><\/span><\/em><\/p>\n<p>[\/et_pb_blurb][et_pb_divider color=&#8221;#D32F1D&#8221; _builder_version=&#8221;4.17.4&#8243; _module_preset=&#8221;default&#8221; global_colors_info=&#8221;{}&#8221;][\/et_pb_divider][et_pb_blurb title=&#8221;Roberto Deniz&#8221; admin_label=&#8221;D11&#8243; _builder_version=&#8221;4.17.4&#8243; _module_preset=&#8221;default&#8221; header_text_color=&#8221;#ff0000&#8243; global_colors_info=&#8221;{}&#8221;]<\/p>\n<p><img loading=\"lazy\" class=\"wp-image-2056 size-medium alignleft\" src=\"https:\/\/masterperiodismoydemocracia.umh.es\/files\/2025\/05\/m3-140x300.png\" alt=\"\" width=\"140\" height=\"300\" \/><strong><a href=\"http:\/\/armando.info\">Armando.info<\/a><\/strong><\/p>\n<p><span style=\"font-weight: 400\">Reconocido periodista de investigaci\u00f3n venezolano. Durante a\u00f1os ha investigado y descubierto grandes casos de corrupci\u00f3n en Venezuela con alcance trasnacional, como el del se\u00f1alado testaferro de Nicol\u00e1s Maduro, \u00c1lex Saab. Forma parte del equipo de <\/span><a href=\"http:\/\/armando.info\"><span style=\"font-weight: 400\">Armando.Info<\/span><\/a><span style=\"font-weight: 400\"> que acaba de ganar el Premio Gabo 2025, tambi\u00e9n es socio del \u00fanico medio venezolano dedicado al periodismo de investigaci\u00f3n y que en 2019 fue premiado con el Mar\u00eda Moors Cabot que otorga la Escuela de Periodismo de la Universidad de Columbia, en New York. Ha participado en investigaciones como los Panam\u00e1 Papers, los Paradise Papers o Pandora Papers.<\/span><\/p>\n<p><em><span style=\"color: #ff0000\"><strong>Dilema: <span style=\"font-weight: 400\">\u00bfC\u00f3mo hacer periodismo desde la distancia o el exilio?<\/span><\/strong><\/span><\/em><\/p>\n<p>[\/et_pb_blurb][et_pb_divider color=&#8221;#D32F1D&#8221; _builder_version=&#8221;4.17.4&#8243; _module_preset=&#8221;default&#8221; global_colors_info=&#8221;{}&#8221;][\/et_pb_divider][et_pb_blurb title=&#8221;Nelly Luna&#8221; admin_label=&#8221;D14&#8243; _builder_version=&#8221;4.17.4&#8243; _module_preset=&#8221;default&#8221; header_text_color=&#8221;#ff0000&#8243; global_colors_info=&#8221;{}&#8221;]<\/p>\n<p><img loading=\"lazy\" class=\"wp-image-2215 size-medium alignleft\" src=\"https:\/\/masterperiodismoydemocracia.umh.es\/files\/2025\/05\/p4-140x300.png\" alt=\"\" width=\"140\" height=\"300\" \/><a href=\"https:\/\/ojo-publico.com\/autor\/Nelly%20Luna%20Amancio\"><strong>Ojo P\u00fablico<\/strong><\/a><\/p>\n<p><span style=\"font-weight: 400\">Periodista y cofundadora de OjoP\u00fablico. Sus investigaciones han recibido reconocimientos internacionales como, por ejemplo, dos veces el Premio Global de Periodismo de Datos. Tambi\u00e9n ha recibido el premio de la Sociedad Interamericana de Prensa y fue finalista en los Premios Gabo. Coeditora de \u00abPoderes F\u00e1cticos, historias urgentes en tiempos de crisis\u00bb y coautora de \u201cVacunagate\u201d. Integr\u00f3 el equipo period\u00edstico de los Panam\u00e1 Papers, la investigaci\u00f3n global liderada por el Consorcio Internacional de Periodismo de Investigaci\u00f3n (ICIJ) que gan\u00f3 el premio Pulitzer.<\/span><\/p>\n<p><em><span style=\"color: #ff0000\"><strong>Dilema: <span style=\"font-weight: 400\">Algoritmos para encontrar la corrupci\u00f3n<\/span><\/strong><\/span><\/em><\/p>\n<p>[\/et_pb_blurb][et_pb_divider color=&#8221;#D32F1D&#8221; _builder_version=&#8221;4.17.4&#8243; _module_preset=&#8221;default&#8221; global_colors_info=&#8221;{}&#8221;][\/et_pb_divider][et_pb_blurb title=&#8221;Mar\u00eda Teresa Ronderos&#8221; admin_label=&#8221;D17&#8243; _builder_version=&#8221;4.17.4&#8243; _module_preset=&#8221;default&#8221; header_text_color=&#8221;#ff0000&#8243; hover_enabled=&#8221;0&#8243; global_colors_info=&#8221;{}&#8221; sticky_enabled=&#8221;0&#8243;]<\/p>\n<p><img loading=\"lazy\" class=\"wp-image-2206 size-medium alignleft\" src=\"https:\/\/masterperiodismoydemocracia.umh.es\/files\/2025\/05\/p26-140x300.png\" alt=\"\" width=\"140\" height=\"300\" \/><a href=\"https:\/\/www.elclip.org\/quienes-somos\/\"><strong>CLIP<\/strong><\/a><\/p>\n<p><span style=\"font-weight: 400\">Directora de CLIP (Centro Latinoamericano de Investigaci\u00f3n Period\u00edstica) y reconocida periodista investigativa colombiana. Es columnista de El Espectador y miembro del Consejo Rector de la Fundaci\u00f3n Gabo. Ha publicado el libro Guerras Recicladas, una investigaci\u00f3n de largo recorrido sobre el fen\u00f3meno paramilitar en Colombia, que se volvi\u00f3 un bestseller y le vali\u00f3 el Premio Sim\u00f3n Bol\u00edvar a Periodista del A\u00f1o. Este fue su cuarto libro despu\u00e9s de dos de perfiles, Retratos del Poder (2002) y 5 en Humor (2007). Asimismo, ha sido emprendedora de nuevos proyectos digitales y, adem\u00e1s, recibi\u00f3 <\/span><span style=\"font-weight: 400\">el Premio Maria Moors Cabot en 2007.<\/span><\/p>\n<p><em><span style=\"color: #ff0000\"><strong>Dilema:<span style=\"font-weight: 400\">\u00a0\u00bfY si el periodismo desapareciera? Repensar el oficio desde la ficci\u00f3n y lo improbable.<\/span><\/strong><\/span><\/em><\/p>\n<p>[\/et_pb_blurb][et_pb_divider color=&#8221;#D32F1D&#8221; _builder_version=&#8221;4.17.4&#8243; _module_preset=&#8221;default&#8221; global_colors_info=&#8221;{}&#8221;][\/et_pb_divider][et_pb_blurb title=&#8221;Ginna Morelo&#8221; admin_label=&#8221;D20&#8243; _builder_version=&#8221;4.17.4&#8243; _module_preset=&#8221;default&#8221; header_text_color=&#8221;#ff0000&#8243; hover_enabled=&#8221;0&#8243; global_colors_info=&#8221;{}&#8221; sticky_enabled=&#8221;0&#8243;]<\/p>\n<p><a href=\"https:\/\/premioggm.org\/persona\/ginna-morelo\/\"><strong><img loading=\"lazy\" class=\"wp-image-3770 size-medium alignleft\" src=\"https:\/\/masterperiodismoydemocracia.umh.es\/files\/2026\/02\/gina-morelos-140x300.jpeg\" alt=\"\" width=\"140\" height=\"300\" \/>Entrer\u00edos<\/strong><\/a><\/p>\n<p><span style=\"font-weight: 400\">Periodista, maestra de la Fundaci\u00f3n Gabo y profesora en la Universidad Javeriana. Dirige entreriosmuseo.co y fue autora y coautora de seis libros sobre conflicto y memoria. Su obra, &#8216;La voz de los l\u00e1pices&#8217; recibi\u00f3 el Premio Nacional de Periodismo Sim\u00f3n Bol\u00edvar. Recibi\u00f3 el Premio Gabo por su trabajo &#8216;Venezuela a la fuga&#8217; y fue reconocida como Periodista del A\u00f1o por el Premio Nacional de Periodismo Sim\u00f3n Bol\u00edvar. En 2019 recibi\u00f3 el Premio a la Excelencia Period\u00edstica de la SIP. Fund\u00f3 la Unidad de Datos del diario El Tiempo y dirigi\u00f3 La Liga contra el Silencio.<\/span><\/p>\n<p><em><span style=\"color: #ff0000\"><strong>Dilema:<span style=\"font-weight: 400\">\u00a0\u00bfTradicional o alternativo? De la \u00e9poca del periodismo a la era de los periodismos<\/span><\/strong><\/span><\/em><\/p>\n<p>[\/et_pb_blurb][et_pb_divider color=&#8221;#D32F1D&#8221; _builder_version=&#8221;4.17.4&#8243; _module_preset=&#8221;default&#8221; global_colors_info=&#8221;{}&#8221;][\/et_pb_divider][et_pb_blurb title=&#8221;Diana Salinas&#8221; admin_label=&#8221;D23&#8243; _builder_version=&#8221;4.17.4&#8243; _module_preset=&#8221;default&#8221; header_text_color=&#8221;#ff0000&#8243; global_colors_info=&#8221;{}&#8221;]<\/p>\n<p><span style=\"color: #ff0000\"><strong><img loading=\"lazy\" class=\"wp-image-3752 size-medium alignleft\" src=\"https:\/\/masterperiodismoydemocracia.umh.es\/files\/2025\/10\/Diseno-sin-titulo-28-140x300.png\" alt=\"\" width=\"140\" height=\"300\" \/>Cuesti\u00f3n p\u00fablica<\/strong><\/span><\/p>\n<p>Diana Salinas estudi\u00f3 Literatura en la Universidad del Valle y la Maestr\u00eda en Periodismo en la Universidad Torcuato Di Tella, en Buenos Aires. Cofundadora de Cuesti\u00f3n P\u00fablica, medio digital feminista e investigativo, es autora de <em data-start=\"289\" data-end=\"327\">El laberinto del Parqueadero Padilla<\/em>. Combina la direcci\u00f3n del medio con la escritura literaria y proyectos creativos e innovadores. Su trabajo se centra en la gesti\u00f3n de medios, el acceso a la informaci\u00f3n y la protecci\u00f3n de periodistas. Con m\u00e1s de una d\u00e9cada de experiencia, ha investigado temas de poder y derechos humanos, integrando narrativas digitales, datos y tecnolog\u00eda. Ha publicado en <em data-start=\"702\" data-end=\"713\">La Naci\u00f3n<\/em> (Argentina), <em data-start=\"727\" data-end=\"741\">Noticias Uno<\/em> y <em data-start=\"744\" data-end=\"760\">Cuatro Caminos<\/em> (RCN), y colaborado con medios latinoamericanos.<\/p>\n<p style=\"text-align: left\"><em><span style=\"color: #ff0000\"><strong>Dilema: <\/strong>\u00c9tica y mirada feminista en el periodismo contempor\u00e1neo: \u00bfC\u00f3mo integrar la \u00e9tica period\u00edstica y la perspectiva feminista para construir un periodismo m\u00e1s justo, veraz y transformador?<\/span><\/em><\/p>\n<p>[\/et_pb_blurb][et_pb_divider color=&#8221;#D32F1D&#8221; _builder_version=&#8221;4.17.4&#8243; _module_preset=&#8221;default&#8221; global_colors_info=&#8221;{}&#8221;][\/et_pb_divider][et_pb_blurb title=&#8221;Samuel Ortiz&#8221; admin_label=&#8221;D26&#8243; _builder_version=&#8221;4.17.4&#8243; _module_preset=&#8221;default&#8221; header_text_color=&#8221;#ff0000&#8243; global_colors_info=&#8221;{}&#8221;]<\/p>\n<p><img loading=\"lazy\" class=\"wp-image-2120 size-medium alignleft\" src=\"https:\/\/masterperiodismoydemocracia.umh.es\/files\/2025\/05\/p20-140x300.png\" alt=\"\" width=\"140\" height=\"300\" \/><a href=\"https:\/\/cvnet.cpd.ua.es\/curriculum-breve\/es\/ortiz-perez-samuel\/7835\"><strong>Universidad de Alicante<\/strong><\/a><\/p>\n<p><span style=\"font-weight: 400\">Profesor Permanente Laboral en el Departamento de Geograf\u00eda Humana de la Universidad de Alicante. Doctor en Geograf\u00eda (menci\u00f3n internacional) y especialista en Cooperaci\u00f3n al Desarrollo por la misma universidad, y con un Master en Administraci\u00f3n y Direcci\u00f3n de Empresas de Econom\u00eda Social por la Universidad de Valencia. Es miembro de sendos Institutos Universitarios para la investigaci\u00f3n en Geograf\u00eda (IIG), y sobre Desarrollo Social y Paz (IUDESP). Actualmente dirige Grupo de Investigaci\u00f3n en Geopol\u00edtica: estudios interdisciplinares en Migraciones, Conflictos Territoriales y Cooperaci\u00f3n.<\/span><\/p>\n<p><span style=\"color: #ff0000\"><em><strong>Dilema: <\/strong>\u00bfContar el mundo o mirarnos el ombligo? Los desaf\u00edos entre lo global y lo hiperlocal<\/em><\/span><\/p>\n<p>[\/et_pb_blurb][et_pb_divider color=&#8221;#D32F1D&#8221; _builder_version=&#8221;4.17.4&#8243; _module_preset=&#8221;default&#8221; global_colors_info=&#8221;{}&#8221;][\/et_pb_divider][et_pb_blurb title=&#8221;\u00d3scar Mart\u00ednez&#8221; admin_label=&#8221;D29&#8243; _builder_version=&#8221;4.17.4&#8243; _module_preset=&#8221;default&#8221; header_text_color=&#8221;#ff0000&#8243; global_colors_info=&#8221;{}&#8221;]<\/p>\n<p><img loading=\"lazy\" class=\"wp-image-2147 size-medium alignleft\" src=\"https:\/\/masterperiodismoydemocracia.umh.es\/files\/2025\/05\/p23-1-140x300.png\" alt=\"\" width=\"140\" height=\"300\" \/><a href=\"https:\/\/elfaro.net\/25\/equipo\/?perfil=oscar-martinez\"><strong>El Faro<\/strong><\/a><\/p>\n<p><span style=\"font-weight: 400\">Jefe de redacci\u00f3n del peri\u00f3dico digital salvadore\u00f1o El Faro y autor de los libros <\/span><i><span style=\"font-weight: 400\">Los migrantes que no importan<\/span><\/i><span style=\"font-weight: 400\">, <\/span><i><span style=\"font-weight: 400\">Una historia de violencia<\/span><\/i><span style=\"font-weight: 400\"> y <\/span><i><span style=\"font-weight: 400\">Los muertos y el periodista<\/span><\/i><span style=\"font-weight: 400\">. y coautor <\/span>del libro de cr\u00f3nicas <em>Jonathan no tiene tatuajes<\/em> (UCA Editores, 2010). <span style=\"font-weight: 400\">Ha recibido el Premio Nacional de Periodismo Cultural, en M\u00e9xico, el Nacional de Derechos Humanos por la Universidad Jos\u00e9 Sime\u00f3n Ca\u00f1as de El Salvador, el Hillman Prize, el Rey de Espa\u00f1a, tambi\u00e9n el Maria Moors Cabot, por la Universidad de Columbia; es Premio Internacional a la Libertad de Prensa, por el CPJ. <\/span>En 2019, fue el primer invitado al programa Global Visiting Fellows de Columbia Journalism School y tambi\u00e9n Gallatin Global Fellow y profesor invitado de la Universidad de Nueva York.<\/p>\n<p><em><span style=\"color: #ff0000\"><strong>Dilema: <i><span style=\"font-weight: 400\">Los dictadores cool o el desaf\u00edo de cubrir autoritarismos populares en Latinoam\u00e9rica<\/span><\/i><\/strong><\/span><\/em><\/p>\n<p>[\/et_pb_blurb][\/et_pb_column][et_pb_column type=&#8221;1_3&#8243; _builder_version=&#8221;4.17.4&#8243; _module_preset=&#8221;default&#8221; global_colors_info=&#8221;{}&#8221;][et_pb_blurb title=&#8221;Alfonso Armada&#8221; admin_label=&#8221;D3&#8243; _builder_version=&#8221;4.17.4&#8243; _module_preset=&#8221;default&#8221; header_text_color=&#8221;#ff0000&#8243; global_colors_info=&#8221;{}&#8221;]<\/p>\n<p style=\"text-align: left\"><strong><img loading=\"lazy\" class=\"wp-image-1630 size-medium alignleft\" src=\"https:\/\/masterperiodismoydemocracia.umh.es\/files\/2025\/05\/m4-140x300.png\" alt=\"\" width=\"140\" height=\"300\" \/><a href=\"https:\/\/www.fronterad.com\/author\/alfonso-armada\/\" target=\"_blank\" rel=\"noopener\">Fronterad<\/a><\/strong><\/p>\n<p style=\"text-align: left\"><strong><span style=\"font-weight: 400\">Periodista, Vigo (1958). Director de la revista digital\u00a0 Fronterad, es autor de los libros Cuadernos africanos; El rumor de la frontera (Viaje por el borde entre Estados Unidos y M\u00e9xico); Nueva York, el deseo y la quimera; Diccionario de Nueva York; Sarajevo (Diarios de la guerra de Bosnia); El arte de la entrevista (De David Bowie a Adam Zagajewski); Cuaderno de viaje al pa\u00eds natal (Galicia, la V\u00eda L\u00e1ctea de la saudade), y El misterio de Vega Sicilia. Ha sido enviado especial a la guerra de Bosnia-Herzegovina y corresponsal para \u00c1frica de El Pa\u00eds y en Nueva York para ABC, fue director del M\u00e1ster de ABC\/UCM y de ABC Cultural y presidente de la secci\u00f3n espa\u00f1ola de Reporteros sin Fronteras. Es coordinador del M\u00e1ster de Reporterismo Internacional de UAH y RTVE.<\/span><br \/><\/strong><\/p>\n<p><span style=\"color: #ff0000\"><strong><i>Dilema: <\/i><\/strong><i>Libertad de expresi\u00f3n versus discurso de odio: \u00bfC\u00f3mo defender y proteger el derecho a expresarse y a la informaci\u00f3n sin amplificar a odiadores y mentirosos?<\/i><\/span><\/p>\n<p>[\/et_pb_blurb][et_pb_divider color=&#8221;#D32F1D&#8221; _builder_version=&#8221;4.17.4&#8243; _module_preset=&#8221;default&#8221; global_colors_info=&#8221;{}&#8221;][\/et_pb_divider][et_pb_blurb title=&#8221;Ronna R\u00edsquez&#8221; admin_label=&#8221;D6&#8243; _builder_version=&#8221;4.17.4&#8243; _module_preset=&#8221;default&#8221; header_text_color=&#8221;#ff0000&#8243; global_colors_info=&#8221;{}&#8221;]<\/p>\n<p><span style=\"color: #ff0000\"><strong><a href=\"https:\/\/masterperiodismoydemocracia.umh.es\/files\/2025\/10\/Diseno-sin-titulo-27.png\"><img loading=\"lazy\" class=\"wp-image-3746 size-medium alignleft\" src=\"https:\/\/masterperiodismoydemocracia.umh.es\/files\/2025\/10\/Diseno-sin-titulo-27-140x300.png\" alt=\"\" width=\"140\" height=\"300\" \/><\/a>Alianza Rebelde Investiga<\/strong><\/span><\/p>\n<div>\n<div>Ronna R\u00edsquez es una periodista de investigaci\u00f3n venezolana especializada en temas de violencia, seguridad ciudadana, crimen organizado y derechos humanos. Graduada en Comunicaci\u00f3n Social en la Universidad Central de Venezuela, ha trabajado en <em data-start=\"319\" data-end=\"332\">El Nacional<\/em> y <em data-start=\"335\" data-end=\"345\">Runrunes<\/em>, donde fue directora de investigaci\u00f3n y fundadora del Monitor de V\u00edctimas, plataforma de periodismo de datos finalista del <em data-start=\"473\" data-end=\"497\" data-is-only-node=\"\">Data Journalism Awards<\/em> 2018. Tambi\u00e9n ha coordinado el Monitor a nivel regional y la Alianza Rebelde Investiga, coalici\u00f3n entre <em data-start=\"606\" data-end=\"615\">TalCual<\/em>, <em data-start=\"617\" data-end=\"628\">El Pitazo<\/em> y <em data-start=\"631\" data-end=\"641\">Runrunes<\/em>. Finalista del Premio Gabo 2016, integr\u00f3 el equipo de los Panama Papers. En 2023 public\u00f3 <em data-start=\"739\" data-end=\"758\">El Tren de Aragua<\/em>, libro que expone el crecimiento de esta banda criminal en Am\u00e9rica Latina, consolidando su trayectoria en el periodismo colaborativo y de investigaci\u00f3n frente a la censura y las amenazas.<\/div>\n<div>\u00a0<\/div>\n<div>\u00a0<\/div>\n<div><strong style=\"color: #ff0000\">Dilema: <\/strong><span style=\"color: #ff0000\">Periodismo colaborativo para resistir: \u00bfla reinvenci\u00f3n del ecosistema medi\u00e1tico iberomericano?<\/span><\/div>\n<\/div>\n<p>[\/et_pb_blurb][et_pb_divider color=&#8221;#D32F1D&#8221; _builder_version=&#8221;4.17.4&#8243; _module_preset=&#8221;default&#8221; global_colors_info=&#8221;{}&#8221;][\/et_pb_divider][et_pb_blurb title=&#8221;Andrea Aldana&#8221; admin_label=&#8221;D9&#8243; _builder_version=&#8221;4.17.4&#8243; _module_preset=&#8221;default&#8221; header_text_color=&#8221;#ff0000&#8243; global_colors_info=&#8221;{}&#8221;]<\/p>\n<p><img loading=\"lazy\" class=\"wp-image-2221 size-medium alignleft\" src=\"https:\/\/masterperiodismoydemocracia.umh.es\/files\/2025\/05\/p13-140x300.png\" alt=\"\" width=\"140\" height=\"300\" \/><a href=\"https:\/\/elpais.com\/espana\/2024-12-20\/una-region-entre-nosotras.html\"><strong>Freelance<\/strong><\/a><\/p>\n<p><span style=\"font-weight: 400\">Periodista colombiana conocida por su trabajo en la investigaci\u00f3n de corrupci\u00f3n y violaciones de derechos humanos. Su carrera ha estado marcada por la violencia y las amenazas, lo que la ha llevado al exilio en m\u00e1s de una ocasi\u00f3n. Desde 2021, reside en Espa\u00f1a bajo el estatus de refugiada y contin\u00faa su labor period\u00edstica desde el extranjero, colaborando para El Pa\u00eds, ElDiario.es, P\u00fablico o 20 Minutos, entre otros medios espa\u00f1oles. Ha escrito libros, siendo una reputada especialista en los g\u00e9neros period\u00edsticos de la cr\u00f3nica y reportaje y ha publicado historias en medios como\u00a0<i>An\u00e1lisis urbano<\/i>, portal dedicado a la guerra urbana en\u00a0Medell\u00edn,\u00a0<i>Generaci\u00f3n paz<\/i>,\u00a0 <i>Semana.com<\/i>,\u00a0<i>Kavilando<\/i>,\u00a0<i>Las2orillas o <\/i><i>Cr\u00edtica de la Argentina<\/i>. <sup id=\"cite_ref-9\" class=\"mw-references reference separada\"><\/sup>Ha recibido importantes premios internacionales<\/span><\/p>\n<p><span style=\"color: #ff0000\"><strong><i>Dilema: <\/i><\/strong><i>El periodismo de autor o la vida m\u00e1s all\u00e1 de las redacciones?<\/i><\/span><\/p>\n<p>[\/et_pb_blurb][et_pb_divider color=&#8221;#D32F1D&#8221; _builder_version=&#8221;4.17.4&#8243; _module_preset=&#8221;default&#8221; global_colors_info=&#8221;{}&#8221;][\/et_pb_divider][et_pb_blurb title=&#8221;Luciana Peker&#8221; admin_label=&#8221;D12&#8243; _builder_version=&#8221;4.17.4&#8243; _module_preset=&#8221;default&#8221; header_text_color=&#8221;#ff0000&#8243; global_colors_info=&#8221;{}&#8221;]<\/p>\n<p><img loading=\"lazy\" class=\"wp-image-2218 size-medium alignleft\" src=\"https:\/\/masterperiodismoydemocracia.umh.es\/files\/2025\/05\/p28-140x300.png\" alt=\"\" width=\"140\" height=\"300\" \/><a href=\"https:\/\/www.revistaanfibia.com\/autor\/luciana-peker\/\"><strong>Freelance<\/strong><\/a><\/p>\n<p><span style=\"font-weight: 400\">Argentina con una larga trayectoria como periodista especializada en g\u00e9nero. Es<\/span><span style=\"font-weight: 400\"> autora de varios libros como: \u2018Putita Golosa, por un feminismo del goce\u2019, \u2018Sexteame, amor y sexo en la era de las mujeres deseantes\u2019 y \u2018La Revoluci\u00f3n de las hijas\u2019. Escribi\u00f3 durante 20 a\u00f1os en el\u00a0 suplemento Las\/12, de P\u00e1gina 12. Tambi\u00e9n fue columnista en The New York Times, Washington Post, El Pa\u00eds, elDiario.Es, Pikara, Nueva Sociedad, La Marea, Yo Donna, Anfibia, Veintitr\u00e9s y Cr\u00edtica. Fue distinguida por Amnist\u00eda Internacional por su rol destacado como periodista en la lucha por los derechos sexuales en Argentina.<\/span><\/p>\n<p><em><span style=\"color: #ff0000\"><strong>Dilema: <span style=\"font-weight: 400\">El tr\u00e1nsito en la cobertura de g\u00e9nero: <\/span><span style=\"font-weight: 400\">\u00bfC\u00f3mo ir <\/span><span style=\"font-weight: 400\">de la denuncia al impacto<\/span><\/strong><\/span><\/em><\/p>\n<p>[\/et_pb_blurb][et_pb_divider color=&#8221;#D32F1D&#8221; _builder_version=&#8221;4.17.4&#8243; _module_preset=&#8221;default&#8221; global_colors_info=&#8221;{}&#8221;][\/et_pb_divider][et_pb_blurb title=&#8221;Laura Zommer&#8221; admin_label=&#8221;D15&#8243; _builder_version=&#8221;4.17.4&#8243; _module_preset=&#8221;default&#8221; header_text_color=&#8221;#ff0000&#8243; global_colors_info=&#8221;{}&#8221;]<\/p>\n<p><img loading=\"lazy\" class=\"wp-image-2047 size-medium alignleft\" src=\"https:\/\/masterperiodismoydemocracia.umh.es\/files\/2025\/05\/m1-140x300.png\" alt=\"\" width=\"140\" height=\"300\" \/><a href=\"https:\/\/chequeado.com\/staff\/laura-zommer\/\"><strong>Chequeado<\/strong><\/a><\/p>\n<p><span style=\"font-weight: 400\">Periodista, abogada, militante del acceso a la informaci\u00f3n y los datos abiertos, emprendedora y directora ejecutiva y period\u00edstica de Chequeado.com, la primera iniciativa de fact-checking o verificaci\u00f3n del discurso p\u00fablico en Argentina y Latinoam\u00e9rica. C<\/span><span style=\"font-weight: 400\">readora de <\/span><a href=\"https:\/\/chequeado.com\/latamchequea\"><span style=\"font-weight: 400\">LatamChequea<\/span><\/a><span style=\"font-weight: 400\">, la mayor red regional de organizaciones de fact checking del mundo. <\/span><span style=\"font-weight: 400\">Ha sido ganadora del Premio Gabo a la innovaci\u00f3n, en 2015, y tambi\u00e9n del Premio Gabo a la excelencia period\u00edstica en la edici\u00f3n de que tuvo lugar en 2025.<\/span><\/p>\n<p><em><span style=\"color: #ff0000\"><strong>Dilema: <i><span style=\"font-weight: 400\">Cient\u00edficos de datos, \u00bflos \u00fanicos sobrevivientes?: IA efectiva y eficiente sin perder el alma <\/span><\/i><\/strong><\/span><\/em><\/p>\n<p>[\/et_pb_blurb][et_pb_divider color=&#8221;#D32F1D&#8221; _builder_version=&#8221;4.17.4&#8243; _module_preset=&#8221;default&#8221; global_colors_info=&#8221;{}&#8221;][\/et_pb_divider][et_pb_blurb title=&#8221;Patricia Nieto&#8221; admin_label=&#8221;D18&#8243; _builder_version=&#8221;4.17.4&#8243; _module_preset=&#8221;default&#8221; header_text_color=&#8221;#ff0000&#8243; global_colors_info=&#8221;{}&#8221;]<\/p>\n<p><img loading=\"lazy\" class=\"wp-image-2059 size-medium alignleft\" src=\"https:\/\/masterperiodismoydemocracia.umh.es\/files\/2025\/05\/m2-140x300.png\" alt=\"\" width=\"140\" height=\"300\" \/><a href=\"https:\/\/www.planetadelibros.com\/libro-cronicas-del-paraiso\/348598\"><strong>Universidad de Antioquia<\/strong><\/a><\/p>\n<p><span style=\"font-weight: 400\">Profesora de la Universidad de Antioquia (Medell\u00edn-Colombia). Periodista, Mag\u00edster en Ciencia Pol\u00edtica, Doctora en Comunicaci\u00f3n, profesora de la Facultad de Comunicaciones y Filolog\u00eda de la Universidad de Antioquia. Autora de libros como <\/span><i><span style=\"font-weight: 400\">Cr\u00f3nicas del Para\u00edso<\/span><\/i><span style=\"font-weight: 400\">,<\/span><i><span style=\"font-weight: 400\"> Los escogidos<\/span><\/i><span style=\"font-weight: 400\">, <\/span><i><span style=\"font-weight: 400\">El Cielo no me abandona<\/span><\/i><span style=\"font-weight: 400\">, <\/span><i><span style=\"font-weight: 400\">Jam\u00e1s olvidar\u00e9 tu nombre<\/span><\/i><span style=\"font-weight: 400\">, <\/span><i><span style=\"font-weight: 400\">Donde pis\u00e9 a\u00fan crece la hierba<\/span><\/i><span style=\"font-weight: 400\">; estos tres \u00faltimos escritos con v\u00edctimas del conflicto armado colombiano. Ha sido ganadora del Premio Nacional Sim\u00f3n Bol\u00edvar, del Premio Nacional de Cultura y Premio Gabo. Directora e impulsora del Curso de Periodismo y Memoria en la UdeA.<\/span><\/p>\n<p style=\"text-align: left\"><em><span style=\"color: #ff0000\"><strong>Dilema:<\/strong> El periodista como testigo y guardi\u00e1n del pasado: el papel de la memoria para construir futuro<\/span><\/em><\/p>\n<p>[\/et_pb_blurb][et_pb_divider color=&#8221;#D32F1D&#8221; _builder_version=&#8221;4.17.4&#8243; _module_preset=&#8221;default&#8221; global_colors_info=&#8221;{}&#8221;][\/et_pb_divider][et_pb_blurb title=&#8221;Juan Camilo Maldonado (SEN)&#8221; admin_label=&#8221;D21&#8243; _builder_version=&#8221;4.17.4&#8243; _module_preset=&#8221;default&#8221; header_text_color=&#8221;#ff0000&#8243; global_colors_info=&#8221;{}&#8221;]<\/p>\n<p><img loading=\"lazy\" class=\"wp-image-2260 size-medium alignleft\" src=\"https:\/\/masterperiodismoydemocracia.umh.es\/files\/2025\/05\/p7-140x300.png\" alt=\"\" width=\"140\" height=\"300\" \/><a href=\"https:\/\/mutante.org\/\"><b>Mutante<\/b><\/a><\/p>\n<p><span style=\"font-weight: 400\">Periodista y polit\u00f3logo. Actualmente es el Knight Latin American Fellow en la JSK Journalism Fellowships de la Universidad de Stanford. Es cofundador, ex director y miembro del Consejo Rector de Mutante. Ganador en 2024 del Premio Rey de Espa\u00f1a al Medio de Comunicaci\u00f3n en Iberoam\u00e9rica. Anteriormente, fue tambi\u00e9n editor de noticias locales en El Espectador y cofundador y director editorial de VICE Colombia y experto en pacifismo. Tambi\u00e9n fue docente universitario por m\u00e1s de una d\u00e9cada en las principales universidades del pa\u00eds colombiano.<\/span><\/p>\n<p><em><span style=\"color: #ff0000\"><strong>Dilema:<\/strong> Verificaci\u00f3n y \u00e9tica educomunicando e implicando a las audiencias<\/span><\/em><\/p>\n<p>[\/et_pb_blurb][et_pb_divider color=&#8221;#D32F1D&#8221; _builder_version=&#8221;4.17.4&#8243; _module_preset=&#8221;default&#8221; global_colors_info=&#8221;{}&#8221;][\/et_pb_divider][et_pb_blurb title=&#8221;Sara Acosta&#8221; admin_label=&#8221;D24&#8243; _builder_version=&#8221;4.17.4&#8243; _module_preset=&#8221;default&#8221; header_text_color=&#8221;#ff0000&#8243; global_colors_info=&#8221;{}&#8221;]<\/p>\n<p><img loading=\"lazy\" class=\"wp-image-2182 size-medium alignleft\" src=\"https:\/\/masterperiodismoydemocracia.umh.es\/files\/2025\/05\/p2-140x300.png\" alt=\"\" width=\"140\" height=\"300\" \/><a href=\"http:\/\/www.ballenablanca.es\/\"><strong>Ballena Blanca<\/strong><\/a><\/p>\n<p><span style=\"font-weight: 400\">Periodista y traductora. Una de las creadoras y editoras del innovador medio Ballena Blanca. Ha sido corresponsal en Par\u00eds y Bruselas para varios medios. Coordina el suplemento ambiental de Cinco D\u00edas y colabora con <\/span><a href=\"http:\/\/eldiario.es\"><span style=\"font-weight: 400\">eldiario.es<\/span><\/a><span style=\"font-weight: 400\"> Ha sido corresponsal en Par\u00eds para un medio econ\u00f3mico en el a\u00f1o 2000 y en Bruselas para varios medios. Coordinaba el suplemento ambiental de Cinco D\u00edas y es directora de comunicaci\u00f3n de la Fundaci\u00f3n CONAMA, una fundaci\u00f3n espa\u00f1ola, independiente y sin \u00e1nimo de lucro, que promueve un di\u00e1logo abierto para fomentar el desarrollo sostenible en Espa\u00f1a y en Iberoam\u00e9rica.<\/span><\/p>\n<p><em><span style=\"color: #ff0000\"><strong>Dilema: <i><span style=\"font-weight: 400\">\u00bfAlarmar, informar, desmontar mentiras? El rol del periodismo frente a la crisis clim\u00e1tica y otros<\/span><\/i><\/strong><\/span><\/em><\/p>\n<p>[\/et_pb_blurb][et_pb_divider color=&#8221;#D32F1D&#8221; _builder_version=&#8221;4.17.4&#8243; _module_preset=&#8221;default&#8221; global_colors_info=&#8221;{}&#8221;][\/et_pb_divider][et_pb_blurb title=&#8221;Pepe Naranjo&#8221; admin_label=&#8221;D27&#8243; _builder_version=&#8221;4.17.4&#8243; _module_preset=&#8221;default&#8221; header_text_color=&#8221;#ff0000&#8243; global_colors_info=&#8221;{}&#8221;]<\/p>\n<p><img loading=\"lazy\" class=\"wp-image-2123 size-medium alignleft\" src=\"https:\/\/masterperiodismoydemocracia.umh.es\/files\/2025\/05\/p3-140x300.png\" alt=\"\" width=\"140\" height=\"300\" \/><a href=\"https:\/\/elpais.com\/autor\/jose-naranjo\/\"><strong>El Pa\u00eds<\/strong><\/a><\/p>\n<p><span style=\"font-weight: 400\">Reportero de EL PA\u00cdS en \u00c1frica occidental, reside en Senegal desde 2011. Ha cubierto la guerra de Mal\u00ed, las epidemias de \u00e9bola en Guinea, Sierra Leona, Liberia y Congo, el terrorismo en el Sahel y las rutas migratorias africanas. Sus \u00faltimos libros son Los Invisibles de Kolda (Pen\u00ednsula, 2009) y El r\u00edo que desaf\u00eda al desierto (Azulia, 2019). Colabora con la revista Mundo Negro, de la que es columnista, Canarias Radio y la Radio Televisi\u00f3n Canaria. Entre otros premios y reconocimientos tiene la Medalla al M\u00e9rito Civil concedida por el Gobierno de Espa\u00f1a en 2019 por su labor de divulgaci\u00f3n del continente africano.<\/span><\/p>\n<p><em><span style=\"color: #ff0000\"><strong>Dilema: <\/strong>\u00bfC\u00f3mo sortear los apagones informativos y contar conflictos olvidados generando inter\u00e9s?: la mirada de \u00c1frica<\/span><\/em><\/p>\n<p>[\/et_pb_blurb][et_pb_divider color=&#8221;#D32F1D&#8221; _builder_version=&#8221;4.17.4&#8243; _module_preset=&#8221;default&#8221; global_colors_info=&#8221;{}&#8221;][\/et_pb_divider][et_pb_blurb title=&#8221;Luz Mely Reyes&#8221; admin_label=&#8221;D30&#8243; _builder_version=&#8221;4.17.4&#8243; _module_preset=&#8221;default&#8221; header_text_color=&#8221;#ff0000&#8243; global_colors_info=&#8221;{}&#8221;]<\/p>\n<p><img loading=\"lazy\" class=\"wp-image-2141 size-medium alignleft\" src=\"https:\/\/masterperiodismoydemocracia.umh.es\/files\/2025\/05\/p27-140x300.png\" alt=\"\" width=\"140\" height=\"300\" \/><a href=\"https:\/\/efectococuyo.com\/author\/luz-mely-reyes\/\"><strong>Efecto Cocuyo<\/strong><\/a><\/p>\n<p><span style=\"font-weight: 400\">Periodista, conferencista y tallerista internacional venezolana. Es cofundadora y directora general de Efecto Cocuyo, una plataforma integral de periodismo que naci\u00f3 en 2015. Ha sido Ganadora del Premio Gabo 2018 por su participaci\u00f3n en el trabajo transnacional Venezuela a la fuga, tambi\u00e9n ha recibido el premio CPJ de Libertad de Expresi\u00f3n y los premios WOLA y Franco-Alem\u00e1n de Derechos Humanos (2019). En 2018, fue reconocida como una de Los Guardianes, nombrados Persona del A\u00f1o por la prestigiosa revista Time. Lidera, adem\u00e1s, la iniciativa Venezuela Migrante, una plataforma de Efecto Cocuyo dedicada al periodismo para la poblaci\u00f3n migrante y refugiada de su pa\u00eds.<\/span><\/p>\n<p><em><span style=\"color: #ff0000\"><strong>Dilema de cierre:<span style=\"font-weight: 400\">\u00a0\u00bfUnir fuerzas o perder independencia? De c\u00f3mo fortalecer el mejor periodismo colaborativo<\/span><\/strong><\/span><\/em><\/p>\n<p>&nbsp;<\/p>\n<p>[\/et_pb_blurb][\/et_pb_column][\/et_pb_row][et_pb_row _builder_version=&#8221;4.17.4&#8243; _module_preset=&#8221;default&#8221; global_colors_info=&#8221;{}&#8221;][et_pb_column type=&#8221;4_4&#8243; _builder_version=&#8221;4.17.4&#8243; _module_preset=&#8221;default&#8221; global_colors_info=&#8221;{}&#8221;][\/et_pb_column][\/et_pb_row][et_pb_row _builder_version=&#8221;4.17.4&#8243; _module_preset=&#8221;default&#8221; global_colors_info=&#8221;{}&#8221;][et_pb_column type=&#8221;4_4&#8243; _builder_version=&#8221;4.17.4&#8243; _module_preset=&#8221;default&#8221; custom_padding=&#8221;|0px||0px|false|false&#8221; global_colors_info=&#8221;{}&#8221;][et_pb_text admin_label=&#8221;Texto&#8221; _builder_version=&#8221;4.17.4&#8243; _module_preset=&#8221;default&#8221; custom_padding=&#8221;|5px||5px|false|true&#8221; global_colors_info=&#8221;{}&#8221;]<\/p>\n<h3>Maestras\/os de los conversatorios<\/h3>\n<p>[\/et_pb_text][et_pb_tabs disabled_on=&#8221;off|off|off&#8221; admin_label=&#8221;Pesta\u00f1as conversatorios&#8221; _builder_version=&#8221;4.17.4&#8243; _module_preset=&#8221;default&#8221; body_font_size=&#8221;15px&#8221; tab_font_size=&#8221;11px&#8221; tab_letter_spacing=&#8221;3px&#8221; tab_line_height=&#8221;1.3em&#8221; width=&#8221;100%&#8221; max_width=&#8221;100%&#8221; module_alignment=&#8221;center&#8221; custom_margin=&#8221;||||false|false&#8221; custom_padding=&#8221;||||false|true&#8221; global_colors_info=&#8221;{}&#8221;][et_pb_tab title=&#8221;Mamen Mendizabal&#8221; _builder_version=&#8221;4.17.4&#8243; _module_preset=&#8221;default&#8221; global_colors_info=&#8221;{}&#8221;]<\/p>\n<p><strong><img loading=\"lazy\" class=\"wp-image-3722  alignleft\" src=\"https:\/\/masterperiodismoydemocracia.umh.es\/files\/2025\/10\/mamen-mendizabal-297x300.jpg\" alt=\"\" width=\"151\" height=\"153\" \/>La Sexta<\/strong><\/p>\n<p>Licenciada en Periodismo por la Universidad Complutense de Madrid, sus inicios profesionales fueron en la Cadena SER como periodista de Hoy por hoy al lado de I\u00f1aki Gabilondo. Tambi\u00e9n presentaba el programa Punto de fuga, los fines de semana. En esa emisora lleg\u00f3 a ponerse al frente una temporada del programa vespertino La ventana sustituyendo hasta enero de 2006 a Gemma Nierga durante su baja maternal. En Televisi\u00f3n Espa\u00f1ola present\u00f3 el espacio de debate 59 segundos. En La Sexta fue presentadora de la 2\u00ba edici\u00f3n de noticias entre otros programas de la cadena.<\/p>\n<p>&nbsp;<\/p>\n<p>[\/et_pb_tab][et_pb_tab title=&#8221;Mikel Ayestaran&#8221; _builder_version=&#8221;4.17.4&#8243; _module_preset=&#8221;default&#8221; global_colors_info=&#8221;{}&#8221;]<\/p>\n<p><strong>Periodista\u00a0<\/strong><\/p>\n<p>MIKEL AYESTARAN periodista especializado en Oriente Medio\u00a0<\/p>\n<p>&nbsp;<\/p>\n<p>[\/et_pb_tab][et_pb_tab title=&#8221;Marcela Turati&#8221; _builder_version=&#8221;4.17.4&#8243; _module_preset=&#8221;default&#8221; global_colors_info=&#8221;{}&#8221;]<\/p>\n<p><strong>Periodista Derechos Humanos<\/strong><\/p>\n<p>Periodista mexicana, cofundadora de la organizaci\u00f3n Quinto Elemento Lab -dedicada a apoyar el periodismo de investigaci\u00f3n en M\u00e9xico-, coordinadora del portal de noticias A d\u00f3nde van los desaparecidos, sobre temas de violaciones a derechos humanos. Es autora del libro &#8216;San Fernando: \u00faltima parada&#8217;, sobre desapariciones y masacres de migrantes en la frontera con Texas, y de &#8216;Fuego cruzado: las v\u00edctimas atrapadas en la guerra del narco&#8217;. Gan\u00f3 el Reconocimiento de Excelencia de la FNPI en 2014 y el Premio a la conciencia e integridad en el periodismo de la Fundaci\u00f3n Nieman de la Universidad\u00a0de\u00a0Harvard.<\/p>\n<p>[\/et_pb_tab][et_pb_tab title=&#8221;Fernanda Nascimento&#8221; _builder_version=&#8221;4.17.4&#8243; _module_preset=&#8221;default&#8221; global_colors_info=&#8221;{}&#8221;]<\/p>\n<p><strong>Revistas Trip y Tpm<\/strong><\/p>\n<p>Periodista. Se ha desempe\u00f1ado como editora, reportera, productora y columnista en algunos de los principales medios de comunicaci\u00f3n brasile\u00f1os. Desde 2017, se ha dedicado a desarrollar estrategias de comunicaci\u00f3n, coordinar equipos y crear proyectos en plataformas multimedia. Es la editora de contenidos y estrategia digital de las revistas Trip y Tpm. Desde octubre de 2021 es coordinadora editorial de Google Web Stories para 40 medios de Brasil, una iniciativa liderada por la Fundaci\u00f3n Gabo y Google News Initiative.<\/p>\n<p>&nbsp;<\/p>\n<p>[\/et_pb_tab][et_pb_tab title=&#8221;Nathan Jaccard&#8221; _builder_version=&#8221;4.17.4&#8243; _module_preset=&#8221;default&#8221; global_colors_info=&#8221;{}&#8221;]<\/p>\n<p><strong>Editor de OCCRP<\/strong><\/p>\n<p>Editor para LATAM de Organized Crime and Corruption Reporting Proyect OCCRP<\/p>\n<p>[\/et_pb_tab][et_pb_tab title=&#8221;Nelson Fredy Padilla&#8221; _builder_version=&#8221;4.17.4&#8243; _module_preset=&#8221;default&#8221; global_colors_info=&#8221;{}&#8221;]<\/p>\n<p><strong>El Espectador<\/strong><\/p>\n<p>NELSON FREDY PADILLA editor diario El Espectador<\/p>\n<p>[\/et_pb_tab][et_pb_tab title=&#8221;Andrea Arnal&#8221; _builder_version=&#8221;4.17.4&#8243; _module_preset=&#8221;default&#8221; global_colors_info=&#8221;{}&#8221;]<\/p>\n<p><strong>Esfera Clim\u00e1tica<\/strong><\/p>\n<p>ANDREA ARNAL coordinadora de Esfera Clim\u00e1tica<\/p>\n<p>&nbsp;<\/p>\n<p>[\/et_pb_tab][et_pb_tab title=&#8221;N\u00e9stor Arce&#8221; _builder_version=&#8221;4.17.4&#8243; _module_preset=&#8221;default&#8221; global_colors_info=&#8221;{}&#8221;]<\/p>\n<p><strong>Divergentes<\/strong><\/p>\n<p>N\u00c9STOR ARCE, Fundador y director de Divergentes<\/p>\n<p>[\/et_pb_tab][et_pb_tab title=&#8221;Gabriela S\u00e1nchez Iglesias&#8221; _builder_version=&#8221;4.17.4&#8243; _module_preset=&#8221;default&#8221; global_colors_info=&#8221;{}&#8221;]<\/p>\n<p><strong>Eldiario.es<\/strong><\/p>\n<p>GABRIELA S\u00c1NCHEZ IGLESIAS jefa secci\u00f3n Desalambre de Eldiario.es<\/p>\n<p>[\/et_pb_tab][et_pb_tab title=&#8221;Kayed Hamaad&#8221; _builder_version=&#8221;4.17.4&#8243; _module_preset=&#8221;default&#8221; global_colors_info=&#8221;{}&#8221;]<\/p>\n<p><strong>Periodista palestino<\/strong><\/p>\n<p>KAYED HAMAAD Periodista palestino<\/p>\n<p>&nbsp;<\/p>\n<p>[\/et_pb_tab][et_pb_tab title=&#8221;Jos\u00e9 L. Vicente Ferris&#8221; _builder_version=&#8221;4.17.4&#8243; _module_preset=&#8221;default&#8221; global_colors_info=&#8221;{}&#8221;]<\/p>\n<p><strong>Escritor y profesor<\/strong><\/p>\n<p>JOS\u00c9 LUIS VICENTE FERRIS escritor y profesor espa\u00f1ol<\/p>\n<p>&nbsp;<\/p>\n<p>[\/et_pb_tab][\/et_pb_tabs][\/et_pb_column][\/et_pb_row][et_pb_row _builder_version=&#8221;4.17.4&#8243; _module_preset=&#8221;default&#8221; global_colors_info=&#8221;{}&#8221;][et_pb_column type=&#8221;4_4&#8243; _builder_version=&#8221;4.17.4&#8243; _module_preset=&#8221;default&#8221; global_colors_info=&#8221;{}&#8221;][et_pb_pricing_tables admin_label=&#8221;Matricula abierta llamada accion&#8221; _builder_version=&#8221;4.17.4&#8243; _module_preset=&#8221;default&#8221; price_font_size=&#8221;50px&#8221; global_colors_info=&#8221;{}&#8221;][et_pb_pricing_table title=&#8221;Abierto Plazo Matricula&#8221; subtitle=&#8221;Curso 2025\/26&#8243; currency=&#8221;Euro&#8221; sum=&#8221;1620&#8243; button_url=&#8221;https:\/\/masterperiodismoydemocracia.umh.es\/inscripciones\/&#8221; url_new_window=&#8221;on&#8221; button_text=&#8221;Inscribirme&#8221; _builder_version=&#8221;4.17.4&#8243; _module_preset=&#8221;default&#8221; global_colors_info=&#8221;{}&#8221; sticky_transition=&#8221;on&#8221;]<\/p>\n<h4 style=\"text-align: center\">Plazo hasta el 26 de septiembre 2025<\/h4>\n<p>[\/et_pb_pricing_table][\/et_pb_pricing_tables][\/et_pb_column][\/et_pb_row][\/et_pb_section][et_pb_section fb_built=&#8221;1&#8243; admin_label=&#8221;Footer&#8221; _builder_version=&#8221;4.17.4&#8243; _module_preset=&#8221;default&#8221; background_color=&#8221;RGBA(255,255,255,0)&#8221; background_color_gradient_direction=&#8221;90deg&#8221; background_enable_image=&#8221;off&#8221; custom_padding=&#8221;0px||0px||true|false&#8221; saved_tabs=&#8221;all&#8221; locked=&#8221;off&#8221; collapsed=&#8221;off&#8221; global_colors_info=&#8221;{}&#8221;][et_pb_row column_structure=&#8221;1_2,1_2&#8243; use_custom_gutter=&#8221;on&#8221; gutter_width=&#8221;1&#8243; make_equal=&#8221;on&#8221; admin_label=&#8221;Footer Row&#8221; module_class=&#8221; et_pb_row_fullwidth&#8221; _builder_version=&#8221;4.17.4&#8243; _module_preset=&#8221;default&#8221; background_color=&#8221;#FFFFFF&#8221; width=&#8221;100%&#8221; max_width=&#8221;none&#8221; custom_margin=&#8221;|||&#8221; custom_padding=&#8221;0px||0px||true|false&#8221; animation_style=&#8221;fade&#8221; make_fullwidth=&#8221;on&#8221; global_colors_info=&#8221;{}&#8221;][et_pb_column type=&#8221;1_2&#8243; _builder_version=&#8221;4.17.4&#8243; _module_preset=&#8221;default&#8221; background_color=&#8221;#FFFFFF&#8221; custom_padding=&#8221;8%|8%|8%|8%|true|true&#8221; border_width_all=&#8221;22px&#8221; border_color_all=&#8221;#9e9e9e&#8221; global_colors_info=&#8221;{}&#8221;][et_pb_text admin_label=&#8221;Organizadores&#8221; _builder_version=&#8221;4.17.4&#8243; _module_preset=&#8221;12f08d1c-4d0d-4f91-bc9f-3020a47369fc&#8221; header_2_text_color=&#8221;#FFFFFF&#8221; custom_margin=&#8221;||30px||false|false&#8221; locked=&#8221;off&#8221; global_colors_info=&#8221;{}&#8221;]<\/p>\n<h2><span style=\"color: #808080\"><strong>ORGANIZA:<\/strong><\/span><\/h2>\n<p><img loading=\"lazy\" class=\"wp-image-391 alignnone size-medium\" src=\"https:\/\/masterperiodismoydemocracia.umh.es\/files\/2025\/04\/logo-umh-ok-300x109-1-300x109.jpg\" alt=\"\" width=\"300\" height=\"109\" \/><\/p>\n<p>[\/et_pb_text][et_pb_text admin_label=&#8221;Aliados&#8221; _builder_version=&#8221;4.17.4&#8243; _module_preset=&#8221;12f08d1c-4d0d-4f91-bc9f-3020a47369fc&#8221; header_2_text_color=&#8221;#FFFFFF&#8221; custom_margin=&#8221;||30px||false|false&#8221; locked=&#8221;off&#8221; global_colors_info=&#8221;{}&#8221;]<\/p>\n<h2><span style=\"color: #808080\"><strong>ALIADOS:<\/strong><\/span><\/h2>\n<p>\u00a0<img loading=\"lazy\" class=\"wp-image-385 alignnone size-medium\" src=\"https:\/\/masterperiodismoydemocracia.umh.es\/files\/2025\/04\/logo-gabo-300x79-1-300x79.png\" alt=\"\" width=\"300\" height=\"79\" \/>\u00a0 \u00a0 \u00a0 \u00a0 \u00a0<img loading=\"lazy\" class=\"wp-image-388 alignnone \" src=\"https:\/\/masterperiodismoydemocracia.umh.es\/files\/2025\/04\/reporteros-300x130-1-300x130.jpg\" alt=\"\" width=\"258\" height=\"112\" \/>\u00a0 \u00a0 \u00a0<img loading=\"lazy\" class=\"wp-image-373 alignnone size-medium\" src=\"https:\/\/masterperiodismoydemocracia.umh.es\/files\/2025\/04\/SRK-UMH-300x83.png\" alt=\"\" width=\"300\" height=\"83\" \/><\/p>\n<p>[\/et_pb_text][\/et_pb_column][et_pb_column type=&#8221;1_2&#8243; _builder_version=&#8221;4.17.4&#8243; _module_preset=&#8221;default&#8221; background_color=&#8221;#9E9E9E&#8221; custom_padding=&#8221;8%|8%|8%|8%|true|true&#8221; global_colors_info=&#8221;{}&#8221; custom_padding__hover=&#8221;|||&#8221;][et_pb_text admin_label=&#8221;Contacto&#8221; _builder_version=&#8221;4.17.4&#8243; _module_preset=&#8221;12f08d1c-4d0d-4f91-bc9f-3020a47369fc&#8221; header_2_text_color=&#8221;#FFFFFF&#8221; custom_margin=&#8221;||30px||false|false&#8221; locked=&#8221;off&#8221; global_colors_info=&#8221;{}&#8221;]<\/p>\n<h2>Contacto<\/h2>\n<p>[\/et_pb_text][et_pb_text admin_label=&#8221;Mail&#8221; _builder_version=&#8221;4.17.4&#8243; _module_preset=&#8221;acb840d0-8181-4d27-808c-f8ced82e99c7&#8243; header_4_text_color=&#8221;gcid-b247d7e9-2bbc-48fc-81a8-3cd1da3da572&#8243; locked=&#8221;off&#8221; global_colors_info=&#8221;{%22gcid-b247d7e9-2bbc-48fc-81a8-3cd1da3da572%22:%91%22header_4_text_color%22%93}&#8221;]<\/p>\n<h4><span style=\"color: #000000\">Correo electr\u00f3nico<\/span><\/h4>\n<p>[\/et_pb_text][et_pb_text admin_label=&#8221;Direcci\u00f3n mail&#8221; _builder_version=&#8221;4.17.4&#8243; _module_preset=&#8221;be44c2e9-2462-44a4-82b0-07053c626e28&#8243; text_text_color=&#8221;#FFFFFF&#8221; link_text_color=&#8221;#FFFFFF&#8221; custom_margin=&#8221;||30px||false|false&#8221; locked=&#8221;off&#8221; global_colors_info=&#8221;{}&#8221;]<\/p>\n<p><a href=\"mailto:seminariokapu@umh.es\">masterperiodismoydemocracia@umh.es<\/a><\/p>\n<p>[\/et_pb_text][et_pb_text admin_label=&#8221;Direcci\u00f3n&#8221; _builder_version=&#8221;4.17.4&#8243; _module_preset=&#8221;acb840d0-8181-4d27-808c-f8ced82e99c7&#8243; header_4_text_color=&#8221;gcid-b247d7e9-2bbc-48fc-81a8-3cd1da3da572&#8243; locked=&#8221;off&#8221; global_colors_info=&#8221;{%22gcid-b247d7e9-2bbc-48fc-81a8-3cd1da3da572%22:%91%22header_4_text_color%22%93}&#8221;]<\/p>\n<h4><span style=\"color: #000000\">Direcci\u00f3n<\/span><\/h4>\n<p>[\/et_pb_text][et_pb_text admin_label=&#8221;Direcci\u00f3n postal&#8221; _builder_version=&#8221;4.17.4&#8243; _module_preset=&#8221;be44c2e9-2462-44a4-82b0-07053c626e28&#8243; text_text_color=&#8221;#FFFFFF&#8221; link_text_color=&#8221;#FFFFFF&#8221; custom_margin=&#8221;||30px||false|false&#8221; locked=&#8221;off&#8221; global_colors_info=&#8221;{}&#8221;]<\/p>\n<p>Universidad Miguel Hern\u00e1ndez | Av. de la Universidad, s\/n 03202 Elche-Alicante<\/p>\n<p>[\/et_pb_text][et_pb_text admin_label=&#8221;Redes&#8221; _builder_version=&#8221;4.17.4&#8243; _module_preset=&#8221;acb840d0-8181-4d27-808c-f8ced82e99c7&#8243; header_4_text_color=&#8221;gcid-b247d7e9-2bbc-48fc-81a8-3cd1da3da572&#8243; locked=&#8221;off&#8221; global_colors_info=&#8221;{%22gcid-b247d7e9-2bbc-48fc-81a8-3cd1da3da572%22:%91%22header_4_text_color%22%93}&#8221;]<\/p>\n<h4><span style=\"color: #000000\">Redes Sociales<\/span><\/h4>\n<p>[\/et_pb_text][et_pb_text admin_label=&#8221;logos&#8221; _builder_version=&#8221;4.17.4&#8243; _module_preset=&#8221;be44c2e9-2462-44a4-82b0-07053c626e28&#8243; text_text_color=&#8221;#FFFFFF&#8221; link_text_color=&#8221;#FFFFFF&#8221; background_enable_image=&#8221;off&#8221; custom_margin=&#8221;||30px||false|false&#8221; link_option_url=&#8221;x.com\/masterpyd&#8221; link_option_url_new_window=&#8221;on&#8221; locked=&#8221;off&#8221; global_colors_info=&#8221;{}&#8221;]<\/p>\n<p><a href=\"http:\/\/x.com\/masterpyd\">@masterpyd<\/a> en <strong>X<\/strong><\/p>\n<p>[\/et_pb_text][et_pb_text admin_label=&#8221;logos&#8221; _builder_version=&#8221;4.17.4&#8243; _module_preset=&#8221;be44c2e9-2462-44a4-82b0-07053c626e28&#8243; text_text_color=&#8221;#FFFFFF&#8221; link_text_color=&#8221;#FFFFFF&#8221; custom_margin=&#8221;||30px||false|false&#8221; locked=&#8221;off&#8221; global_colors_info=&#8221;{}&#8221;]<\/p>\n<p>Y en nuestras cuentas de <strong>Instagram<\/strong>:<\/p>\n<div><a href=\"http:\/\/instagram.com\/masterenperiodismoydemocracia\">@masterenperiodismoydemocracia<\/a><\/div>\n<div>\u00a0<\/div>\n<p><a href=\"https:\/\/www.instagram.com\/universidadmh\/\">@universidadmh<\/a><\/p>\n<p><a href=\"https:\/\/www.instagram.com\/fundaciongabo\/\">@fundaciongabo<\/a><\/p>\n<p><a href=\"https:\/\/www.instagram.com\/rsf_es\/\">@rsf_es<\/a><\/p>\n<p><a href=\"https:\/\/www.instagram.com\/seminariokapu\/\">@seminariokapu<\/a><\/p>\n<p>[\/et_pb_text][\/et_pb_column][\/et_pb_row][\/et_pb_section]<\/p>\n","protected":false},"excerpt":{"rendered":"<p>30 MAESTRAS\/OS PARA RESOLVER 30 DILEMAS El M\u00e1ster UMH-RSF-Fundaci\u00f3n Gabo en Periodismo y Democracia cuenta algunas\/os de las\/os 30 maestras\/os del Periodismo m\u00e1s importantes del espacio iberoamericano que a lo largo de 30 tallares nos ayudar\u00e1n a resolver algunos de los 30 dilemas period\u00edsticos m\u00e1s importantes de nuestro tiempo, en el horizonte del a\u00f1o 2030.RTVE [&hellip;]<\/p>\n","protected":false},"author":3881,"featured_media":0,"parent":0,"menu_order":0,"comment_status":"closed","ping_status":"closed","template":"","meta":{"_et_pb_use_builder":"on","_et_pb_old_content":"","_et_gb_content_width":"","_links_to":"","_links_to_target":""},"_links":{"self":[{"href":"https:\/\/masterperiodismoydemocracia.umh.es\/ca\/wp-json\/wp\/v2\/pages\/292"}],"collection":[{"href":"https:\/\/masterperiodismoydemocracia.umh.es\/ca\/wp-json\/wp\/v2\/pages"}],"about":[{"href":"https:\/\/masterperiodismoydemocracia.umh.es\/ca\/wp-json\/wp\/v2\/types\/page"}],"author":[{"embeddable":true,"href":"https:\/\/masterperiodismoydemocracia.umh.es\/ca\/wp-json\/wp\/v2\/users\/3881"}],"replies":[{"embeddable":true,"href":"https:\/\/masterperiodismoydemocracia.umh.es\/ca\/wp-json\/wp\/v2\/comments?post=292"}],"version-history":[{"count":0,"href":"https:\/\/masterperiodismoydemocracia.umh.es\/ca\/wp-json\/wp\/v2\/pages\/292\/revisions"}],"wp:attachment":[{"href":"https:\/\/masterperiodismoydemocracia.umh.es\/ca\/wp-json\/wp\/v2\/media?parent=292"}],"curies":[{"name":"wp","href":"https:\/\/api.w.org\/{rel}","templated":true}]}}