{"id":700,"date":"2025-05-02T12:22:22","date_gmt":"2025-05-02T10:22:22","guid":{"rendered":"https:\/\/masterperiodismoydemocracia.umh.es\/?page_id=700"},"modified":"2025-05-19T19:24:27","modified_gmt":"2025-05-19T17:24:27","slug":"manifiesto","status":"publish","type":"page","link":"https:\/\/masterperiodismoydemocracia.umh.es\/ca\/manifiesto\/","title":{"rendered":"<span lang=\"es\">(Espa\u00f1ol) Manifiesto<\/span>"},"content":{"rendered":"<p>[et_pb_section fb_built=&#8221;1&#8243; _builder_version=&#8221;4.17.4&#8243; _module_preset=&#8221;default&#8221; background_color=&#8221;#FFFFFF&#8221; global_colors_info=&#8221;{}&#8221;][et_pb_row _builder_version=&#8221;4.17.4&#8243; _module_preset=&#8221;default&#8221; global_colors_info=&#8221;{}&#8221;][et_pb_column type=&#8221;4_4&#8243; _builder_version=&#8221;4.17.4&#8243; _module_preset=&#8221;default&#8221; global_colors_info=&#8221;{}&#8221;][et_pb_text _builder_version=&#8221;4.17.4&#8243; _module_preset=&#8221;default&#8221; global_colors_info=&#8221;{}&#8221;]<\/p>\n<h1><span style=\"color: #ff0000\"><strong>MANIFIESTO<\/strong><\/span><\/h1>\n<h3>M\u00e1s periodismo, m\u00e1s democracia<\/h3>\n<p>\u00bfY cu\u00e1ndo han sido tiempos f\u00e1ciles para hacer buen periodismo? La esencia misma de un oficio que naci\u00f3 para contar lo distinto, para se\u00f1alar lo que no funciona, para iluminar grietas, lo hace inc\u00f3modo e inconveniente en cualquier contexto que roce la desigualdad, y s\u00ed que nos toc\u00f3 un mundo profundamente desigual.<\/p>\n<p>Jam\u00e1s han sido tiempos f\u00e1ciles y, sin embargo, hoy son m\u00e1s dif\u00edciles que nunca. Por primera vez, vivimos una crisis existencial global, con agravantes seg\u00fan la regi\u00f3n o pa\u00eds. Los autoritarios se organizan, el odio encuentra altavoces. Las democracias, el h\u00e1bitat natural de la libertad de expresi\u00f3n, retroceden. La financiaci\u00f3n escasea, las redacciones cierran o huyen, las audiencias se dispersan y los algoritmos mandan. \u201cUstedes son los medios ahora\u201d (\u201cYou are the media now\u201d), azuzan los mayores promotores y beneficiarios de la desinformaci\u00f3n. Mientras, en Gaza seguimos mirando con impotencia un genocidio sin nombre contra un pueblo y el mayor exterminio de periodistas de la historia contempor\u00e1nea.<\/p>\n<p>En 2025, las condiciones para ejercer el periodismo son clasificadas como \u201cdif\u00edciles\u201d o \u201cmuy graves\u201d en la mitad de los pa\u00edses del globo, resume el m\u00e1s reciente informe mundial sobre libertad de prensa de la organizaci\u00f3n Reporteros Sin Fronteras, que est\u00e1 lleno de indicadores que as\u00ed lo comprueban. Los mapas est\u00e1n cada vez m\u00e1s en rojo.<\/p>\n<p>Ser periodista en estos tiempos significa entonces resistir con urgencia renovada. Remamos en un barco que se bambolea \u2014lo embisten, lo cercan, le cortan las velas\u2014, pero las razones para continuar en el viaje siguen intactas y se han renovado: contar lo que otros callan, denunciar las complicidades con la mentira, sostener con palabras verdaderas todo lo que queda en pie de la democracia.<\/p>\n<p>Un nuevo contrato de confianza ciudadana, la preservaci\u00f3n de la independencia, las luchas por la memoria y los derechos de las minor\u00edas, y la adaptaci\u00f3n a un nuevo ecosistema pleno de nuevas posibilidades y formas narrativas, son algunas de las conquistas que moldean nuestro horizonte.<\/p>\n<p>Justamente, de esa convicci\u00f3n nacen estas palabras que anuncian que renovamos el compromiso y, adem\u00e1s, que lo hacemos apoyando el nacimiento de una nueva iniciativa de formaci\u00f3n y reflexi\u00f3n period\u00edstica alrededor de los dilemas que enfrentamos en el siglo XXI. Se trata del M\u00e1ster en Periodismo y Democracia, ofrecido por la Universidad Miguel Hern\u00e1ndez de Espa\u00f1a, en alianza con la Fundaci\u00f3n Gabo y Reporteros Sin Fronteras, e impartido en talleres por periodistas que dan ejemplo de excelencia en Iberoam\u00e9rica. Porque este oficio no se rinde al cinismo ni a la\u00a0desesperanza.<\/p>\n<p>Las horas fr\u00e1giles del periodismo no son por falta de razones para su existencia, sino por el asedio de quienes preferir\u00edan un mundo sin preguntas libres. Este no es un tiempo f\u00e1cil. Pero es el nuestro. El tiempo de mirarnos, componernos y seguir andando.<\/p>\n<p><span style=\"color: #ff0000\">Equipo M\u00e1ster UMH-RSF-Fundaci\u00f3n Gabo en Periodismo y Democracia:<\/span><\/p>\n<p>[\/et_pb_text][\/et_pb_column][\/et_pb_row][et_pb_row _builder_version=&#8221;4.17.4&#8243; _module_preset=&#8221;default&#8221; global_colors_info=&#8221;{}&#8221;][et_pb_column type=&#8221;4_4&#8243; _builder_version=&#8221;4.17.4&#8243; _module_preset=&#8221;default&#8221; global_colors_info=&#8221;{}&#8221;][et_pb_pricing_tables admin_label=&#8221;Matricula abierta llamada accion&#8221; _builder_version=&#8221;4.17.4&#8243; _module_preset=&#8221;default&#8221; price_font_size=&#8221;50px&#8221; global_colors_info=&#8221;{}&#8221;][et_pb_pricing_table title=&#8221;Curso 2025\/26&#8243; sum=&#8221;Abierto Plazo Matricula&#8221; button_url=&#8221;https:\/\/universite.umh.es\/fpogestion\/aspx\/Preinscripcion\/Preinscripcion.aspx&#8221; url_new_window=&#8221;on&#8221; button_text=&#8221;Inscribirme&#8221; _builder_version=&#8221;4.17.4&#8243; _module_preset=&#8221;default&#8221; price_font_size=&#8221;30px&#8221; global_colors_info=&#8221;{}&#8221; sticky_transition=&#8221;on&#8221;]<\/p>\n<p style=\"text-align: left\">Seleccionar tipo de ense\u00f1anza: Master de formaci\u00f3n permanente | Ense\u00f1anza: M\u00e1ster Periodismo y Democracia<\/p>\n<p>[\/et_pb_pricing_table][\/et_pb_pricing_tables][\/et_pb_column][\/et_pb_row][\/et_pb_section][et_pb_section fb_built=&#8221;1&#8243; admin_label=&#8221;Footer&#8221; _builder_version=&#8221;4.17.4&#8243; _module_preset=&#8221;default&#8221; background_color=&#8221;RGBA(255,255,255,0)&#8221; background_color_gradient_direction=&#8221;90deg&#8221; background_enable_image=&#8221;off&#8221; custom_padding=&#8221;0px||0px||true|false&#8221; saved_tabs=&#8221;all&#8221; locked=&#8221;off&#8221; collapsed=&#8221;off&#8221; global_colors_info=&#8221;{}&#8221;][et_pb_row column_structure=&#8221;1_2,1_2&#8243; use_custom_gutter=&#8221;on&#8221; gutter_width=&#8221;1&#8243; make_equal=&#8221;on&#8221; admin_label=&#8221;Footer Row&#8221; module_class=&#8221; et_pb_row_fullwidth&#8221; _builder_version=&#8221;4.17.4&#8243; _module_preset=&#8221;default&#8221; background_color=&#8221;#FFFFFF&#8221; width=&#8221;100%&#8221; max_width=&#8221;none&#8221; custom_margin=&#8221;|||&#8221; custom_padding=&#8221;0px||0px||true|false&#8221; animation_style=&#8221;fade&#8221; make_fullwidth=&#8221;on&#8221; global_colors_info=&#8221;{}&#8221;][et_pb_column type=&#8221;1_2&#8243; _builder_version=&#8221;4.17.4&#8243; _module_preset=&#8221;default&#8221; background_color=&#8221;#FFFFFF&#8221; custom_padding=&#8221;8%|8%|8%|8%|true|true&#8221; border_width_all=&#8221;22px&#8221; border_color_all=&#8221;#9e9e9e&#8221; global_colors_info=&#8221;{}&#8221;][et_pb_text admin_label=&#8221;Organizadores&#8221; _builder_version=&#8221;4.17.4&#8243; _module_preset=&#8221;12f08d1c-4d0d-4f91-bc9f-3020a47369fc&#8221; header_2_text_color=&#8221;#FFFFFF&#8221; custom_margin=&#8221;||30px||false|false&#8221; locked=&#8221;off&#8221; global_colors_info=&#8221;{}&#8221;]<\/p>\n<h2><span style=\"color: #808080\"><strong>ORGANIZA:<\/strong><\/span><\/h2>\n<p><img loading=\"lazy\" class=\"wp-image-391 alignnone size-medium\" src=\"https:\/\/masterperiodismoydemocracia.umh.es\/files\/2025\/04\/logo-umh-ok-300x109-1-300x109.jpg\" alt=\"\" width=\"300\" height=\"109\" \/><\/p>\n<p>[\/et_pb_text][et_pb_text admin_label=&#8221;Aliados&#8221; _builder_version=&#8221;4.17.4&#8243; _module_preset=&#8221;12f08d1c-4d0d-4f91-bc9f-3020a47369fc&#8221; header_2_text_color=&#8221;#FFFFFF&#8221; custom_margin=&#8221;||30px||false|false&#8221; locked=&#8221;off&#8221; global_colors_info=&#8221;{}&#8221;]<\/p>\n<h2><span style=\"color: #808080\"><strong>ALIADOS:<\/strong><\/span><\/h2>\n<p>\u00a0<img loading=\"lazy\" class=\"wp-image-385 alignnone size-medium\" src=\"https:\/\/masterperiodismoydemocracia.umh.es\/files\/2025\/04\/logo-gabo-300x79-1-300x79.png\" alt=\"\" width=\"300\" height=\"79\" \/>\u00a0 \u00a0 \u00a0 \u00a0 \u00a0<img loading=\"lazy\" class=\"wp-image-388 alignnone \" src=\"https:\/\/masterperiodismoydemocracia.umh.es\/files\/2025\/04\/reporteros-300x130-1-300x130.jpg\" alt=\"\" width=\"258\" height=\"112\" \/>\u00a0 \u00a0 \u00a0<img loading=\"lazy\" class=\"wp-image-373 alignnone size-medium\" src=\"https:\/\/masterperiodismoydemocracia.umh.es\/files\/2025\/04\/SRK-UMH-300x83.png\" alt=\"\" width=\"300\" height=\"83\" \/><\/p>\n<p>[\/et_pb_text][\/et_pb_column][et_pb_column type=&#8221;1_2&#8243; _builder_version=&#8221;4.17.4&#8243; _module_preset=&#8221;default&#8221; background_color=&#8221;#9E9E9E&#8221; custom_padding=&#8221;8%|8%|8%|8%|true|true&#8221; global_colors_info=&#8221;{}&#8221; custom_padding__hover=&#8221;|||&#8221;][et_pb_text admin_label=&#8221;Contacto&#8221; _builder_version=&#8221;4.17.4&#8243; _module_preset=&#8221;12f08d1c-4d0d-4f91-bc9f-3020a47369fc&#8221; header_2_text_color=&#8221;#FFFFFF&#8221; custom_margin=&#8221;||30px||false|false&#8221; locked=&#8221;off&#8221; global_colors_info=&#8221;{}&#8221;]<\/p>\n<h2>Contacto<\/h2>\n<p>[\/et_pb_text][et_pb_text admin_label=&#8221;Mail&#8221; _builder_version=&#8221;4.17.4&#8243; _module_preset=&#8221;acb840d0-8181-4d27-808c-f8ced82e99c7&#8243; header_4_text_color=&#8221;gcid-b247d7e9-2bbc-48fc-81a8-3cd1da3da572&#8243; locked=&#8221;off&#8221; global_colors_info=&#8221;{%22gcid-b247d7e9-2bbc-48fc-81a8-3cd1da3da572%22:%91%22header_4_text_color%22%93}&#8221;]<\/p>\n<h4><span style=\"color: #000000\">Correo electr\u00f3nico<\/span><\/h4>\n<p>[\/et_pb_text][et_pb_text admin_label=&#8221;Direcci\u00f3n mail&#8221; _builder_version=&#8221;4.17.4&#8243; _module_preset=&#8221;be44c2e9-2462-44a4-82b0-07053c626e28&#8243; text_text_color=&#8221;#FFFFFF&#8221; link_text_color=&#8221;#FFFFFF&#8221; custom_margin=&#8221;||30px||false|false&#8221; locked=&#8221;off&#8221; global_colors_info=&#8221;{}&#8221;]<\/p>\n<p><a href=\"mailto:seminariokapu@umh.es\">masterperiodismoydemocracia@umh.es<\/a><\/p>\n<p>[\/et_pb_text][et_pb_text admin_label=&#8221;Direcci\u00f3n&#8221; _builder_version=&#8221;4.17.4&#8243; _module_preset=&#8221;acb840d0-8181-4d27-808c-f8ced82e99c7&#8243; header_4_text_color=&#8221;gcid-b247d7e9-2bbc-48fc-81a8-3cd1da3da572&#8243; locked=&#8221;off&#8221; global_colors_info=&#8221;{%22gcid-b247d7e9-2bbc-48fc-81a8-3cd1da3da572%22:%91%22header_4_text_color%22%93}&#8221;]<\/p>\n<h4><span style=\"color: #000000\">Direcci\u00f3n<\/span><\/h4>\n<p>[\/et_pb_text][et_pb_text admin_label=&#8221;Direcci\u00f3n postal&#8221; _builder_version=&#8221;4.17.4&#8243; _module_preset=&#8221;be44c2e9-2462-44a4-82b0-07053c626e28&#8243; text_text_color=&#8221;#FFFFFF&#8221; link_text_color=&#8221;#FFFFFF&#8221; custom_margin=&#8221;||30px||false|false&#8221; locked=&#8221;off&#8221; global_colors_info=&#8221;{}&#8221;]<\/p>\n<p>Universidad Miguel Hern\u00e1ndez | Av. de la Universidad, s\/n 03202 Elche-Alicante<\/p>\n<p>[\/et_pb_text][et_pb_text admin_label=&#8221;Redes&#8221; _builder_version=&#8221;4.17.4&#8243; _module_preset=&#8221;acb840d0-8181-4d27-808c-f8ced82e99c7&#8243; header_4_text_color=&#8221;gcid-b247d7e9-2bbc-48fc-81a8-3cd1da3da572&#8243; locked=&#8221;off&#8221; global_colors_info=&#8221;{%22gcid-b247d7e9-2bbc-48fc-81a8-3cd1da3da572%22:%91%22header_4_text_color%22%93}&#8221;]<\/p>\n<h4><span style=\"color: #000000\">Redes Sociales<\/span><\/h4>\n<p>[\/et_pb_text][et_pb_text admin_label=&#8221;logos&#8221; _builder_version=&#8221;4.17.4&#8243; _module_preset=&#8221;be44c2e9-2462-44a4-82b0-07053c626e28&#8243; text_text_color=&#8221;#FFFFFF&#8221; link_text_color=&#8221;#FFFFFF&#8221; background_enable_image=&#8221;off&#8221; custom_margin=&#8221;||30px||false|false&#8221; link_option_url=&#8221;x.com\/masterpyd&#8221; link_option_url_new_window=&#8221;on&#8221; locked=&#8221;off&#8221; global_colors_info=&#8221;{}&#8221;]<\/p>\n<p><a href=\"http:\/\/x.com\/masterpyd\">@masterpyd<\/a> en <strong>X<\/strong><\/p>\n<p>[\/et_pb_text][et_pb_text admin_label=&#8221;logos&#8221; _builder_version=&#8221;4.17.4&#8243; _module_preset=&#8221;be44c2e9-2462-44a4-82b0-07053c626e28&#8243; text_text_color=&#8221;#FFFFFF&#8221; link_text_color=&#8221;#FFFFFF&#8221; custom_margin=&#8221;||30px||false|false&#8221; hover_enabled=&#8221;0&#8243; locked=&#8221;off&#8221; global_colors_info=&#8221;{}&#8221; sticky_enabled=&#8221;0&#8243;]<\/p>\n<p>Y en nuestras cuentas de <strong>Instagram<\/strong>:<\/p>\n<div><a href=\"http:\/\/instagram.com\/masterenperiodismoydemocracia\">@masterenperiodismoydemocracia<\/a><\/div>\n<div>\u00a0<\/div>\n<p><a href=\"https:\/\/www.instagram.com\/universidadmh\/\">@universidadmh<\/a><\/p>\n<p><a href=\"https:\/\/www.instagram.com\/fundaciongabo\/\">@fundaciongabo<\/a><\/p>\n<p><a href=\"https:\/\/www.instagram.com\/rsf_es\/\">@rsf_es<\/a><\/p>\n<p><a href=\"https:\/\/www.instagram.com\/seminariokapu\/\">@seminariokapu<\/a><\/p>\n<p>[\/et_pb_text][\/et_pb_column][\/et_pb_row][\/et_pb_section]<\/p>\n","protected":false},"excerpt":{"rendered":"<p>MANIFIESTO M\u00e1s periodismo, m\u00e1s democracia \u00bfY cu\u00e1ndo han sido tiempos f\u00e1ciles para hacer buen periodismo? La esencia misma de un oficio que naci\u00f3 para contar lo distinto, para se\u00f1alar lo que no funciona, para iluminar grietas, lo hace inc\u00f3modo e inconveniente en cualquier contexto que roce la desigualdad, y s\u00ed que nos toc\u00f3 un mundo [&hellip;]<\/p>\n","protected":false},"author":3881,"featured_media":0,"parent":0,"menu_order":0,"comment_status":"closed","ping_status":"closed","template":"","meta":{"_et_pb_use_builder":"on","_et_pb_old_content":"","_et_gb_content_width":"","_links_to":"","_links_to_target":""},"_links":{"self":[{"href":"https:\/\/masterperiodismoydemocracia.umh.es\/ca\/wp-json\/wp\/v2\/pages\/700"}],"collection":[{"href":"https:\/\/masterperiodismoydemocracia.umh.es\/ca\/wp-json\/wp\/v2\/pages"}],"about":[{"href":"https:\/\/masterperiodismoydemocracia.umh.es\/ca\/wp-json\/wp\/v2\/types\/page"}],"author":[{"embeddable":true,"href":"https:\/\/masterperiodismoydemocracia.umh.es\/ca\/wp-json\/wp\/v2\/users\/3881"}],"replies":[{"embeddable":true,"href":"https:\/\/masterperiodismoydemocracia.umh.es\/ca\/wp-json\/wp\/v2\/comments?post=700"}],"version-history":[{"count":0,"href":"https:\/\/masterperiodismoydemocracia.umh.es\/ca\/wp-json\/wp\/v2\/pages\/700\/revisions"}],"wp:attachment":[{"href":"https:\/\/masterperiodismoydemocracia.umh.es\/ca\/wp-json\/wp\/v2\/media?parent=700"}],"curies":[{"name":"wp","href":"https:\/\/api.w.org\/{rel}","templated":true}]}}