{"id":178,"date":"2025-04-23T13:07:45","date_gmt":"2025-04-23T11:07:45","guid":{"rendered":"https:\/\/masterperiodismoydemocracia.umh.es\/?page_id=178"},"modified":"2026-03-17T12:13:18","modified_gmt":"2026-03-17T11:13:18","slug":"el-master","status":"publish","type":"page","link":"https:\/\/masterperiodismoydemocracia.umh.es\/en\/el-master\/","title":{"rendered":"<span lang=\"es\">(Espa\u00f1ol) El M\u00e1ster<\/span>"},"content":{"rendered":"<p>[et_pb_section fb_built=&#8221;1&#8243; _builder_version=&#8221;4.17.4&#8243; _module_preset=&#8221;default&#8221; global_colors_info=&#8221;{}&#8221;][et_pb_row _builder_version=&#8221;4.17.4&#8243; _module_preset=&#8221;default&#8221; global_colors_info=&#8221;{}&#8221;][et_pb_column type=&#8221;4_4&#8243; _builder_version=&#8221;4.17.4&#8243; _module_preset=&#8221;default&#8221; global_colors_info=&#8221;{}&#8221;][et_pb_text admin_label=&#8221;TITULO PAG&#8221; _builder_version=&#8221;4.17.4&#8243; _module_preset=&#8221;default&#8221; global_colors_info=&#8221;{}&#8221;]<\/p>\n<h1><span style=\"color: #ff0000\"><strong>CONOCE EL M\u00c1STER<\/strong><\/span><\/h1>\n<h3>Preguntas y respuestas frecuentes<\/h3>\n<p>[\/et_pb_text][et_pb_accordion admin_label=&#8221;FQS&#8221; _builder_version=&#8221;4.17.4&#8243; _module_preset=&#8221;default&#8221; global_colors_info=&#8221;{}&#8221;][et_pb_accordion_item title=&#8221;\u00bfQu\u00e9 es el M\u00e1ster en Periodismo y Democracia?&#8221; open=&#8221;on&#8221; _builder_version=&#8221;4.17.4&#8243; _module_preset=&#8221;default&#8221; global_colors_info=&#8221;{}&#8221;]<\/p>\n<p><span style=\"font-weight: 400\">Es un programa acad\u00e9mico de formaci\u00f3n permanente auspiciado por la Universidad Miguel Hern\u00e1ndez (UMH) \u2014una instituci\u00f3n p\u00fablica de reconocimiento internacional cuyos campus se ubican en la provincia de Alicante de la Comunidad Valenciana (Espa\u00f1a), junto al Mar Mediterr\u00e1neo\u2014 en alianza con la Fundaci\u00f3n Gabo y la organizaci\u00f3n Reporteros Sin Fronteras. Estas tres prestigiosas instituciones, comprometidas con la defensa del periodismo de excelencia y la libertad de expresi\u00f3n, se unen por primera vez, coincidiendo con un hecho simb\u00f3lico: las tres cumplen 30 a\u00f1os de existencia.<\/span><\/p>\n<p><span style=\"font-weight: 400\">El M\u00e1ster est\u00e1 compuesto por 30 talleres de periodismo, impartidos por 30 periodistas referenciales de Iberoam\u00e9rica, que abordar\u00e1n 30 dilemas clave del periodismo en el siglo XXI, agrupados en 10 asignaturas para un total de 60 cr\u00e9ditos ETCS -Sistema Europeo de Transferencia y Acumulaci\u00f3n de Cr\u00e9ditos, equivaliendo 1 ECTS a 25 horas de trabajo del estudiantado-.Comienza en octubre de 2025 y finaliza en mayo de 2026 con la entrega del TFM (Trabajo Fin de M\u00e1ster). Ser\u00e1 completamente virtual con dos eventos h\u00edbridos al inicio y al final en los que habr\u00e1 presencialidad voluntaria.<\/span><\/p>\n<p>[\/et_pb_accordion_item][et_pb_accordion_item title=&#8221;\u00bfC\u00f3mo naci\u00f3 el M\u00e1ster?&#8221; _builder_version=&#8221;4.17.4&#8243; _module_preset=&#8221;default&#8221; global_colors_info=&#8221;{}&#8221; open=&#8221;off&#8221;]<\/p>\n<p><span style=\"font-weight: 400\">El M\u00e1ster tiene su origen en el Seminario Permanente Ryszard Kapuscinski de Periodismo y Derechos Humanos de la UMH que data del a\u00f1o 2008. Entre sus \u00faltimos proyectos destaca el Programa UMH Espacio Seguro RSF para la Libertad de Prensa que ya ha acogido durante los dos \u00faltimos a\u00f1os a cuatro periodistas latinoamericanos en riesgo y que funciona\u00a0 en alianza con Reporteros Sin Fronteras. <\/span><\/p>\n<p><span style=\"font-weight: 400\">Tras conversaciones virtuales previas, en enero de 2025 se reunieron en el Caf\u00e9 Gij\u00f3n de Madrid el profesor Jos\u00e9 Luis Gonz\u00e1lez-Esteban (director del Seminario Kapu), Alfonso Bauluz (presidente de Reporteros Sin Fronteras) y Laura Ardila Arrieta (periodista colombiana, beneficiaria del Programa UMH-Espacio Seguro RSF para la Libertad de Prensa), con Jaime Abello Banfi (director general y cofundador de la Fundaci\u00f3n Gabo) y acordaron impulsar esta Maestr\u00eda. El horizonte principal que los gui\u00f3 para definir este proyecto es su convencimiento de que un programa de formaci\u00f3n de estas caracter\u00edsticas aporta un valor a\u00f1adido en la defensa del periodismo y la libertad de expresi\u00f3n, en estos tiempos de incertidumbre y crisis democr\u00e1ticas globales.<\/span><\/p>\n<p>[\/et_pb_accordion_item][et_pb_accordion_item title=&#8221;\u00bfQu\u00e9 tipo de t\u00edtulo se entrega y qui\u00e9n lo otorga? &#8221; _builder_version=&#8221;4.17.4&#8243; _module_preset=&#8221;default&#8221; global_colors_info=&#8221;{}&#8221; open=&#8221;off&#8221;]<\/p>\n<p><span style=\"font-weight: 400\">T\u00edtulo de M\u00e1ster de Formaci\u00f3n Permanente en Periodismo y Democracia que otorga la Universidad Miguel Hern\u00e1ndez de Elche (Espa\u00f1a), bajo la firma de su Rector, Juan Jos\u00e9 Ruiz.<\/span><\/p>\n<p>[\/et_pb_accordion_item][et_pb_accordion_item title=&#8221;\u00bfEs posible homologar el t\u00edtulo en todos los pa\u00edses?&#8221; _builder_version=&#8221;4.17.4&#8243; _module_preset=&#8221;default&#8221; global_colors_info=&#8221;{}&#8221; open=&#8221;off&#8221;]<\/p>\n<p><span style=\"font-weight: 400\">Recuerda que este es un t\u00edtulo de m\u00e1ster de formaci\u00f3n permanente de la Universidad Miguel Hern\u00e1ndez de Elche (Espa\u00f1a) que forma parte del sistema p\u00fablico de universidades de la Comunidad Valenciana. No es un m\u00e1ster oficial, por lo que no habilita para hacer un Doctorado en Espa\u00f1a, la homologaci\u00f3n del t\u00edtulo en otros pa\u00edses depender\u00e1 de cada centro universitario al que se le proponga la homologaci\u00f3n. La estructura del m\u00e1ster de formaci\u00f3n permanente es exactamente igual a la de un m\u00e1ster oficial, solo cambian las tasas o el valor, m\u00e1s accesible en el caso del de formaci\u00f3n permanente.\u00a0<\/span><\/p>\n<p>[\/et_pb_accordion_item][et_pb_accordion_item title=&#8221;\u00bfCu\u00e1nto cuesta y c\u00f3mo se puede pagar?&#8221; _builder_version=&#8221;4.17.4&#8243; _module_preset=&#8221;default&#8221; global_colors_info=&#8221;{}&#8221; open=&#8221;off&#8221;]<\/p>\n<p><span style=\"font-weight: 400\">El precio total de todo el m\u00e1ster es 1.620 euros. Son tasas acad\u00e9micas muy populares que no penalizan a los estudiantes latinomericanos y que nos permiten democratizar el conocimiento, ofertando estudios de gran valor acad\u00e9mico, muy por debajo de su valor de mercado. Las tasas se abonan o el pago se hace a trav\u00e9s de una sencilla pasarela de pago online en el momento de hacer la inscripci\u00f3n. Se puede pagar en un \u00fanico plazo al momento de matricularse o en tres plazos: el 60% (972\u20ac) al formalizar la matr\u00edcula, m\u00e1s dos abonos posteriores del 20%: el 1 de diciembre (324\u20ac) y el 1 de febrero (324\u20ac).<\/span><\/p>\n<p>[\/et_pb_accordion_item][et_pb_accordion_item title=&#8221;\u00bfCu\u00e1les son los plazos de preinscripci\u00f3n y matr\u00edcula?&#8221; _builder_version=&#8221;4.17.4&#8243; _module_preset=&#8221;default&#8221; global_colors_info=&#8221;{}&#8221; open=&#8221;off&#8221;]<\/p>\n<p>El plazo de preinscripci\u00f3n que no implica pago alguno, est\u00e1 abierto desde el 3 de mayo, y la matriculaci\u00f3n se abrir\u00e1 del 1 de junio al 26 de septiembre o hasta que se completen todas las plazas ofertadas. Se puede hacer un \u00fanico pago del 100% del coste del m\u00e1ster, 1620 euros, al formalizar la matr\u00edcula o en tres pagos: 60% al realizar la matr\u00edcula (plazo m\u00e1ximo el 26 de septiembre), un segundo pago del 20% el 1 de diciembre y un tercer pago del 20% restante el 1 de febrero.<\/p>\n<p>Para poder formalizar la matr\u00edcula deber\u00e1n haberse acreditado los requisitos de entrada al m\u00e1ster previamente durante el proceso de preinscripci\u00f3n. <span style=\"text-decoration: underline\">Ver pregunta \u00bfDebo tener un t\u00edtulo\/diploma espec\u00edfico para poder matricularme? para ampliar informaci\u00f3n<\/span><\/p>\n<p>[\/et_pb_accordion_item][et_pb_accordion_item title=&#8221;\u00bfTodo es virtual o toca viajar a Espa\u00f1a?&#8221; _builder_version=&#8221;4.17.4&#8243; _module_preset=&#8221;default&#8221; global_colors_info=&#8221;{}&#8221; open=&#8221;off&#8221;]<\/p>\n<p><span style=\"font-weight: 400\">El curso est\u00e1 dividido en nueve asignaturas o materias, cada una de las cuales consta de: una masterclass de introducci\u00f3n, un conversatorio y tres talleres de periodismo. Al final de la Maestr\u00eda, se realizar\u00e1 un Trabajo de Fin de M\u00e1ster (TFM period\u00edstico), tutorizado por un maestro y que se defender\u00e1 online o presencial en el evento de clausura (por determinar lugar y fecha). Todas esas sesiones ser\u00e1n virtuales, a trav\u00e9s del campus virtual de la UMH, y no necesitas viajar a Espa\u00f1a para tomarlas.<\/span><\/p>\n<p>[\/et_pb_accordion_item][et_pb_accordion_item title=&#8221;\u00bfQu\u00e9 d\u00edas son las clases?&#8221; _builder_version=&#8221;4.17.4&#8243; _module_preset=&#8221;default&#8221; global_colors_info=&#8221;{}&#8221; open=&#8221;off&#8221;]<\/p>\n<p><span style=\"font-weight: 400\">Viernes y s\u00e1bados en horario de 16 a 20 horas (hora espa\u00f1ola). El estudiantado que no se pueda conectar, tendr\u00e1 siempre disponibles las grabaciones de las sesiones en el campus virtual de la UMH.<\/span><\/p>\n<p>[\/et_pb_accordion_item][et_pb_accordion_item title=&#8221;\u00bfDebo tener un t\u00edtulo\/diploma espec\u00edfico para poder matricularme? &#8221; _builder_version=&#8221;4.17.4&#8243; _module_preset=&#8221;default&#8221; global_colors_info=&#8221;{}&#8221; open=&#8221;off&#8221;]<\/p>\n<p>Los requisitos de acceso para este m\u00e1ster son los que marca la normativa vigente respecto a la ordenaci\u00f3n de las ense\u00f1anzas universitarias. Se tendr\u00e1n en cuenta estos requisitos teniendo en cuenta que cada uno tiene un peso porcentual concreto para la evaluaci\u00f3n que da acceso a las plazas disponibles en el m\u00e1ster:<\/p>\n<ul>\n<li style=\"font-weight: 400\"><span style=\"font-weight: 400\">Titulaci\u00f3n (Licenciatura o Grado)\/ Diploma v\u00e1lido en las \u00e1reas de conocimiento del M\u00e1ster (valor 30%)<\/span><\/li>\n<li style=\"font-weight: 400\"><span style=\"font-weight: 400\">Actividades de car\u00e1cter profesional que se adecuen al plan de estudios propuesto en el M\u00e1ster (valor 30%)<\/span><\/li>\n<li style=\"font-weight: 400\"><span style=\"font-weight: 400\">Expediente acad\u00e9mico personal o Certificado de Notas (valor 30%)<\/span><\/li>\n<li style=\"font-weight: 400\"><span style=\"font-weight: 400\">Otros m\u00e9ritos relacionados con la formaci\u00f3n continua en las \u00e1reas de conocimiento del M\u00e1ster (valor 10%)<\/span><\/li>\n<\/ul>\n<p><span style=\"font-weight: 400\">El perfil de ingreso a trav\u00e9s de grados y licenciaturas relacionadas con: Periodismo, Comunicaci\u00f3n Audiovisual, Comunicaci\u00f3n Social, Ciencia Pol\u00edtica, Sociolog\u00eda, Antropolog\u00eda, Publicidad y Relaciones P\u00fablicas, Relaciones Internacionales, Geograf\u00eda e Historia, Filosof\u00eda y Letras, Humanidades.<\/span><\/p>\n<p><span style=\"font-weight: 400\"><strong>IMPORTANTE<\/strong>: Por este motivo, ser\u00e1 imprescindible que en el momento sea solicitado y como paso previo a la matriculaci\u00f3n aportar el t\u00edtulo universitario correspondiente, y en caso de ser necesario, debidamente legalizado.<\/span><\/p>\n<p style=\"font-weight: 400\"><strong>\u00bfCu\u00e1ndo es necesario la legalizaci\u00f3n\/apostilla del t\u00edtulo?<\/strong><\/p>\n<p style=\"font-weight: 400\">&#8211; No se exige ning\u00fan tipo de legalizaci\u00f3n para los <span style=\"text-decoration: underline\">documentos expedidos en Estados miembros de la Uni\u00f3n Europea<\/span> o signatarios del Acuerdo sobre el Espacio Econ\u00f3mico Europeo. Igualmente, se eximen de legalizaci\u00f3n los documentos expedidos por Suiza,\u00a0Islandia, Liechtenstein y Noruega<\/p>\n<p style=\"font-weight: 400\"><span style=\"text-decoration: underline\">Para el resto de pa\u00edses se necesita legalizar o apostillar:<\/span><\/p>\n<p style=\"font-weight: 400\">&#8211; Si el pa\u00eds expedidor del t\u00edtulo es <strong>firmante del Convenio de la Haya<\/strong>: simplifica la legalizaci\u00f3n de documentos estampando un solo sello y firma en el documento, pero solo es v\u00e1lido en los\u00a0<a href=\"https:\/\/www.hcch.net\/es\/states\/hcch-members\" data-saferedirecturl=\"https:\/\/www.google.com\/url?q=https:\/\/www.hcch.net\/es\/states\/hcch-members&amp;source=gmail&amp;ust=1747998893294000&amp;usg=AOvVaw3PUlrlUKZPgE5SWhje5MeS\"><strong>pa\u00edses miembros del Convenio. Ver pa\u00edses aqu\u00ed<\/strong><\/a><\/p>\n<p style=\"font-weight: 400\">&#8211;\u00a0<strong>Pa\u00edses firmantes de otros Convenios<\/strong>, como el <a href=\"https:\/\/convenioandresbello.org\/educacion\/\">Convenio Andr\u00e9s Bello<\/a> se deber\u00e1n legalizar los diplomas\/t\u00edtulos pasando el tr\u00e1mite correspondiente, seg\u00fan les indiquen en el Ministerio de su pa\u00eds<\/p>\n<p>[\/et_pb_accordion_item][et_pb_accordion_item title=&#8221;\u00bfCu\u00e1les son los valores y principios que gu\u00edan este M\u00e1ster?&#8221; _builder_version=&#8221;4.17.4&#8243; _module_preset=&#8221;default&#8221; global_colors_info=&#8221;{}&#8221; open=&#8221;off&#8221;]<\/p>\n<p><span style=\"font-weight: 400\">Nuestras motivaciones y el periodismo en el que creemos est\u00e1n resumidos en el Manifiesto por el Periodismo y la Democracia que te invitamos a leer en la pesta\u00f1a Manifiesto. El legado del poeta Miguel Hern\u00e1ndez (Orihuela, Espa\u00f1a, 1910 &#8211; Alicante, Espa\u00f1a, 1942) que da nombre a la Universidad, el Premio Nobel Gabriel Garc\u00eda M\u00e1rquez (Arataca, Colombia, 1927 &#8211; Ciudad de M\u00e9xico, 2014) y el periodista Ryszar Kapuscinski (Pinsk, Bielorrusia, 1932 &#8211; Varsovia, Polonia, 2007) inspiran esta alianza de Periodismo y Democracia. Tambi\u00e9n son fuente de inspiraci\u00f3n los tres periodistas Doctor Honoris Causa a propuesta de Periodismo UMH: Rosa Mar\u00eda Calaf (2010), Ram\u00f3n Lobo (2020) y Paloma del R\u00edo (2025).\u00a0<\/span><\/p>\n<p>[\/et_pb_accordion_item][et_pb_accordion_item title=&#8221;\u00bfQui\u00e9n dirige este proyecto? &#8221; _builder_version=&#8221;4.17.4&#8243; _module_preset=&#8221;default&#8221; global_colors_info=&#8221;{}&#8221; open=&#8221;off&#8221;]<\/p>\n<p><span style=\"font-weight: 400\">El equipo coordinador del M\u00e1ster est\u00e1 conformado por el profesor Jos\u00e9 Luis Gonz\u00e1lez-Esteban, la periodista Laura Ardila Arrieta, la profesora Carmen Mar\u00eda L\u00f3pez-Rico, el director de proyectos de la Fundaci\u00f3n Gabo Miguel Montes y el presidente de Reporteros Sin Fronteras Alfonso Bauluz.<\/span><\/p>\n<p>[\/et_pb_accordion_item][\/et_pb_accordion][\/et_pb_column][\/et_pb_row][et_pb_row _builder_version=&#8221;4.17.4&#8243; _module_preset=&#8221;default&#8221; global_colors_info=&#8221;{}&#8221;][et_pb_column type=&#8221;4_4&#8243; _builder_version=&#8221;4.17.4&#8243; _module_preset=&#8221;default&#8221; global_colors_info=&#8221;{}&#8221;][et_pb_text admin_label=&#8221;Titulo estructura&#8221; _builder_version=&#8221;4.17.4&#8243; _module_preset=&#8221;default&#8221; global_colors_info=&#8221;{}&#8221;]<\/p>\n<h1><strong><span style=\"color: #ff0000\">ESTRUCTURA Y CONTENIDOS<\/span><\/strong><\/h1>\n<p>[\/et_pb_text][et_pb_text admin_label=&#8221;Texto intro estructura&#8221; _builder_version=&#8221;4.17.4&#8243; _module_preset=&#8221;default&#8221; global_colors_info=&#8221;{}&#8221;]<\/p>\n<p style=\"text-align: justify\"><span style=\"font-weight: 400\">El M\u00e1ster de Periodismo y Democracia tiene una estructura acad\u00e9mica basada en los 30 dilemas y 30 maestros planteados quedando los contenidos organizados de esta forma:<\/span><\/p>\n<p>[\/et_pb_text][et_pb_text admin_label=&#8221;Estructura&#8221; _builder_version=&#8221;4.17.4&#8243; _module_preset=&#8221;default&#8221; global_colors_info=&#8221;{}&#8221;]<\/p>\n<p>&nbsp;<\/p>\n<table style=\"height: 2573px;width: 968px;border-style: solid;border-color: #d9d4d4\">\n<tbody>\n<tr style=\"height: 23px\">\n<td style=\"width: 234px;height: 23px\"><b>Asignaturas<\/b><\/td>\n<td style=\"width: 720px;height: 23px\"><b>Maestros, dilemas y fechas de los talleres<\/b><\/td>\n<\/tr>\n<tr style=\"height: 80px\">\n<td style=\"width: 234px;height: 80px\">\n<p><strong>Evento Period\u00edstico de Apertura*<\/strong><\/p>\n<p><span style=\"color: #ff0000\">3 de octubre de 2025<\/span><\/p>\n<\/td>\n<td style=\"width: 720px;height: 80px\">\n<p>&#8211; Introducci\u00f3n a cargo de los coordinadores acad\u00e9micos: <strong>JOS\u00c9 LUIS GONZ\u00c1LEZ-ESTEBAN, LAURA ARDILA ARRIETA, CARMEN MAR\u00cdA L\u00d3PEZ RICO<\/strong>; el presidente de Reporteros Sin Fronteras, <strong>ALFONSO BAULUZ<\/strong> y el director general de la Fundaci\u00f3n Gabo, <strong>JAIME ABELLO<\/strong><\/p>\n<p>&#8211; Taller (1). <strong>IGNACIO ESCOLAR<\/strong> y <strong>ROSA M\u00aa CALAF\u00a0<\/strong>moderan Marcos Garc\u00eda Santonja y Laura Ardila Arrieta<\/p>\n<p>&#8211; Resoluci\u00f3n dilema (1): <em>Redefinamos y entendamos las prioridades: nuevas agendas para un mundo en crisis<\/em><\/p>\n<\/td>\n<\/tr>\n<tr style=\"height: 278px\">\n<td style=\"width: 234px;height: 278px\">\n<p><span style=\"color: #ff0000\"><strong>PRIMER SEMESTRE<\/strong><\/span><\/p>\n<p><strong>Asignatura (1):<\/strong> <span style=\"color: #ff0000\"><strong>LIBERTAD DE EXPRESI\u00d3N Y PRENSA EN LA SOCIEDAD DE LA DESINFORMACI\u00d3N Y DESINTERMEDIACI\u00d3N<\/strong><\/span><\/p>\n<p><span style=\"color: #ff0000\">Del 4 al 18 de octubre de 2025<\/span><\/p>\n<p>Coordinaci\u00f3n: <strong>YADIRIS LUIS FUENTES<\/strong><\/p>\n<\/td>\n<td style=\"width: 720px;height: 278px\">\n<p><span style=\"color: #ff0000\">Sesi\u00f3n 1: 4 de octubre 2025<\/span><\/p>\n<p>&#8211; Introducci\u00f3n de <strong>YADIRIS LUIS FUENTES<\/strong>:\u00a0 <em>La verdad bajo asedio: \u00bfest\u00e1 en peligro de extinci\u00f3n el derecho a la informaci\u00f3n?<\/em><\/p>\n<p>&#8211; Conversatorio con <strong>ALFONSO BAULUZ<\/strong>, presidente de Reporteros Sin Fronteras<\/p>\n<p><span style=\"color: #ff0000\">Sesi\u00f3n 2: 11 de octubre 2025<\/span><\/p>\n<p>&#8211; Taller (2). <strong>M\u00d3NICA GARC\u00cdA PRIETO<\/strong><\/p>\n<p>Resoluci\u00f3n dilema (2):\u00a0 <em>El periodista como activista: cuando no es clara la l\u00ednea entre informar y\/o implicarse por una causa<\/em><\/p>\n<p><span style=\"color: #ff0000\">Sesi\u00f3n 3: 11 de octubre 2025<\/span><\/p>\n<p>&#8211; Taller (3). <strong>ALFONSO ARMADA<\/strong><\/p>\n<p>Resoluci\u00f3n dilema (3): <em>Libertad de expresi\u00f3n versus discurso de odio: \u00bfc\u00f3mo defender y proteger el derecho a expresarse y a la informaci\u00f3n sin amplificar a odiadores y mentirosos?<\/em><\/p>\n<p><span style=\"color: #ff0000\">Sesi\u00f3n 4: 18 de octubre 2025<\/span><\/p>\n<p>Taller (4). <strong>EFREN LEMUS<\/strong><\/p>\n<p>Resoluci\u00f3n dilema (4): <em>Verdad vs. narrativa oficial: \u00bfc\u00f3mo contrarrestar la desinformaci\u00f3n gubernamental?<\/em><\/p>\n<\/td>\n<\/tr>\n<tr style=\"height: 280px\">\n<td style=\"width: 234px;height: 280px\">\n<p><strong>Asignatura (2):<\/strong><span style=\"color: #ff0000\"> <strong>PRODUCCI\u00d3N PERIOD\u00cdSTICA DE VANGUARDIA EN EL ESPACIO IBEROAMERICANO<\/strong><\/span><\/p>\n<p><span style=\"color: #ff0000\">Del 25 de octubre al 15 de noviembre de 2025<\/span><\/p>\n<p>Coordinaci\u00f3n: <strong>JUANITA VELEZ<\/strong><\/p>\n<\/td>\n<td style=\"width: 720px;height: 280px\">\n<p><span style=\"color: #ff0000\">Sesi\u00f3n 1: 25 de octubre 2025<\/span><\/p>\n<p>&#8211; Introducci\u00f3n de <strong>JUANITA VELEZ<\/strong>:\u00a0 <em>El periodismo que queremos: \u00bfhacia d\u00f3nde empezar a mirar para reinventarnos y construir medios cre\u00edbles y sostenibles?<\/em><\/p>\n<p>&#8211; Conversatorio con <strong>NATHAN JACCARD<\/strong>, editor para LATAM de <em>Organized Crime and Corruption Reporting Proyect OCCRP<\/em><\/p>\n<p><span style=\"color: #ff0000\">Sesi\u00f3n 2: 8 de noviembre 2025<\/span><\/p>\n<p>&#8211; Taller (5). <strong>JOS\u00c9 ENRIQUE GUARNIZO<\/strong><\/p>\n<p>Resoluci\u00f3n dilema (5): <em>\u00bfC\u00f3mo hacemos para que nos crean (y nos consuman)?<\/em><\/p>\n<p><span style=\"color: #ff0000\">Sesi\u00f3n 3: 8 de noviembre 2025<\/span><\/p>\n<p>&#8211; Taller (6). <strong>RONNA RISQUEZ<\/strong><\/p>\n<p>Resoluci\u00f3n dilema (6): <em>Periodismo colaborativo para resistir: \u00bfla reinvenci\u00f3n del ecosistema medi\u00e1tico iberomericano?<\/em><\/p>\n<p><span style=\"color: #ff0000\">Sesi\u00f3n 4: 15 de noviembre 2025<\/span><\/p>\n<p>Taller (7). <strong>JUANITA LE\u00d3N<\/strong><\/p>\n<p>Resoluci\u00f3n dilema (7): <em>De la subvenci\u00f3n a la autosuficiencia: \u00bfpuede el periodismo independiente de calidad sobrevivir sin ayuda internacional?<\/em><\/p>\n<\/td>\n<\/tr>\n<tr style=\"height: 184px\">\n<td style=\"width: 234px;height: 184px\">\n<p><strong>Asignatura (3):<\/strong> <span style=\"color: #ff0000\"><strong>NARRATIVAS TRANSMEDIA Y G\u00c9NEROS PARA SALVAR EL PERIODISMO: LA CR\u00d3NICA, EL REPORTAJE Y EL DOCUMENTAL<\/strong><\/span><\/p>\n<p><span style=\"color: #ff0000\">Del 22 de noviembre al 6 de diciembre de 2025<\/span><\/p>\n<p>Coordinaci\u00f3n: <strong>LAURA ARDILA<\/strong><\/p>\n<\/td>\n<td style=\"width: 720px;height: 184px\">\n<p><span style=\"color: #ff0000\">Sesi\u00f3n 1: 22 de noviembre 2025<\/span><\/p>\n<p>&#8211; Introducci\u00f3n de <strong>LAURA ARDILA<\/strong>:\u00a0 <em>Cronistas de palabra y largo aliento: contar la vida en nuevos formatos<\/em><\/p>\n<p>&#8211; Conversatorio con <strong>NELSON FREDY PADILLA<\/strong> editor diario El Espectador<\/p>\n<p><span style=\"color: #ff0000\">Sesi\u00f3n 2: 29 de noviembre 2025<\/span><\/p>\n<p>&#8211; Taller (8). <strong>FERNANDO RAPA<\/strong><\/p>\n<p>Resoluci\u00f3n dilema (8): <em>Periodismo perform\u00e1tico o como se hace arte con la informaci\u00f3n<\/em><\/p>\n<p><span style=\"color: #ff0000\">Sesi\u00f3n 3: 29 de noviembre 2025<\/span><\/p>\n<p>&#8211; Taller (9). <strong>ANDREA ALDANA<\/strong><\/p>\n<p>Resoluci\u00f3n dilema (9): <em>El periodismo de autor o la vida m\u00e1s all\u00e1 de las redacciones<\/em><\/p>\n<p><span style=\"color: #ff0000\">Sesi\u00f3n 4: 6 de diciembre 2025<\/span><\/p>\n<p>Taller (10). <strong>DANIELA AMAYA<\/strong><\/p>\n<p>Resoluci\u00f3n dilema (10): <em>Periodismo en modo play: podcast, historias interactivas y no linealidad<\/em><\/p>\n<\/td>\n<\/tr>\n<tr style=\"height: 208px\">\n<td style=\"width: 234px;height: 208px\">\n<p><strong>Asignatura (4):<\/strong> <span style=\"color: #ff0000\"><strong>LA MIRADA DEL OTRO. DERECHOS HUMANOS Y JUSTICIA SOCIAL<\/strong><\/span><\/p>\n<p><span style=\"color: #ff0000\">Del 13 de diciembre de 2025 al 10 de enero de 2026<\/span><\/p>\n<p>Coordinaci\u00f3n: <strong>PURIFICACI\u00d3N HERAS GONZ\u00c1LEZ<\/strong><\/p>\n<\/td>\n<td style=\"width: 720px;height: 208px\">\n<p><span style=\"color: #ff0000\">Sesi\u00f3n 1: 13 de diciembre 2025<\/span><\/p>\n<p>&#8211; Introducci\u00f3n de <strong>PURIFICACI\u00d3N HERAS GONZ\u00c1LEZ<\/strong>:\u00a0 <em>El periodismo ante el odio, el desarraigo y la desigualdad<\/em><\/p>\n<p>&#8211; Conversatorio con <strong>N\u00c9STOR ARCE<\/strong>, Fundador y director de <em>Divergentes<\/em><\/p>\n<p><span style=\"color: #ff0000\">Sesi\u00f3n 2: 20 de diciembre 2025<\/span><\/p>\n<p>&#8211; Taller (11). <strong>ROBERTO DENIZ<\/strong><\/p>\n<p>Resoluci\u00f3n dilema (11): <em>\u00bfC\u00f3mo hacer periodismo desde la distancia o el exilio?<\/em><\/p>\n<p><span style=\"color: #ff0000\">Sesi\u00f3n 3: 20 de diciembre 2025<\/span><\/p>\n<p>&#8211; Taller (12). <strong>LUCIANA PEKER<\/strong><\/p>\n<p>Resoluci\u00f3n dilema (12): <em>El tr\u00e1nsito en la cobertura de g\u00e9nero: \u00bfc\u00f3mo ir de la denuncia al impacto?<\/em><\/p>\n<p><span style=\"color: #ff0000\">Sesi\u00f3n 4: 10 de enero 2026<\/span><\/p>\n<p>Taller (13). <strong>PALOMA DEL R\u00cdO CA\u00d1ADAS<\/strong><\/p>\n<p>Resoluci\u00f3n dilema (13): <em>De la neutralidad a la justicia social: periodismo para defender los derechos humanos, las minor\u00edas y contrarrestar el odio<\/em><\/p>\n<\/td>\n<\/tr>\n<tr style=\"height: 203px\">\n<td style=\"width: 234px;height: 203px\">\n<p><strong>Asignatura (5):<\/strong> <span style=\"color: #ff0000\"><strong>EDUCAR Y COMUNICAR EN EL ECOSISTEMA MEDI\u00c1TICO DE LA GEOPOL\u00cdTICA DE REDES E INTELIGENCIA ARTIFICIAL<\/strong><\/span><\/p>\n<p><span style=\"color: #ff0000\">Del 17 a 31 de enero de 2026<\/span><\/p>\n<p>Coordinaci\u00f3n: <strong>MONTSERRAT JURADO<\/strong><\/p>\n<\/td>\n<td style=\"width: 720px;height: 203px\">\n<p><span style=\"color: #ff0000\">Sesi\u00f3n 1: 17 de enero de 2026<\/span><\/p>\n<p>&#8211; Introducci\u00f3n de <strong>MONTSERRAT JURADO MARTIN<\/strong>:\u00a0 <em>El reto de comunicar en la \u00e9poca de la geopol\u00edtica algor\u00edtmica o una guerra fr\u00eda digital<\/em><\/p>\n<p>&#8211; Conversatorio con <strong>GABRIELA S\u00c1NCHEZ IGLESIAS<\/strong> jefa secci\u00f3n Desalambre de Eldiario.es<\/p>\n<p><span style=\"color: #ff0000\">Sesi\u00f3n 2: 24 de enero de 2026<\/span><\/p>\n<p>&#8211; Taller (14). <strong>NELLY LUNA<\/strong><\/p>\n<p>Resoluci\u00f3n dilema (14): <em>Algoritmos para encontrar la corrupci\u00f3n<\/em><\/p>\n<p><span style=\"color: #ff0000\">Sesi\u00f3n 3: 24 de enero de 2026<\/span><\/p>\n<p>&#8211; Taller (15). <strong>LORAINE MORALES<\/strong><\/p>\n<p>Resoluci\u00f3n dilema (15): <em>La lucha con el algoritmo o el periodismo en tiempos de influencers<\/em><\/p>\n<p><span style=\"text-decoration: underline\"><span style=\"color: #ff0000;text-decoration: underline\">Sesi\u00f3n 4: 31 de enero 2026<\/span><\/span><\/p>\n<p>Taller (16). <strong>LAURA ZOMMER<\/strong><\/p>\n<p>Resoluci\u00f3n dilema (16): <em>Cient\u00edficos de datos: \u00bflos \u00fanicos supervivientes?. IA efectiva y eficiente sin perder el alma<\/em><\/p>\n<\/td>\n<\/tr>\n<tr style=\"height: 123px\">\n<td style=\"width: 234px;height: 123px\">\n<p><strong>Jornada mitad de curso*<\/strong><\/p>\n<p><span style=\"color: #ff0000\">6 de febrero de 2026<\/span><\/p>\n<\/td>\n<td style=\"width: 720px;height: 123px\">\n<p>&#8211; Taller (17). <strong>MAR\u00cdA TERESA RONDEROS<\/strong><\/p>\n<p>&#8211; Resoluci\u00f3n dilema (17): <em>\u00bfY si el periodismo desapareciera? Repensar el oficio desde la ficci\u00f3n y lo imposible<\/em><\/p>\n<\/td>\n<\/tr>\n<tr style=\"height: 227px\">\n<td style=\"width: 234px;height: 227px\">\n<p><span style=\"color: #ff0000\"><strong>SEGUNDO SEMESTRE<\/strong><\/span><\/p>\n<p><strong>Asignatura (6):<\/strong> <span style=\"color: #ff0000\"><strong>PERIODISMO Y MEMORIA DEMOCR\u00c1TICA<\/strong><\/span><\/p>\n<p><span style=\"color: #ff0000\">Del 7 al 21 de febrero de 2026<\/span><\/p>\n<p>Coordinaci\u00f3n: <strong>JOAQU\u00cdN JUAN PENALVA<\/strong><\/p>\n<\/td>\n<td style=\"width: 720px;height: 227px\">\n<p><span style=\"color: #ff0000\">Sesi\u00f3n 1: 7 de febrero de 2026<\/span><\/p>\n<p>&#8211; Introducci\u00f3n de <strong>JOAQU\u00cdN JUAN PENALVA<\/strong>:\u00a0 <em>El relato de la memoria: la lucha contra el olvido y la manipulaci\u00f3n en la sociedad l\u00edquida<\/em><\/p>\n<p>&#8211; Conversatorio con\u00a0<strong>JOS\u00c9 LUIS VICENTE FERRIS<\/strong> escritor y profesor espa\u00f1ol<\/p>\n<p><span style=\"color: #ff0000\">Sesi\u00f3n 2: 14 de febrero de 2026<\/span><\/p>\n<p>&#8211; Taller (18). <strong>PATRICIA NIETO<\/strong><\/p>\n<p>Resoluci\u00f3n dilema (18): <em>El periodista como testigo y guardi\u00e1n del pasado: el papel de la memoria para construir el futuro<\/em><\/p>\n<p><span style=\"color: #ff0000\">Sesi\u00f3n 3: 14 de febrero de 2026<\/span><\/p>\n<p>&#8211; Taller (19). <strong>ALEJANDRO G\u00d3MEZ DUGAND<\/strong><\/p>\n<p>Resoluci\u00f3n dilema (19): <em>La memoria frente a las nuevas narrativas de la modernidad l\u00edquida<\/em><\/p>\n<p><span style=\"color: #ff0000\">Sesi\u00f3n 4: 21 de febrero de 2026<\/span><\/p>\n<p>Taller (20). <strong>GINNA MORELO<\/strong><\/p>\n<p>Resoluci\u00f3n dilema (20): <em>\u00bfTradicional o alternativo? De la \u00e9poca del periodismo a la era de los periodismos<\/em><\/p>\n<\/td>\n<\/tr>\n<tr style=\"height: 179px\">\n<td style=\"width: 234px;height: 179px\">\n<p><strong>Asignatura (7):<\/strong> <span style=\"color: #ff0000\"><strong>RETOS Y COMPROMISOS \u00c9TICOS Y DEONTOL\u00d3GICOS DEL PERIODISMO EN EL SIGLO XXI<\/strong><\/span><\/p>\n<p><span style=\"color: #ff0000\">Del 28 de febrero al 14 de marzo de 2026<\/span><\/p>\n<p>Coordinaci\u00f3n: <strong>CARMEN MAR\u00cdA L\u00d3PEZ-RICO<\/strong><\/p>\n<\/td>\n<td style=\"width: 720px;height: 179px\">\n<p><span style=\"color: #ff0000\">Sesi\u00f3n 1: 28 de febrero de 2026<\/span><\/p>\n<p>&#8211; Introducci\u00f3n de <strong>CARMEN MAR\u00cdA L\u00d3PEZ-RICO<\/strong>:\u00a0 <em>\u00c9tica y periodismo de excelencia para salvaguardar las democracias<\/em><\/p>\n<p>&#8211; Conversatorio con <strong>MAMEN MENDIZ\u00c1BAL<\/strong> periodista de La Sexta<\/p>\n<p><span style=\"color: #ff0000\">Sesi\u00f3n 2: 7 de marzo de 2026<\/span><\/p>\n<p>&#8211; Taller (21). <strong>JUAN CAMILO MALDONADO (SEN)<\/strong><\/p>\n<p>Resoluci\u00f3n dilema (21): <em>Verificaci\u00f3n y \u00e9tica: educomunicando e implicando a las audiencias<\/em><\/p>\n<p><span style=\"color: #ff0000\">Sesi\u00f3n 3: 7 de marzo de 2026<\/span><\/p>\n<p>&#8211; Taller (22). <strong>ADRIANA VILLEGAS<\/strong><\/p>\n<p>Resoluci\u00f3n dilema (22): <em>\u00bfEspada de siempre o arma obsoleta? Retos \u00e9ticos en los tiempos actuales<\/em><\/p>\n<p><span style=\"color: #ff0000\">Sesi\u00f3n 4: 14 de marzo de 2026<\/span><\/p>\n<p>Taller (23). <strong>DIANA SALINAS<\/strong><\/p>\n<p>Resoluci\u00f3n dilema (23): <em>\u00c9tica y mirada feminista en el periodismo contempor\u00e1neo: \u00bfC\u00f3mo integrar la \u00e9tica period\u00edstica y la perspectiva feminista para construir un periodismo m\u00e1s justo, veraz y\u00a0transformador?<\/em><\/p>\n<\/td>\n<\/tr>\n<tr style=\"height: 256px\">\n<td style=\"width: 234px;height: 256px\">\n<p><strong>Asignatura (8):<\/strong> <span style=\"color: #ff0000\"><strong>PERIODISMO Y RESPONSABILIDAD SOCIAL ANTE EL CAMBIO CLIM\u00c1TICO<\/strong><\/span><\/p>\n<p><span style=\"color: #ff0000\">Del 28 de marzo al 11 de abril de 2026<\/span><\/p>\n<p>Coordinaci\u00f3n: <strong>LIS GAIBAR<\/strong><\/p>\n<\/td>\n<td style=\"width: 720px;height: 256px\">\n<p><span style=\"color: #ff0000\">Sesi\u00f3n 1: 21 de marzo de 2026<\/span><\/p>\n<p>&#8211; Introducci\u00f3n de <strong>LIS GAIBAR GARC\u00cdA<\/strong>:\u00a0 <em>Claves period\u00edsticas para entender la emergencia clim\u00e1tica y el negacionismo<\/em><\/p>\n<p>&#8211; Conversatorio con <strong>ANDREA ARNAL<\/strong> coordinadora de Esfera Clim\u00e1tica<\/p>\n<p><span style=\"color: #ff0000\">Sesi\u00f3n 2: 4 de abril de 2026<\/span><\/p>\n<p>&#8211; Taller (24). <strong>SARA ACOSTA\u00a0<\/strong><\/p>\n<p>Resoluci\u00f3n dilema (24): <em>\u00bfAlarmar, informar, desmontar mentiras? El rol del periodismo frente a la crisis clim\u00e1tica y otros<\/em><\/p>\n<p><span style=\"color: #ff0000\">Sesi\u00f3n 3: 4 de abril de 2026<\/span><\/p>\n<p>&#8211; Taller (25). <strong>PERE RUSI\u00d1OL<\/strong><\/p>\n<p>Resoluci\u00f3n dilema (25): <em>\u00bfQui\u00e9n cuenta (y c\u00f3mo) la verdad econ\u00f3mica asociada a la emergencia clim\u00e1tica? Periodismo frente al poder de mercados que son devoradores globales<\/em><\/p>\n<p><span style=\"color: #ff0000\">Sesi\u00f3n 4: 11 de abril de 2026<\/span><\/p>\n<p>Taller (26). <strong>SAMUEL ORTIZ P\u00c9REZ<\/strong><\/p>\n<p>Resoluci\u00f3n dilema (26): <em>\u00bfContar el mundo o mirarnos el ombligo? Los grandes desaf\u00edos de la geopol\u00edtica del cambio clim\u00e1tico<\/em><\/p>\n<\/td>\n<\/tr>\n<tr style=\"height: 209px\">\n<td style=\"width: 234px;height: 209px\">\n<p><strong>Asignatura (9):<\/strong> <span style=\"color: #ff0000\"><strong>PERIODISMO DE PAZ<\/strong><\/span><\/p>\n<p><span style=\"color: #ff0000\">Del 18 de abril al 9 de mayo de 2026<\/span><\/p>\n<p>Coordinaci\u00f3n: <strong>MERCEDES JABARDO<\/strong><\/p>\n<\/td>\n<td style=\"width: 720px;height: 209px\">\n<p><span style=\"color: #ff0000\">Sesi\u00f3n 1: 18 de abril de 2026<\/span><\/p>\n<p>&#8211; Introducci\u00f3n de <strong>MERCEDES JABARDO VELASCO<\/strong>: <em>Contar la verdad en un mundo en llamas: una mirada antropol\u00f3gica<\/em><\/p>\n<p>&#8211; Conversatorio con <strong>MARCELA TURATI <\/strong>periodista especializada en cobertura de Derechos Humanos<\/p>\n<p><span style=\"color: #ff0000\">Sesi\u00f3n 2: 25 de abril de 2026<\/span><\/p>\n<p>&#8211; Taller (27). <strong>JOS\u00c9 NARANJO<\/strong><\/p>\n<p>Resoluci\u00f3n dilema (27): <em>\u00bfC\u00f3mo sortear los apagones informativos y contar conflictos olvidados generando intereses?: la mirada period\u00edstica de \u00c1frica<\/em><\/p>\n<p><span style=\"color: #ff0000\">Sesi\u00f3n 3: 25 de abril de 2026<\/span><\/p>\n<p>&#8211; Taller (28). <strong>OLGA RODR\u00cdGUEZ<\/strong><\/p>\n<p>Resoluci\u00f3n dilema (28): <em>\u00bfSe puede hacer periodismo de paz en tiempos de guerra?: el caso del genocidio de Gaza<\/em><\/p>\n<p><span style=\"color: #ff0000\">Sesi\u00f3n 4: 9 de mayo de 2026<\/span><\/p>\n<p>Taller (29). <strong>\u00d3SCAR MART\u00cdNEZ<\/strong><\/p>\n<p>Resoluci\u00f3n dilema (29): <em>Los dictadores cool o el desaf\u00edo de cubrir autoritarismos populares en Latinoam\u00e9rica<\/em><\/p>\n<\/td>\n<\/tr>\n<tr style=\"height: 47px\">\n<td style=\"width: 234px;height: 47px\">\n<p><strong>Evento Period\u00edstico de Clausura*<\/strong><\/p>\n<p><span style=\"font-weight: 400;color: #ff0000\">Festival Gabo<\/span><\/p>\n<\/td>\n<td style=\"width: 720px;height: 47px\">\n<p>&#8211; Introducci\u00f3n a cargo de los coordinadores acad\u00e9micos: <strong>JOS\u00c9 LUIS GONZ\u00c1LEZ-ESTEBAN, LAURA ARDILA ARRIETA, CARMEN MAR\u00cdA L\u00d3PEZ RICO<\/strong>; el presidente de Reporteros Sin Fronteras, <strong>ALFONSO BAULUZ<\/strong> y el director general de la Fundaci\u00f3n Gabo, <strong>JAIME ABELLO<\/strong><\/p>\n<p>&#8211; Taller (30). <strong>LUZ MELY REYES<\/strong><\/p>\n<p>&#8211; Resoluci\u00f3n dilema (30): <em>\u00bfUnir fuerzas o perder independencia? De c\u00f3mo fortalecer el mejor periodismo colaborativo<\/em><\/p>\n<p><em>*Los eventos de apertura y clausura tienen un formato h\u00edbrido. El de apertura presencialmente se podr\u00e1 seguir en la Universidad Miguel Hern\u00e1ndez de Elche (Espa\u00f1a) y el de clausura en el lugar a determinar por la Fundaci\u00f3n Gabo, en Colombia.<\/em><\/p>\n<\/td>\n<\/tr>\n<tr style=\"height: 276px\">\n<td style=\"width: 234px;height: 276px\">\n<p><span style=\"font-weight: 400\"><strong>Asignatura (9):<\/strong> <span style=\"color: #ff0000\"><strong>TRABAJO DE FIN DE MASTER (TFM)<\/strong><\/span><\/span><\/p>\n<p>Coordinaci\u00f3n: <b>JOS\u00c9 L. GONZ\u00c1LEZ-ESTEBAN<\/b><\/p>\n<\/td>\n<td style=\"width: 720px;height: 276px\">\n<p>Jos\u00e9 L. Gonz\u00e1lez-Esteban<span style=\"font-family: inherit;font-size: inherit\"><\/span><\/p>\n<p><span style=\"font-family: inherit;font-size: inherit\">Carmen M.\u00aa L\u00f3pez-Rico\u00a0<\/span><\/p>\n<p>Laura Ardila<\/p>\n<p>Purificaci\u00f3n Heras Gonz\u00e1lez<\/p>\n<p>Lis Garc\u00eda Gaibar<\/p>\n<p><span style=\"font-size: 14px\">Federico Sabater Quinto<\/span><\/p>\n<\/td>\n<\/tr>\n<\/tbody>\n<\/table>\n<p>M\u00e1s informaci\u00f3n <a href=\"https:\/\/www.umh.es\/contenido\/Estudios\/:tit_fpo_16444\/datos_es.html\">aqu\u00ed<\/a><\/p>\n<p>[\/et_pb_text][et_pb_pricing_tables admin_label=&#8221;Tablas de precios&#8221; _builder_version=&#8221;4.17.4&#8243; _module_preset=&#8221;default&#8221; global_colors_info=&#8221;{}&#8221;][et_pb_pricing_table title=&#8221;Abierto Plazo Matricula&#8221; subtitle=&#8221;Curso 2025\/26&#8243; currency=&#8221;Euros&#8221; sum=&#8221;1620&#8243; button_url=&#8221;https:\/\/masterperiodismoydemocracia.umh.es\/inscripciones\/&#8221; url_new_window=&#8221;on&#8221; button_text=&#8221;Inscr\u00edbete&#8221; _builder_version=&#8221;4.17.4&#8243; _module_preset=&#8221;default&#8221; global_colors_info=&#8221;{}&#8221; sticky_transition=&#8221;on&#8221;]<\/p>\n<p style=\"text-align: center\">Plazo hasta el 26 de septiembre 2025<\/p>\n<p style=\"text-align: center\">[\/et_pb_pricing_table][\/et_pb_pricing_tables][\/et_pb_column][\/et_pb_row][\/et_pb_section][et_pb_section fb_built=&#8221;1&#8243; admin_label=&#8221;Footer&#8221; _builder_version=&#8221;4.17.4&#8243; _module_preset=&#8221;default&#8221; background_color=&#8221;RGBA(255,255,255,0)&#8221; background_color_gradient_direction=&#8221;90deg&#8221; background_enable_image=&#8221;off&#8221; custom_padding=&#8221;0px||0px||true|false&#8221; saved_tabs=&#8221;all&#8221; locked=&#8221;off&#8221; collapsed=&#8221;off&#8221; global_colors_info=&#8221;{}&#8221;][et_pb_row column_structure=&#8221;1_2,1_2&#8243; use_custom_gutter=&#8221;on&#8221; gutter_width=&#8221;1&#8243; make_equal=&#8221;on&#8221; admin_label=&#8221;Footer Row&#8221; module_class=&#8221; et_pb_row_fullwidth&#8221; _builder_version=&#8221;4.17.4&#8243; _module_preset=&#8221;default&#8221; background_color=&#8221;#FFFFFF&#8221; width=&#8221;100%&#8221; max_width=&#8221;none&#8221; custom_margin=&#8221;|||&#8221; custom_padding=&#8221;0px||0px||true|false&#8221; animation_style=&#8221;fade&#8221; make_fullwidth=&#8221;on&#8221; global_colors_info=&#8221;{}&#8221;][et_pb_column type=&#8221;1_2&#8243; _builder_version=&#8221;4.17.4&#8243; _module_preset=&#8221;default&#8221; background_color=&#8221;#FFFFFF&#8221; custom_padding=&#8221;8%|8%|8%|8%|true|true&#8221; border_width_all=&#8221;22px&#8221; border_color_all=&#8221;#9e9e9e&#8221; global_colors_info=&#8221;{}&#8221;][et_pb_text admin_label=&#8221;Organizadores&#8221; _builder_version=&#8221;4.17.4&#8243; _module_preset=&#8221;12f08d1c-4d0d-4f91-bc9f-3020a47369fc&#8221; header_2_text_color=&#8221;#FFFFFF&#8221; custom_margin=&#8221;||30px||false|false&#8221; locked=&#8221;off&#8221; global_colors_info=&#8221;{}&#8221;]<\/p>\n<h2><span style=\"color: #808080\"><strong>ORGANIZA:<\/strong><\/span><\/h2>\n<p><img loading=\"lazy\" class=\"wp-image-391 alignnone size-medium\" src=\"https:\/\/masterperiodismoydemocracia.umh.es\/files\/2025\/04\/logo-umh-ok-300x109-1-300x109.jpg\" alt=\"\" width=\"300\" height=\"109\" \/><\/p>\n<p>[\/et_pb_text][et_pb_text admin_label=&#8221;Aliados&#8221; _builder_version=&#8221;4.17.4&#8243; _module_preset=&#8221;12f08d1c-4d0d-4f91-bc9f-3020a47369fc&#8221; header_2_text_color=&#8221;#FFFFFF&#8221; custom_margin=&#8221;||30px||false|false&#8221; locked=&#8221;off&#8221; global_colors_info=&#8221;{}&#8221;]<\/p>\n<h2><span style=\"color: #808080\"><strong>ALIADOS:<\/strong><\/span><\/h2>\n<p>\u00a0<img loading=\"lazy\" class=\"wp-image-385 alignnone size-medium\" src=\"https:\/\/masterperiodismoydemocracia.umh.es\/files\/2025\/04\/logo-gabo-300x79-1-300x79.png\" alt=\"\" width=\"300\" height=\"79\" \/>\u00a0 \u00a0 \u00a0 \u00a0 \u00a0<img loading=\"lazy\" class=\"wp-image-388 alignnone \" src=\"https:\/\/masterperiodismoydemocracia.umh.es\/files\/2025\/04\/reporteros-300x130-1-300x130.jpg\" alt=\"\" width=\"258\" height=\"112\" \/>\u00a0 \u00a0 \u00a0<img loading=\"lazy\" class=\"wp-image-373 alignnone size-medium\" src=\"https:\/\/masterperiodismoydemocracia.umh.es\/files\/2025\/04\/SRK-UMH-300x83.png\" alt=\"\" width=\"300\" height=\"83\" \/><\/p>\n<p>[\/et_pb_text][\/et_pb_column][et_pb_column type=&#8221;1_2&#8243; _builder_version=&#8221;4.17.4&#8243; _module_preset=&#8221;default&#8221; background_color=&#8221;#9E9E9E&#8221; custom_padding=&#8221;8%|8%|8%|8%|true|true&#8221; global_colors_info=&#8221;{}&#8221; custom_padding__hover=&#8221;|||&#8221;][et_pb_text admin_label=&#8221;Contacto&#8221; _builder_version=&#8221;4.17.4&#8243; _module_preset=&#8221;12f08d1c-4d0d-4f91-bc9f-3020a47369fc&#8221; header_2_text_color=&#8221;#FFFFFF&#8221; custom_margin=&#8221;||30px||false|false&#8221; locked=&#8221;off&#8221; global_colors_info=&#8221;{}&#8221;]<\/p>\n<h2>Contacto<\/h2>\n<p>[\/et_pb_text][et_pb_text admin_label=&#8221;Mail&#8221; _builder_version=&#8221;4.17.4&#8243; _module_preset=&#8221;acb840d0-8181-4d27-808c-f8ced82e99c7&#8243; header_4_text_color=&#8221;gcid-b247d7e9-2bbc-48fc-81a8-3cd1da3da572&#8243; locked=&#8221;off&#8221; global_colors_info=&#8221;{%22gcid-b247d7e9-2bbc-48fc-81a8-3cd1da3da572%22:%91%22header_4_text_color%22%93}&#8221;]<\/p>\n<h4><span style=\"color: #000000\">Correo electr\u00f3nico<\/span><\/h4>\n<p>[\/et_pb_text][et_pb_text admin_label=&#8221;Direcci\u00f3n mail&#8221; _builder_version=&#8221;4.17.4&#8243; _module_preset=&#8221;be44c2e9-2462-44a4-82b0-07053c626e28&#8243; text_text_color=&#8221;#FFFFFF&#8221; link_text_color=&#8221;#FFFFFF&#8221; custom_margin=&#8221;||30px||false|false&#8221; locked=&#8221;off&#8221; global_colors_info=&#8221;{}&#8221;]<\/p>\n<p><a href=\"mailto:seminariokapu@umh.es\">masterperiodismoydemocracia@umh.es<\/a><\/p>\n<p>[\/et_pb_text][et_pb_text admin_label=&#8221;Direcci\u00f3n&#8221; _builder_version=&#8221;4.17.4&#8243; _module_preset=&#8221;acb840d0-8181-4d27-808c-f8ced82e99c7&#8243; header_4_text_color=&#8221;gcid-b247d7e9-2bbc-48fc-81a8-3cd1da3da572&#8243; locked=&#8221;off&#8221; global_colors_info=&#8221;{%22gcid-b247d7e9-2bbc-48fc-81a8-3cd1da3da572%22:%91%22header_4_text_color%22%93}&#8221;]<\/p>\n<h4><span style=\"color: #000000\">Direcci\u00f3n<\/span><\/h4>\n<p>[\/et_pb_text][et_pb_text admin_label=&#8221;Direcci\u00f3n postal&#8221; _builder_version=&#8221;4.17.4&#8243; _module_preset=&#8221;be44c2e9-2462-44a4-82b0-07053c626e28&#8243; text_text_color=&#8221;#FFFFFF&#8221; link_text_color=&#8221;#FFFFFF&#8221; custom_margin=&#8221;||30px||false|false&#8221; locked=&#8221;off&#8221; global_colors_info=&#8221;{}&#8221;]<\/p>\n<p>Universidad Miguel Hern\u00e1ndez | Av. de la Universidad, s\/n 03202 Elche-Alicante<\/p>\n<p>[\/et_pb_text][et_pb_text admin_label=&#8221;Redes&#8221; _builder_version=&#8221;4.17.4&#8243; _module_preset=&#8221;acb840d0-8181-4d27-808c-f8ced82e99c7&#8243; header_4_text_color=&#8221;gcid-b247d7e9-2bbc-48fc-81a8-3cd1da3da572&#8243; locked=&#8221;off&#8221; global_colors_info=&#8221;{%22gcid-b247d7e9-2bbc-48fc-81a8-3cd1da3da572%22:%91%22header_4_text_color%22%93}&#8221;]<\/p>\n<h4><span style=\"color: #000000\">Redes Sociales<\/span><\/h4>\n<p>[\/et_pb_text][et_pb_text admin_label=&#8221;logos&#8221; _builder_version=&#8221;4.17.4&#8243; _module_preset=&#8221;be44c2e9-2462-44a4-82b0-07053c626e28&#8243; text_text_color=&#8221;#FFFFFF&#8221; link_text_color=&#8221;#FFFFFF&#8221; background_enable_image=&#8221;off&#8221; custom_margin=&#8221;||30px||false|false&#8221; link_option_url=&#8221;x.com\/masterpyd&#8221; link_option_url_new_window=&#8221;on&#8221; locked=&#8221;off&#8221; global_colors_info=&#8221;{}&#8221;]<\/p>\n<p><a href=\"http:\/\/x.com\/masterpyd\">@masterpyd<\/a> en <strong>X<\/strong><\/p>\n<p>[\/et_pb_text][et_pb_text admin_label=&#8221;logos&#8221; _builder_version=&#8221;4.17.4&#8243; _module_preset=&#8221;be44c2e9-2462-44a4-82b0-07053c626e28&#8243; text_text_color=&#8221;#FFFFFF&#8221; link_text_color=&#8221;#FFFFFF&#8221; custom_margin=&#8221;||30px||false|false&#8221; locked=&#8221;off&#8221; global_colors_info=&#8221;{}&#8221;]<\/p>\n<p>Y en nuestras cuentas de <strong>Instagram<\/strong>:<\/p>\n<div><a href=\"http:\/\/instagram.com\/masterenperiodismoydemocracia\">@masterenperiodismoydemocracia<\/a><\/div>\n<div>\u00a0<\/div>\n<p><a href=\"https:\/\/www.instagram.com\/universidadmh\/\">@universidadmh<\/a><\/p>\n<p><a href=\"https:\/\/www.instagram.com\/fundaciongabo\/\">@fundaciongabo<\/a><\/p>\n<p><a href=\"https:\/\/www.instagram.com\/rsf_es\/\">@rsf_es<\/a><\/p>\n<p><a href=\"https:\/\/www.instagram.com\/seminariokapu\/\">@seminariokapu<\/a><\/p>\n<p>[\/et_pb_text][\/et_pb_column][\/et_pb_row][\/et_pb_section]<\/p>\n","protected":false},"excerpt":{"rendered":"<p>CONOCE EL M\u00c1STER Preguntas y respuestas frecuentesEs un programa acad\u00e9mico de formaci\u00f3n permanente auspiciado por la Universidad Miguel Hern\u00e1ndez (UMH) \u2014una instituci\u00f3n p\u00fablica de reconocimiento internacional cuyos campus se ubican en la provincia de Alicante de la Comunidad Valenciana (Espa\u00f1a), junto al Mar Mediterr\u00e1neo\u2014 en alianza con la Fundaci\u00f3n Gabo y la organizaci\u00f3n Reporteros Sin [&hellip;]<\/p>\n","protected":false},"author":3881,"featured_media":0,"parent":0,"menu_order":0,"comment_status":"closed","ping_status":"closed","template":"","meta":{"_et_pb_use_builder":"on","_et_pb_old_content":"","_et_gb_content_width":"","_links_to":"","_links_to_target":""},"_links":{"self":[{"href":"https:\/\/masterperiodismoydemocracia.umh.es\/en\/wp-json\/wp\/v2\/pages\/178"}],"collection":[{"href":"https:\/\/masterperiodismoydemocracia.umh.es\/en\/wp-json\/wp\/v2\/pages"}],"about":[{"href":"https:\/\/masterperiodismoydemocracia.umh.es\/en\/wp-json\/wp\/v2\/types\/page"}],"author":[{"embeddable":true,"href":"https:\/\/masterperiodismoydemocracia.umh.es\/en\/wp-json\/wp\/v2\/users\/3881"}],"replies":[{"embeddable":true,"href":"https:\/\/masterperiodismoydemocracia.umh.es\/en\/wp-json\/wp\/v2\/comments?post=178"}],"version-history":[{"count":0,"href":"https:\/\/masterperiodismoydemocracia.umh.es\/en\/wp-json\/wp\/v2\/pages\/178\/revisions"}],"wp:attachment":[{"href":"https:\/\/masterperiodismoydemocracia.umh.es\/en\/wp-json\/wp\/v2\/media?parent=178"}],"curies":[{"name":"wp","href":"https:\/\/api.w.org\/{rel}","templated":true}]}}