{"id":3398,"date":"2025-06-05T14:29:40","date_gmt":"2025-06-05T12:29:40","guid":{"rendered":"https:\/\/masterperiodismoydemocracia.umh.es\/?page_id=3398"},"modified":"2025-09-16T12:52:10","modified_gmt":"2025-09-16T10:52:10","slug":"inscripciones","status":"publish","type":"page","link":"https:\/\/masterperiodismoydemocracia.umh.es\/en\/inscripciones\/","title":{"rendered":"<span lang=\"es\">(Espa\u00f1ol) Inscripciones<\/span>"},"content":{"rendered":"<p>[et_pb_section fb_built=&#8221;1&#8243; _builder_version=&#8221;4.17.4&#8243; _module_preset=&#8221;default&#8221; global_colors_info=&#8221;{}&#8221;][et_pb_row _builder_version=&#8221;4.17.4&#8243; _module_preset=&#8221;default&#8221; global_colors_info=&#8221;{}&#8221;][et_pb_column type=&#8221;4_4&#8243; _builder_version=&#8221;4.17.4&#8243; _module_preset=&#8221;default&#8221; global_colors_info=&#8221;{}&#8221;][et_pb_text _builder_version=&#8221;4.17.4&#8243; _module_preset=&#8221;default&#8221; hover_enabled=&#8221;0&#8243; global_colors_info=&#8221;{}&#8221; sticky_enabled=&#8221;0&#8243;]<\/p>\n<h1><span style=\"color: #ff0000\"><strong>C\u00d3MO INSCRIBIRSE<\/strong><\/span><\/h1>\n<ul>\n<li><strong>Primero debes acceder al siguiente <span style=\"color: #ff0000\"><a style=\"color: #ff0000\" href=\"https:\/\/universite.umh.es\/fpogestion\/aspx\/Preinscripcion\/Preinscripcion.aspx\">enlace<\/a><\/span><\/strong><\/li>\n<li><strong>En tipo de ense\u00f1anza elige la opci\u00f3n M\u00e1ster de Formaci\u00f3n Permanente<\/strong><\/li>\n<li><strong>En ense\u00f1anza elige el Master de Formaci\u00f3n Permanente en Periodismo y Democracia<\/strong><\/li>\n<\/ul>\n<p><img loading=\"lazy\" class=\"alignnone wp-image-3422 size-large\" src=\"https:\/\/masterperiodismoydemocracia.umh.es\/files\/2025\/06\/Captura-de-pantalla-2025-06-05-141512-1-1024x525.png\" alt=\"\" width=\"1024\" height=\"525\" srcset=\"https:\/\/masterperiodismoydemocracia.umh.es\/files\/2025\/06\/Captura-de-pantalla-2025-06-05-141512-1-1024x525.png 1024w, https:\/\/masterperiodismoydemocracia.umh.es\/files\/2025\/06\/Captura-de-pantalla-2025-06-05-141512-1-980x503.png 980w, https:\/\/masterperiodismoydemocracia.umh.es\/files\/2025\/06\/Captura-de-pantalla-2025-06-05-141512-1-480x246.png 480w\" sizes=\"(min-width: 0px) and (max-width: 480px) 480px, (min-width: 481px) and (max-width: 980px) 980px, (min-width: 981px) 1024px, 100vw\" \/><\/p>\n<ul>\n<li><strong>Selecciona el tipo de documento de identificaci\u00f3n (DNI, Pasaporte o NIE) y escribe el n\u00famero en la casilla correspondiente<\/strong><\/li>\n<li><strong>Ingresa el c\u00f3digo de validaci\u00f3n que te aparece y dale a continuar<\/strong><\/li>\n<li><strong>Rellena los datos personales del formulario que aparecer\u00e1<\/strong><\/li>\n<\/ul>\n<p><img loading=\"lazy\" class=\"alignnone wp-image-3431\" src=\"https:\/\/masterperiodismoydemocracia.umh.es\/files\/2025\/06\/inscripcion-pedem-datos-personales.png\" alt=\"\" width=\"808\" height=\"703\" \/><\/p>\n<p><strong><span style=\"color: #d32f1d\">El plazo de inscripci\u00f3n termina el 26 de septiembre<\/span><\/strong><\/p>\n<p>Si tienes cualquier pregunta puedes contactarnos en <span style=\"color: #ff0000\">masterperiodismoydemocracia@umh.es<\/span> o escribirnos en el siguiente formulario:<\/p>\n<p>[\/et_pb_text][\/et_pb_column][\/et_pb_row][et_pb_row _builder_version=&#8221;4.17.4&#8243; _module_preset=&#8221;default&#8221; global_colors_info=&#8221;{}&#8221;][et_pb_column type=&#8221;4_4&#8243; _builder_version=&#8221;4.17.4&#8243; _module_preset=&#8221;default&#8221; global_colors_info=&#8221;{}&#8221;][et_pb_contact_form email=&#8221;masterperiodismoydemocracia@umh.es&#8221; _builder_version=&#8221;4.17.4&#8243; _module_preset=&#8221;default&#8221; _unique_id=&#8221;a613ad16-1bb7-4070-a4f4-f74a4e28e193&#8243; global_colors_info=&#8221;{}&#8221;][et_pb_contact_field field_id=&#8221;Name&#8221; field_title=&#8221;Nombre&#8221; _builder_version=&#8221;4.16&#8243; global_colors_info=&#8221;{}&#8221; button_text_size__hover_enabled=&#8221;off&#8221; button_one_text_size__hover_enabled=&#8221;off&#8221; button_two_text_size__hover_enabled=&#8221;off&#8221; button_text_color__hover_enabled=&#8221;off&#8221; button_one_text_color__hover_enabled=&#8221;off&#8221; button_two_text_color__hover_enabled=&#8221;off&#8221; button_border_width__hover_enabled=&#8221;off&#8221; button_one_border_width__hover_enabled=&#8221;off&#8221; button_two_border_width__hover_enabled=&#8221;off&#8221; button_border_color__hover_enabled=&#8221;off&#8221; button_one_border_color__hover_enabled=&#8221;off&#8221; button_two_border_color__hover_enabled=&#8221;off&#8221; button_border_radius__hover_enabled=&#8221;off&#8221; button_one_border_radius__hover_enabled=&#8221;off&#8221; button_two_border_radius__hover_enabled=&#8221;off&#8221; button_letter_spacing__hover_enabled=&#8221;off&#8221; button_one_letter_spacing__hover_enabled=&#8221;off&#8221; button_two_letter_spacing__hover_enabled=&#8221;off&#8221; button_bg_color__hover_enabled=&#8221;off&#8221; button_one_bg_color__hover_enabled=&#8221;off&#8221; button_two_bg_color__hover_enabled=&#8221;off&#8221;][\/et_pb_contact_field][et_pb_contact_field field_id=&#8221;Email&#8221; field_title=&#8221;Correo electronico&#8221; field_type=&#8221;email&#8221; _builder_version=&#8221;4.17.4&#8243; global_colors_info=&#8221;{}&#8221; button_text_size__hover_enabled=&#8221;off&#8221; button_one_text_size__hover_enabled=&#8221;off&#8221; button_two_text_size__hover_enabled=&#8221;off&#8221; button_text_color__hover_enabled=&#8221;off&#8221; button_one_text_color__hover_enabled=&#8221;off&#8221; button_two_text_color__hover_enabled=&#8221;off&#8221; button_border_width__hover_enabled=&#8221;off&#8221; button_one_border_width__hover_enabled=&#8221;off&#8221; button_two_border_width__hover_enabled=&#8221;off&#8221; button_border_color__hover_enabled=&#8221;off&#8221; button_one_border_color__hover_enabled=&#8221;off&#8221; button_two_border_color__hover_enabled=&#8221;off&#8221; button_border_radius__hover_enabled=&#8221;off&#8221; button_one_border_radius__hover_enabled=&#8221;off&#8221; button_two_border_radius__hover_enabled=&#8221;off&#8221; button_letter_spacing__hover_enabled=&#8221;off&#8221; button_one_letter_spacing__hover_enabled=&#8221;off&#8221; button_two_letter_spacing__hover_enabled=&#8221;off&#8221; button_bg_color__hover_enabled=&#8221;off&#8221; button_one_bg_color__hover_enabled=&#8221;off&#8221; button_two_bg_color__hover_enabled=&#8221;off&#8221;][\/et_pb_contact_field][et_pb_contact_field field_id=&#8221;Message&#8221; field_title=&#8221;Mensaje&#8221; field_type=&#8221;text&#8221; fullwidth_field=&#8221;on&#8221; _builder_version=&#8221;4.16&#8243; global_colors_info=&#8221;{}&#8221; button_text_size__hover_enabled=&#8221;off&#8221; button_one_text_size__hover_enabled=&#8221;off&#8221; button_two_text_size__hover_enabled=&#8221;off&#8221; button_text_color__hover_enabled=&#8221;off&#8221; button_one_text_color__hover_enabled=&#8221;off&#8221; button_two_text_color__hover_enabled=&#8221;off&#8221; button_border_width__hover_enabled=&#8221;off&#8221; button_one_border_width__hover_enabled=&#8221;off&#8221; button_two_border_width__hover_enabled=&#8221;off&#8221; button_border_color__hover_enabled=&#8221;off&#8221; button_one_border_color__hover_enabled=&#8221;off&#8221; button_two_border_color__hover_enabled=&#8221;off&#8221; button_border_radius__hover_enabled=&#8221;off&#8221; button_one_border_radius__hover_enabled=&#8221;off&#8221; button_two_border_radius__hover_enabled=&#8221;off&#8221; button_letter_spacing__hover_enabled=&#8221;off&#8221; button_one_letter_spacing__hover_enabled=&#8221;off&#8221; button_two_letter_spacing__hover_enabled=&#8221;off&#8221; button_bg_color__hover_enabled=&#8221;off&#8221; button_one_bg_color__hover_enabled=&#8221;off&#8221; button_two_bg_color__hover_enabled=&#8221;off&#8221;][\/et_pb_contact_field][\/et_pb_contact_form][\/et_pb_column][\/et_pb_row][et_pb_row column_structure=&#8221;1_2,1_2&#8243; _builder_version=&#8221;4.17.4&#8243; _module_preset=&#8221;default&#8221; global_colors_info=&#8221;{}&#8221;][et_pb_column type=&#8221;1_2&#8243; _builder_version=&#8221;4.17.4&#8243; _module_preset=&#8221;default&#8221; global_colors_info=&#8221;{}&#8221;][et_pb_text _builder_version=&#8221;4.17.4&#8243; _module_preset=&#8221;default&#8221; global_colors_info=&#8221;{}&#8221;]<\/p>\n<p><span style=\"color: #ff0000\"><strong>Tambi\u00e9n en nuestras redes sociales:<\/strong><\/span><\/p>\n<p><img loading=\"lazy\" class=\"wp-image-3053 alignnone \" src=\"https:\/\/masterperiodismoydemocracia.umh.es\/files\/2025\/05\/logo-x-300x300.png\" alt=\"\" width=\"31\" height=\"31\" \/> <a href=\"http:\/\/x.com\/masterpyd\">@masterpyd<\/a><\/p>\n<p><img loading=\"lazy\" class=\"wp-image-160 alignnone \" src=\"https:\/\/masterperiodismoydemocracia.umh.es\/files\/2025\/04\/logo-ig-1-300x300-1-300x300.png\" alt=\"\" width=\"26\" height=\"26\" \/> <a href=\"http:\/\/instagram.com\/masterenperiodismoydemocracia\">@masterenperiodismoydemocracia<\/a><\/p>\n<p>&nbsp;<\/p>\n<p>&nbsp;<\/p>\n<p>[\/et_pb_text][\/et_pb_column][et_pb_column type=&#8221;1_2&#8243; _builder_version=&#8221;4.17.4&#8243; _module_preset=&#8221;default&#8221; global_colors_info=&#8221;{}&#8221;][et_pb_text _builder_version=&#8221;4.17.4&#8243; _module_preset=&#8221;default&#8221; global_colors_info=&#8221;{}&#8221;]<\/p>\n<p><span style=\"color: #ff0000\"><strong>Y en las cuentas de Instagram institucionales de los organizadores y aliados:<\/strong><\/span><\/p>\n<table style=\"width: 100%;border-collapse: collapse;border-color: #ffffff;background-color: #ffffff\" border=\"1\">\n<tbody>\n<tr>\n<td style=\"width: 50%\"><a href=\"https:\/\/www.instagram.com\/universidadmh\/\">@universidadmh<\/a><\/td>\n<td style=\"width: 50%\"><a href=\"https:\/\/www.instagram.com\/fundaciongabo\/\">@fundaciongabo<\/a><\/td>\n<\/tr>\n<tr>\n<td style=\"width: 50%\"><a href=\"https:\/\/www.instagram.com\/rsf_es\/\">@rsf_es<\/a><\/td>\n<td style=\"width: 50%\"><a href=\"https:\/\/www.instagram.com\/seminariokapu\/\">@seminariokapu<\/a><\/td>\n<\/tr>\n<\/tbody>\n<\/table>\n<p>&nbsp;<\/p>\n<p>[\/et_pb_text][\/et_pb_column][\/et_pb_row][et_pb_row _builder_version=&#8221;4.17.4&#8243; _module_preset=&#8221;default&#8221; global_colors_info=&#8221;{}&#8221;][et_pb_column type=&#8221;4_4&#8243; _builder_version=&#8221;4.17.4&#8243; _module_preset=&#8221;default&#8221; global_colors_info=&#8221;{}&#8221;][et_pb_pricing_tables admin_label=&#8221;Matricula abierta llamada accion&#8221; _builder_version=&#8221;4.17.4&#8243; _module_preset=&#8221;default&#8221; price_font_size=&#8221;50px&#8221; hover_enabled=&#8221;0&#8243; global_colors_info=&#8221;{}&#8221; sticky_enabled=&#8221;0&#8243;][et_pb_pricing_table title=&#8221;Abierto Plazo Matricula&#8221; subtitle=&#8221;Curso 2025\/26&#8243; currency=&#8221;Euro&#8221; sum=&#8221;1620&#8243; button_url=&#8221;https:\/\/universite.umh.es\/fpogestion\/aspx\/Preinscripcion\/Preinscripcion.aspx&#8221; url_new_window=&#8221;on&#8221; button_text=&#8221;Inscribirme&#8221; _builder_version=&#8221;4.17.4&#8243; _module_preset=&#8221;default&#8221; header_level=&#8221;h1&#8243; header_font_size=&#8221;15px&#8221; hover_enabled=&#8221;0&#8243; global_colors_info=&#8221;{}&#8221; sticky_transition=&#8221;on&#8221; sticky_enabled=&#8221;0&#8243;]<\/p>\n<h4 style=\"text-align: center\">Plazo hasta el 26 de septiembre 2025<\/h4>\n<p>[\/et_pb_pricing_table][\/et_pb_pricing_tables][\/et_pb_column][\/et_pb_row][\/et_pb_section][et_pb_section fb_built=&#8221;1&#8243; admin_label=&#8221;Footer&#8221; _builder_version=&#8221;4.17.4&#8243; _module_preset=&#8221;default&#8221; background_color=&#8221;RGBA(255,255,255,0)&#8221; background_color_gradient_direction=&#8221;90deg&#8221; background_enable_image=&#8221;off&#8221; custom_padding=&#8221;0px||0px||true|false&#8221; saved_tabs=&#8221;all&#8221; locked=&#8221;off&#8221; collapsed=&#8221;off&#8221; global_colors_info=&#8221;{}&#8221;][et_pb_row column_structure=&#8221;1_2,1_2&#8243; use_custom_gutter=&#8221;on&#8221; gutter_width=&#8221;1&#8243; make_equal=&#8221;on&#8221; admin_label=&#8221;Footer Row&#8221; module_class=&#8221; et_pb_row_fullwidth&#8221; _builder_version=&#8221;4.17.4&#8243; _module_preset=&#8221;default&#8221; background_color=&#8221;#FFFFFF&#8221; width=&#8221;100%&#8221; max_width=&#8221;none&#8221; custom_margin=&#8221;|||&#8221; custom_padding=&#8221;0px||0px||true|false&#8221; animation_style=&#8221;fade&#8221; make_fullwidth=&#8221;on&#8221; global_colors_info=&#8221;{}&#8221;][et_pb_column type=&#8221;1_2&#8243; _builder_version=&#8221;4.17.4&#8243; _module_preset=&#8221;default&#8221; background_color=&#8221;#FFFFFF&#8221; custom_padding=&#8221;8%|8%|8%|8%|true|true&#8221; border_width_all=&#8221;22px&#8221; border_color_all=&#8221;#9e9e9e&#8221; global_colors_info=&#8221;{}&#8221;][et_pb_text admin_label=&#8221;Organizadores&#8221; _builder_version=&#8221;4.17.4&#8243; _module_preset=&#8221;12f08d1c-4d0d-4f91-bc9f-3020a47369fc&#8221; header_2_text_color=&#8221;#FFFFFF&#8221; custom_margin=&#8221;||30px||false|false&#8221; locked=&#8221;off&#8221; global_colors_info=&#8221;{}&#8221;]<\/p>\n<h2><span style=\"color: #808080\"><strong>ORGANIZA:<\/strong><\/span><\/h2>\n<p><img loading=\"lazy\" class=\"wp-image-391 alignnone size-medium\" src=\"https:\/\/masterperiodismoydemocracia.umh.es\/files\/2025\/04\/logo-umh-ok-300x109-1-300x109.jpg\" alt=\"\" width=\"300\" height=\"109\" \/><\/p>\n<p>[\/et_pb_text][et_pb_text admin_label=&#8221;Aliados&#8221; _builder_version=&#8221;4.17.4&#8243; _module_preset=&#8221;12f08d1c-4d0d-4f91-bc9f-3020a47369fc&#8221; header_2_text_color=&#8221;#FFFFFF&#8221; custom_margin=&#8221;||30px||false|false&#8221; locked=&#8221;off&#8221; global_colors_info=&#8221;{}&#8221;]<\/p>\n<h2><span style=\"color: #808080\"><strong>ALIADOS:<\/strong><\/span><\/h2>\n<p>\u00a0<img loading=\"lazy\" class=\"wp-image-385 alignnone size-medium\" src=\"https:\/\/masterperiodismoydemocracia.umh.es\/files\/2025\/04\/logo-gabo-300x79-1-300x79.png\" alt=\"\" width=\"300\" height=\"79\" \/>\u00a0 \u00a0 \u00a0 \u00a0 \u00a0<img loading=\"lazy\" class=\"wp-image-388 alignnone \" src=\"https:\/\/masterperiodismoydemocracia.umh.es\/files\/2025\/04\/reporteros-300x130-1-300x130.jpg\" alt=\"\" width=\"258\" height=\"112\" \/>\u00a0 \u00a0 \u00a0<img loading=\"lazy\" class=\"wp-image-373 alignnone size-medium\" src=\"https:\/\/masterperiodismoydemocracia.umh.es\/files\/2025\/04\/SRK-UMH-300x83.png\" alt=\"\" width=\"300\" height=\"83\" \/><\/p>\n<p>[\/et_pb_text][\/et_pb_column][et_pb_column type=&#8221;1_2&#8243; _builder_version=&#8221;4.17.4&#8243; _module_preset=&#8221;default&#8221; background_color=&#8221;#9E9E9E&#8221; custom_padding=&#8221;8%|8%|8%|8%|true|true&#8221; global_colors_info=&#8221;{}&#8221; custom_padding__hover=&#8221;|||&#8221;][et_pb_text admin_label=&#8221;Contacto&#8221; _builder_version=&#8221;4.17.4&#8243; _module_preset=&#8221;12f08d1c-4d0d-4f91-bc9f-3020a47369fc&#8221; header_2_text_color=&#8221;#FFFFFF&#8221; custom_margin=&#8221;||30px||false|false&#8221; locked=&#8221;off&#8221; global_colors_info=&#8221;{}&#8221;]<\/p>\n<h2>Contacto<\/h2>\n<p>[\/et_pb_text][et_pb_text admin_label=&#8221;Mail&#8221; _builder_version=&#8221;4.17.4&#8243; _module_preset=&#8221;acb840d0-8181-4d27-808c-f8ced82e99c7&#8243; header_4_text_color=&#8221;gcid-b247d7e9-2bbc-48fc-81a8-3cd1da3da572&#8243; locked=&#8221;off&#8221; global_colors_info=&#8221;{%22gcid-b247d7e9-2bbc-48fc-81a8-3cd1da3da572%22:%91%22header_4_text_color%22%93}&#8221;]<\/p>\n<h4><span style=\"color: #000000\">Correo electr\u00f3nico<\/span><\/h4>\n<p>[\/et_pb_text][et_pb_text admin_label=&#8221;Direcci\u00f3n mail&#8221; _builder_version=&#8221;4.17.4&#8243; _module_preset=&#8221;be44c2e9-2462-44a4-82b0-07053c626e28&#8243; text_text_color=&#8221;#FFFFFF&#8221; link_text_color=&#8221;#FFFFFF&#8221; custom_margin=&#8221;||30px||false|false&#8221; locked=&#8221;off&#8221; global_colors_info=&#8221;{}&#8221;]<\/p>\n<p><a href=\"mailto:seminariokapu@umh.es\">masterperiodismoydemocracia@umh.es<\/a><\/p>\n<p>[\/et_pb_text][et_pb_text admin_label=&#8221;Direcci\u00f3n&#8221; _builder_version=&#8221;4.17.4&#8243; _module_preset=&#8221;acb840d0-8181-4d27-808c-f8ced82e99c7&#8243; header_4_text_color=&#8221;gcid-b247d7e9-2bbc-48fc-81a8-3cd1da3da572&#8243; locked=&#8221;off&#8221; global_colors_info=&#8221;{%22gcid-b247d7e9-2bbc-48fc-81a8-3cd1da3da572%22:%91%22header_4_text_color%22%93}&#8221;]<\/p>\n<h4><span style=\"color: #000000\">Direcci\u00f3n<\/span><\/h4>\n<p>[\/et_pb_text][et_pb_text admin_label=&#8221;Direcci\u00f3n postal&#8221; _builder_version=&#8221;4.17.4&#8243; _module_preset=&#8221;be44c2e9-2462-44a4-82b0-07053c626e28&#8243; text_text_color=&#8221;#FFFFFF&#8221; link_text_color=&#8221;#FFFFFF&#8221; custom_margin=&#8221;||30px||false|false&#8221; locked=&#8221;off&#8221; global_colors_info=&#8221;{}&#8221;]<\/p>\n<p>Universidad Miguel Hern\u00e1ndez | Av. de la Universidad, s\/n 03202 Elche-Alicante<\/p>\n<p>[\/et_pb_text][et_pb_text admin_label=&#8221;Redes&#8221; _builder_version=&#8221;4.17.4&#8243; _module_preset=&#8221;acb840d0-8181-4d27-808c-f8ced82e99c7&#8243; header_4_text_color=&#8221;gcid-b247d7e9-2bbc-48fc-81a8-3cd1da3da572&#8243; locked=&#8221;off&#8221; global_colors_info=&#8221;{%22gcid-b247d7e9-2bbc-48fc-81a8-3cd1da3da572%22:%91%22header_4_text_color%22%93}&#8221;]<\/p>\n<h4><span style=\"color: #000000\">Redes Sociales<\/span><\/h4>\n<p>[\/et_pb_text][et_pb_text admin_label=&#8221;logos&#8221; _builder_version=&#8221;4.17.4&#8243; _module_preset=&#8221;be44c2e9-2462-44a4-82b0-07053c626e28&#8243; text_text_color=&#8221;#FFFFFF&#8221; link_text_color=&#8221;#FFFFFF&#8221; background_enable_image=&#8221;off&#8221; custom_margin=&#8221;||30px||false|false&#8221; link_option_url=&#8221;x.com\/masterpyd&#8221; link_option_url_new_window=&#8221;on&#8221; locked=&#8221;off&#8221; global_colors_info=&#8221;{}&#8221;]<\/p>\n<p><a href=\"http:\/\/x.com\/masterpyd\">@masterpyd<\/a> en <strong>X<\/strong><\/p>\n<p>[\/et_pb_text][et_pb_text admin_label=&#8221;logos&#8221; _builder_version=&#8221;4.17.4&#8243; _module_preset=&#8221;be44c2e9-2462-44a4-82b0-07053c626e28&#8243; text_text_color=&#8221;#FFFFFF&#8221; link_text_color=&#8221;#FFFFFF&#8221; custom_margin=&#8221;||30px||false|false&#8221; locked=&#8221;off&#8221; global_colors_info=&#8221;{}&#8221;]<\/p>\n<p>Y en nuestras cuentas de <strong>Instagram<\/strong>:<\/p>\n<div><a href=\"http:\/\/instagram.com\/masterenperiodismoydemocracia\">@masterenperiodismoydemocracia<\/a><\/div>\n<div>\u00a0<\/div>\n<p><a href=\"https:\/\/www.instagram.com\/universidadmh\/\">@universidadmh<\/a><\/p>\n<p><a href=\"https:\/\/www.instagram.com\/fundaciongabo\/\">@fundaciongabo<\/a><\/p>\n<p><a href=\"https:\/\/www.instagram.com\/rsf_es\/\">@rsf_es<\/a><\/p>\n<p><a href=\"https:\/\/www.instagram.com\/seminariokapu\/\">@seminariokapu<\/a><\/p>\n<p>[\/et_pb_text][\/et_pb_column][\/et_pb_row][\/et_pb_section][et_pb_section fb_built=&#8221;1&#8243; _builder_version=&#8221;4.17.4&#8243; _module_preset=&#8221;default&#8221; global_colors_info=&#8221;{}&#8221;][et_pb_row _builder_version=&#8221;4.17.4&#8243; _module_preset=&#8221;default&#8221; global_colors_info=&#8221;{}&#8221;][et_pb_column type=&#8221;4_4&#8243; _builder_version=&#8221;4.17.4&#8243; _module_preset=&#8221;default&#8221; global_colors_info=&#8221;{}&#8221;][et_pb_image src=&#8221;https:\/\/masterperiodismoydemocracia.umh.es\/files\/2025\/06\/Captura-de-pantalla-2025-06-05-141432-300&#215;109-1.png&#8221; _builder_version=&#8221;4.17.4&#8243; _module_preset=&#8221;default&#8221; global_colors_info=&#8221;{}&#8221;][\/et_pb_image][\/et_pb_column][\/et_pb_row][\/et_pb_section]<\/p>\n","protected":false},"excerpt":{"rendered":"<p>C\u00d3MO INSCRIBIRSE Primero debes acceder al siguiente enlace En tipo de ense\u00f1anza elige la opci\u00f3n M\u00e1ster de Formaci\u00f3n Permanente En ense\u00f1anza elige el Master de Formaci\u00f3n Permanente en Periodismo y Democracia Selecciona el tipo de documento de identificaci\u00f3n (DNI, Pasaporte o NIE) y escribe el n\u00famero en la casilla correspondiente Ingresa el c\u00f3digo de validaci\u00f3n [&hellip;]<\/p>\n","protected":false},"author":3881,"featured_media":0,"parent":0,"menu_order":0,"comment_status":"closed","ping_status":"closed","template":"","meta":{"_et_pb_use_builder":"on","_et_pb_old_content":"","_et_gb_content_width":"","_links_to":"","_links_to_target":""},"_links":{"self":[{"href":"https:\/\/masterperiodismoydemocracia.umh.es\/en\/wp-json\/wp\/v2\/pages\/3398"}],"collection":[{"href":"https:\/\/masterperiodismoydemocracia.umh.es\/en\/wp-json\/wp\/v2\/pages"}],"about":[{"href":"https:\/\/masterperiodismoydemocracia.umh.es\/en\/wp-json\/wp\/v2\/types\/page"}],"author":[{"embeddable":true,"href":"https:\/\/masterperiodismoydemocracia.umh.es\/en\/wp-json\/wp\/v2\/users\/3881"}],"replies":[{"embeddable":true,"href":"https:\/\/masterperiodismoydemocracia.umh.es\/en\/wp-json\/wp\/v2\/comments?post=3398"}],"version-history":[{"count":0,"href":"https:\/\/masterperiodismoydemocracia.umh.es\/en\/wp-json\/wp\/v2\/pages\/3398\/revisions"}],"wp:attachment":[{"href":"https:\/\/masterperiodismoydemocracia.umh.es\/en\/wp-json\/wp\/v2\/media?parent=3398"}],"curies":[{"name":"wp","href":"https:\/\/api.w.org\/{rel}","templated":true}]}}