{"id":658,"date":"2025-04-30T11:01:03","date_gmt":"2025-04-30T09:01:03","guid":{"rendered":"https:\/\/masterperiodismoydemocracia.umh.es\/?page_id=658"},"modified":"2025-09-16T12:50:08","modified_gmt":"2025-09-16T10:50:08","slug":"estructura","status":"publish","type":"page","link":"https:\/\/masterperiodismoydemocracia.umh.es\/en\/estructura\/","title":{"rendered":"<span lang=\"es\">(Espa\u00f1ol) Equipo<\/span>"},"content":{"rendered":"<p>[et_pb_section fb_built=&#8221;1&#8243; _builder_version=&#8221;4.17.4&#8243; _module_preset=&#8221;default&#8221; global_colors_info=&#8221;{}&#8221;][et_pb_row _builder_version=&#8221;4.17.4&#8243; _module_preset=&#8221;default&#8221; global_colors_info=&#8221;{}&#8221;][et_pb_column type=&#8221;4_4&#8243; _builder_version=&#8221;4.17.4&#8243; _module_preset=&#8221;default&#8221; global_colors_info=&#8221;{}&#8221;][et_pb_text admin_label=&#8221;Texto&#8221; _builder_version=&#8221;4.17.4&#8243; _module_preset=&#8221;default&#8221; global_colors_info=&#8221;{}&#8221;]<\/p>\n<h1><span style=\"color: #ff0000\"><strong>EQUIPO<\/strong><\/span><\/h1>\n<p>[\/et_pb_text][et_pb_text _builder_version=&#8221;4.17.4&#8243; _module_preset=&#8221;default&#8221; global_colors_info=&#8221;{}&#8221;]<\/p>\n<h3>Coordinaci\u00f3n acad\u00e9mica y profesional<\/h3>\n<p>[\/et_pb_text][\/et_pb_column][\/et_pb_row][et_pb_row column_structure=&#8221;1_5,1_5,1_5,1_5,1_5&#8243; _builder_version=&#8221;4.17.4&#8243; _module_preset=&#8221;default&#8221; custom_padding=&#8221;|||0px||&#8221; global_colors_info=&#8221;{}&#8221;][et_pb_column type=&#8221;1_5&#8243; _builder_version=&#8221;4.17.4&#8243; _module_preset=&#8221;default&#8221; global_colors_info=&#8221;{}&#8221;][et_pb_blurb admin_label=&#8221;Jos\u00e9 Luis Gonz\u00e1lez-Esteban&#8221; _builder_version=&#8221;4.17.4&#8243; _module_preset=&#8221;default&#8221; header_text_color=&#8221;#ff0000&#8243; width=&#8221;100%&#8221; custom_padding=&#8221;|||6px||&#8221; global_colors_info=&#8221;{}&#8221;]<\/p>\n<p><span style=\"color: #ff0000\"><strong><img loading=\"lazy\" class=\"wp-image-2272 size-medium alignleft\" src=\"https:\/\/masterperiodismoydemocracia.umh.es\/files\/2025\/05\/p18-140x300.png\" alt=\"\" width=\"140\" height=\"300\" \/><\/strong><\/span><\/p>\n<p>&nbsp;<\/p>\n<p>&nbsp;<\/p>\n<p>&nbsp;<\/p>\n<p><span style=\"color: #ff0000\"><strong><\/strong><\/span><\/p>\n<p><span style=\"color: #ff0000\"><strong><\/strong><\/span><\/p>\n<p><span style=\"color: #ff0000\"><strong><\/strong><\/span><\/p>\n<p><span style=\"color: #ff0000\"><strong><\/strong><\/span><\/p>\n<p><span style=\"color: #ff0000\"><strong><\/strong><\/span><\/p>\n<p><span style=\"color: #ff0000\"><strong><\/strong><\/span><\/p>\n<p><span style=\"color: #ff0000\"><strong><\/strong><\/span><\/p>\n<p><span style=\"color: #ff0000\"><strong><\/strong><\/span><\/p>\n<p><span style=\"color: #ff0000\"><strong><\/strong><\/span><\/p>\n<p><span style=\"color: #ff0000\"><strong><\/strong><\/span><\/p>\n<p><span style=\"color: #ff0000\"><strong><\/strong><\/span><\/p>\n<p><span style=\"color: #ff0000\"><strong><\/strong><\/span><\/p>\n<p><span style=\"color: #ff0000\"><strong><\/strong><\/span><\/p>\n<p><span style=\"color: #ff0000\"><strong>Jos\u00e9 Luis Gonz\u00e1lez-Esteban<\/strong><\/span><\/p>\n<p><strong>Director M\u00e1ster UMH Periodismo y Democracia<\/strong><\/p>\n<p>Docente y periodista. Doctor en Periodismo por la Universidad Complutense de Madrid y M\u00e1ster en Derecho Comunitario y Uni\u00f3n Europea por la UCLM. Profesor Titular de Opini\u00f3n P\u00fablica, Comunicaci\u00f3n e Informaci\u00f3n Pol\u00edtica en la Universidad Miguel Hern\u00e1ndez (Elche-Alicante). Director del Seminario Permanente Ryszard Kapuscinski de Periodismo y Derechos Humanos.<\/p>\n<p>&nbsp;<\/p>\n<p>&nbsp;<\/p>\n<p>[\/et_pb_blurb][\/et_pb_column][et_pb_column type=&#8221;1_5&#8243; _builder_version=&#8221;4.17.4&#8243; _module_preset=&#8221;default&#8221; global_colors_info=&#8221;{}&#8221;][et_pb_blurb admin_label=&#8221;Laura Ardila&#8221; _builder_version=&#8221;4.17.4&#8243; _module_preset=&#8221;default&#8221; header_text_color=&#8221;#ff0000&#8243; global_colors_info=&#8221;{}&#8221;]<\/p>\n<p><strong style=\"color: #ff0000\"><img loading=\"lazy\" class=\"wp-image-2275 size-medium alignleft\" src=\"https:\/\/masterperiodismoydemocracia.umh.es\/files\/2025\/05\/p6-140x300.png\" alt=\"\" width=\"140\" height=\"300\" \/><\/strong><\/p>\n<p>&nbsp;<\/p>\n<p>&nbsp;<\/p>\n<p><span style=\"color: #ff0000\"><strong><\/strong><\/span><\/p>\n<p><span style=\"color: #ff0000\"><strong><\/strong><\/span><\/p>\n<p><span style=\"color: #ff0000\"><strong><\/strong><\/span><\/p>\n<p><span style=\"color: #ff0000\"><strong><\/strong><\/span><\/p>\n<p><span style=\"color: #ff0000\"><strong><\/strong><\/span><\/p>\n<p><span style=\"color: #ff0000\"><strong><\/strong><\/span><\/p>\n<p><span style=\"color: #ff0000\"><strong><\/strong><\/span><\/p>\n<p><span style=\"color: #ff0000\"><strong><\/strong><\/span><\/p>\n<p><span style=\"color: #ff0000\"><strong><\/strong><\/span><\/p>\n<p><span style=\"color: #ff0000\"><strong><\/strong><\/span><\/p>\n<p><span style=\"color: #ff0000\"><strong><\/strong><\/span><\/p>\n<p><span style=\"color: #ff0000\"><strong><\/strong><\/span><\/p>\n<p><span style=\"color: #ff0000\"><strong><\/strong><\/span><\/p>\n<p><span style=\"color: #ff0000\"><strong><\/strong><\/span><\/p>\n<p><span style=\"color: #ff0000\"><strong><\/strong><\/span><\/p>\n<p><span style=\"color: #ff0000\"><strong><\/strong><\/span><\/p>\n<p><span style=\"color: #ff0000\"><strong>Laura Ardila<\/strong><\/span><\/p>\n<p><strong>Codirectora M\u00e1ster UMH Periodismo y Democracia<\/strong><\/p>\n<p><span style=\"font-weight: 400\">Periodista colombiana con 21 a\u00f1os de experiencia. Especialista en investigar mafias pol\u00edticas. Autora de <\/span><i><span style=\"font-weight: 400\">La Costa Nostra<\/span><\/i><span style=\"font-weight: 400\">, libro s\u00edmbolo de la lucha contra la censura. Trabaj\u00f3 en La Silla Vac\u00eda, en donde lleg\u00f3 a ser editora general. Finalista del Premio Gabo (en equipo) en 2020. Es la \u00fanica periodista colombiana mujer reconocida dos veces como Periodista del A\u00f1o en el Premio Nacional Sim\u00f3n Bol\u00edvar. Actualmente es columnista de El Espectador.<\/span><\/p>\n<p>&nbsp;<\/p>\n<p>[\/et_pb_blurb][\/et_pb_column][et_pb_column type=&#8221;1_5&#8243; _builder_version=&#8221;4.17.4&#8243; _module_preset=&#8221;default&#8221; global_colors_info=&#8221;{}&#8221;][et_pb_blurb admin_label=&#8221;Carmen M\u00aa L\u00f3pez Rico&#8221; _builder_version=&#8221;4.17.4&#8243; _module_preset=&#8221;default&#8221; global_colors_info=&#8221;{}&#8221;]<\/p>\n<p><img loading=\"lazy\" class=\"wp-image-2287 size-medium alignleft\" src=\"https:\/\/masterperiodismoydemocracia.umh.es\/files\/2025\/05\/p16-140x300.png\" alt=\"\" width=\"140\" height=\"300\" \/><\/p>\n<p>&nbsp;<\/p>\n<p>&nbsp;<\/p>\n<p><span style=\"color: #ff0000\"><strong><\/strong><\/span><\/p>\n<p><span style=\"color: #ff0000\"><strong><\/strong><\/span><\/p>\n<p><span style=\"color: #ff0000\"><strong><\/strong><\/span><\/p>\n<p><span style=\"color: #ff0000\"><strong><\/strong><\/span><\/p>\n<p><span style=\"color: #ff0000\"><strong><\/strong><\/span><\/p>\n<p><span style=\"color: #ff0000\"><strong><\/strong><\/span><\/p>\n<p><span style=\"color: #ff0000\"><strong><\/strong><\/span><\/p>\n<p><span style=\"color: #ff0000\"><strong><\/strong><\/span><\/p>\n<p><span style=\"color: #ff0000\"><strong><\/strong><\/span><\/p>\n<p><span style=\"color: #ff0000\"><strong><\/strong><\/span><\/p>\n<p><span style=\"color: #ff0000\"><strong><\/strong><\/span><\/p>\n<p><span style=\"color: #ff0000\"><strong><\/strong><\/span><\/p>\n<p><span style=\"color: #ff0000\"><strong><\/strong><\/span><\/p>\n<p><span style=\"color: #ff0000\"><strong><\/strong><\/span><\/p>\n<p><span style=\"color: #ff0000\"><strong><\/strong><\/span><\/p>\n<p><span style=\"color: #ff0000\"><strong><\/strong><\/span><\/p>\n<p><span style=\"color: #ff0000\"><strong>Carmen M\u00aaL\u00f3pez Rico<\/strong><\/span><\/p>\n<p><strong>Subdirectora M\u00e1ster UMH\u00a0 Periodismo y Democracia<\/strong><\/p>\n<p><span style=\"font-weight: 400\">Doctora en Periodismo por la Universidad Miguel Hern\u00e1ndez (UMH) donde es profesora de \u00c9tica y Deontolog\u00eda Period\u00edstica. Ha sido profesora invitada en la Universidad Aut\u00f3noma de Baja California (M\u00e9xico) y la Universidad Texas San Antonio (EE.UU.) Desde 2017, co-directora del Seminario Permanente R. Kapuscinski de Periodismo y Derechos Humanos.<\/span><\/p>\n<p>&nbsp;<\/p>\n<p>[\/et_pb_blurb][\/et_pb_column][et_pb_column type=&#8221;1_5&#8243; _builder_version=&#8221;4.17.4&#8243; _module_preset=&#8221;default&#8221; global_colors_info=&#8221;{}&#8221;][et_pb_blurb admin_label=&#8221;Miguel Montes&#8221; _builder_version=&#8221;4.17.4&#8243; _module_preset=&#8221;default&#8221; global_colors_info=&#8221;{}&#8221;]<\/p>\n<p><img loading=\"lazy\" class=\"wp-image-2290 size-medium alignleft\" src=\"https:\/\/masterperiodismoydemocracia.umh.es\/files\/2025\/05\/p19-140x300.png\" alt=\"\" width=\"140\" height=\"300\" \/><\/p>\n<p>&nbsp;<\/p>\n<p>&nbsp;<\/p>\n<p><span style=\"color: #ff0000\"><strong><\/strong><\/span><\/p>\n<p><span style=\"color: #ff0000\"><strong><\/strong><\/span><\/p>\n<p><span style=\"color: #ff0000\"><strong><\/strong><\/span><\/p>\n<p><span style=\"color: #ff0000\"><strong><\/strong><\/span><\/p>\n<p><span style=\"color: #ff0000\"><strong><\/strong><\/span><\/p>\n<p><span style=\"color: #ff0000\"><strong><\/strong><\/span><\/p>\n<p><span style=\"color: #ff0000\"><strong><\/strong><\/span><\/p>\n<p><span style=\"color: #ff0000\"><strong><\/strong><\/span><\/p>\n<p><span style=\"color: #ff0000\"><strong><\/strong><\/span><\/p>\n<p><span style=\"color: #ff0000\"><strong><\/strong><\/span><\/p>\n<p><span style=\"color: #ff0000\"><strong><\/strong><\/span><\/p>\n<p><span style=\"color: #ff0000\"><strong><\/strong><\/span><\/p>\n<p><span style=\"color: #ff0000\"><strong><\/strong><\/span><\/p>\n<p><span style=\"color: #ff0000\"><strong><\/strong><\/span><\/p>\n<p><span style=\"color: #ff0000\"><strong><\/strong><\/span><\/p>\n<p><span style=\"color: #ff0000\"><strong><\/strong><\/span><\/p>\n<p><span style=\"color: #ff0000\"><strong>Miguel Montes Camacho<\/strong><\/span><\/p>\n<p><strong>Director de Programas Fundaci\u00f3n Gabo<\/strong><\/p>\n<p><span style=\"font-weight: 400\">Comunicador social y mag\u00edster en Desarrollo y Cultura, con 15 a\u00f1os de experiencia en periodismo, direcci\u00f3n y asesor\u00eda en comunicaci\u00f3n organizacional y multimedial. Desde 2019 hace parte de la Fundaci\u00f3n Gabo, donde es director de programas. Ha liderado estrategias de comunicaci\u00f3n patrimonial y asesorado proyectos de cultura e innovaci\u00f3n social en entidades p\u00fablicas y privadas, incluyendo medios y organizaciones internacionales.<\/span><\/p>\n<p><strong><\/strong><\/p>\n<p>[\/et_pb_blurb][\/et_pb_column][et_pb_column type=&#8221;1_5&#8243; _builder_version=&#8221;4.17.4&#8243; _module_preset=&#8221;default&#8221; global_colors_info=&#8221;{}&#8221;][et_pb_blurb admin_label=&#8221;Alfonso Bauluz&#8221; _builder_version=&#8221;4.17.4&#8243; _module_preset=&#8221;default&#8221; global_colors_info=&#8221;{}&#8221;]<\/p>\n<p><img loading=\"lazy\" class=\"wp-image-2293 size-medium alignleft\" src=\"https:\/\/masterperiodismoydemocracia.umh.es\/files\/2025\/05\/p15-140x300.png\" alt=\"\" width=\"140\" height=\"300\" \/><\/p>\n<p>&nbsp;<\/p>\n<p>&nbsp;<\/p>\n<p>&nbsp;<\/p>\n<p>&nbsp;<\/p>\n<p>&nbsp;<\/p>\n<p>&nbsp;<\/p>\n<p>&nbsp;<\/p>\n<p>&nbsp;<\/p>\n<p><span style=\"color: #ff0000\"><strong>Alfonso Bauluz de la Iglesia<\/strong><\/span><\/p>\n<p><span style=\"color: #ff0000\"><strong><\/strong><\/span><\/p>\n<p><strong style=\"font-size: 14px\">EFE\/ Reporteros Sin Fronteras<\/strong><\/p>\n<p><span style=\"font-weight: 400\">Periodista, profesor asociado y doctor en Periodismo por la UCM, preside Reporteros Sin Fronteras Espa\u00f1a y ha sido corresponsal en \u00c1frica, Asia y Am\u00e9rica. Ha sido redactor jefe de Internacional de la Agencia Efe. Premio extraordinario Ortega y Gasset por su cobertura de la invasi\u00f3n de Irak empotrado con los marines estadounidenses y Premio Pluma de la Paz es coautor del libro colectivo &#8216;Objetivo Bagdad: 12 reporteros en la Guerra de Irak\u00b4.<\/span><\/p>\n<p><strong><\/strong><\/p>\n<p><strong><\/strong><\/p>\n<p>[\/et_pb_blurb][\/et_pb_column][\/et_pb_row][et_pb_row _builder_version=&#8221;4.17.4&#8243; _module_preset=&#8221;default&#8221; global_colors_info=&#8221;{}&#8221;][et_pb_column type=&#8221;4_4&#8243; _builder_version=&#8221;4.17.4&#8243; _module_preset=&#8221;default&#8221; global_colors_info=&#8221;{}&#8221;][et_pb_text admin_label=&#8221;Texto&#8221; _builder_version=&#8221;4.17.4&#8243; _module_preset=&#8221;default&#8221; custom_padding=&#8221;|5px||5px|false|true&#8221; global_colors_info=&#8221;{}&#8221;]<\/p>\n<h3>Coordinadores\/as de asignatura<\/h3>\n<p>[\/et_pb_text][et_pb_tabs _builder_version=&#8221;4.17.4&#8243; _module_preset=&#8221;default&#8221; tab_font_size=&#8221;11px&#8221; width=&#8221;100%&#8221; max_width=&#8221;100%&#8221; custom_margin=&#8221;||||false|false&#8221; custom_padding=&#8221;||||false|true&#8221; global_colors_info=&#8221;{}&#8221;][et_pb_tab title=&#8221;Juanita V\u00e9lez&#8221; _builder_version=&#8221;4.17.4&#8243; _module_preset=&#8221;default&#8221; global_colors_info=&#8221;{}&#8221;]<\/p>\n<p><strong><img loading=\"lazy\" class=\"wp-image-2975  alignleft\" src=\"https:\/\/masterperiodismoydemocracia.umh.es\/files\/2025\/05\/juanita-velez.jpg\" alt=\"\" width=\"151\" height=\"151\" srcset=\"https:\/\/masterperiodismoydemocracia.umh.es\/files\/2025\/05\/juanita-velez.jpg 225w, https:\/\/masterperiodismoydemocracia.umh.es\/files\/2025\/05\/juanita-velez-150x150.jpg 150w\" sizes=\"(max-width: 151px) 100vw, 151px\" \/>Conflict Responses<\/strong><\/p>\n<p>Periodista y escritora, autora del libro \u2018Una Guerra Despu\u00e9s\u2019 (Aguilar, 2023) que narra el posconflicto en Colombia. Fue editora de La Silla Sur en La Silla Vac\u00eda, medio especializado en contar el poder en ese pa\u00eds. Cofund\u00f3 y es editora en Conflict Responses (CORE), una fundaci\u00f3n que investiga temas de conflicto armado y medio ambiente. Ha escrito para prestigiosos medios como El Pa\u00eds Am\u00e9rica, Mongabay Latam, El Espectador y Cerosetenta.<\/p>\n<p>[\/et_pb_tab][et_pb_tab title=&#8221;Yadiris Luis Fuentes&#8221; _builder_version=&#8221;4.17.4&#8243; _module_preset=&#8221;default&#8221; global_colors_info=&#8221;{}&#8221;]<\/p>\n<p><strong><img loading=\"lazy\" class=\"wp-image-3631  alignleft\" src=\"https:\/\/masterperiodismoydemocracia.umh.es\/files\/2025\/09\/yadiris2-294x300.jpg\" alt=\"\" width=\"149\" height=\"152\" \/>El Toque<\/strong><\/p>\n<p>Yadiris Luis Fuentes es periodista cubana en el exilio, editora del medio independiente El Toque. Licenciada en Periodismo por la Universidad Hermanos Sa\u00edz Montes de Oca de Pinar del R\u00edo (Cuba). Integrante de la Sexta Generaci\u00f3n LATAM de J\u00f3venes Periodistas. Egresada de la segunda edici\u00f3n del Laboratorio de medios Periodismo Situado de Cosecha Roja. Egresada en 2014 del Curso de T\u00e9cnicas Narrativas del Centro de Formaci\u00f3n Literaria Onelio Jorge Cardoso. Sus trabajos period\u00edsticos han sido publicados en Infobae, Periodismo Situado, Cosecha Roja y ADN Cuba.<\/p>\n<p>[\/et_pb_tab][et_pb_tab title=&#8221;Lis Gaibar&#8221; _builder_version=&#8221;4.17.4&#8243; _module_preset=&#8221;default&#8221; global_colors_info=&#8221;{}&#8221;]<\/p>\n<p><strong><img loading=\"lazy\" class=\"wp-image-3343  alignleft\" src=\"https:\/\/masterperiodismoydemocracia.umh.es\/files\/2025\/05\/Lis.jpg\" alt=\"\" width=\"151\" height=\"151\" srcset=\"https:\/\/masterperiodismoydemocracia.umh.es\/files\/2025\/05\/Lis.jpg 225w, https:\/\/masterperiodismoydemocracia.umh.es\/files\/2025\/05\/Lis-150x150.jpg 150w\" sizes=\"(max-width: 151px) 100vw, 151px\" \/>UMH<\/strong><\/p>\n<p>Lis Gaibar Garc\u00eda es periodista y profesora en la Universidad Miguel Hern\u00e1ndez (UMH) de Elche. Ha trabajado como redactora en medios como El Salto Diario, del cual tambi\u00e9n fue editora y coordinadora de contenidos, o Diario Informaci\u00f3n, adem\u00e1s de haber colaborado con otras cabeceras o iniciativas. En la actualidad, combina la docencia universitaria con la participaci\u00f3n en un proyecto educomunicativo de cooperaci\u00f3n internacional en Ruanda.<\/p>\n<p>[\/et_pb_tab][et_pb_tab title=&#8221;Joaqu\u00edn J. Penalva&#8221; _builder_version=&#8221;4.17.4&#8243; _module_preset=&#8221;default&#8221; global_colors_info=&#8221;{}&#8221;]<\/p>\n<p><strong><img loading=\"lazy\" class=\"wp-image-3347  alignleft\" src=\"https:\/\/masterperiodismoydemocracia.umh.es\/files\/2025\/05\/joaquin.jpg\" alt=\"\" width=\"151\" height=\"151\" srcset=\"https:\/\/masterperiodismoydemocracia.umh.es\/files\/2025\/05\/joaquin.jpg 225w, https:\/\/masterperiodismoydemocracia.umh.es\/files\/2025\/05\/joaquin-150x150.jpg 150w\" sizes=\"(max-width: 151px) 100vw, 151px\" \/>UMH<\/strong><\/p>\n<p>Joaqu\u00edn Juan Penalva (Novelda, 1976) es doctor en Filolog\u00eda Espa\u00f1ola por la Universidad de Alicante, m\u00e1ster en Edici\u00f3n por la Universidad de Salamanca y m\u00e1ster en Cr\u00edtica Cinematogr\u00e1fica por Aula Cr\u00edtica. Trabaja como profesor en la Universidad Miguel Hern\u00e1ndez. Ha escrito, junto a Luis Bagu\u00e9, Babilonia, mon amour (2005) y la plaquette D\u00eda del espectador (2009). Codirigi\u00f3 la revista de poes\u00eda Ex Libris y colabora en El espectador imaginario.<\/p>\n<p>[\/et_pb_tab][et_pb_tab title=&#8221;Montse Jurado Mart\u00edn&#8221; _builder_version=&#8221;4.17.4&#8243; _module_preset=&#8221;default&#8221; global_colors_info=&#8221;{}&#8221;]<\/p>\n<p><strong><img loading=\"lazy\" class=\"wp-image-3308  alignleft\" src=\"https:\/\/masterperiodismoydemocracia.umh.es\/files\/2025\/05\/montse-bio-b_n-290x300.jpg\" alt=\"\" width=\"151\" height=\"156\" \/>UMH<\/strong><\/p>\n<p>Profesora titular de Periodismo y Comunicaci\u00f3n Audiovisual de Teor\u00eda de la Comunicaci\u00f3n. Doctora por la Universidad Complutense de Madrid (Espa\u00f1a). M\u00e1ster en Gesti\u00f3n y Direcci\u00f3n de Centros Educativos por la Universidad CEU Cardenal Herrera (Valencia, Espa\u00f1a). Experta en periodismo cultural y festivales de cine, periodismo \u00e9tnico y alfabetizaci\u00f3n medi\u00e1tica. Directora de la revista Miguel Hern\u00e1ndez Communication Journal. Profesora visitante en Plymouth College of Art (Reino Unido), Universidad de Sonora (M\u00e9xico), Universidad de las Californias Internacional (M\u00e9xico), Universidad de Colima (M\u00e9xico), etc.<\/p>\n<p>[\/et_pb_tab][et_pb_tab title=&#8221;Mercedes Jabardo&#8221; _builder_version=&#8221;4.17.4&#8243; _module_preset=&#8221;default&#8221; global_colors_info=&#8221;{}&#8221;]<\/p>\n<p><strong>UMH<\/strong><img loading=\"lazy\" class=\"wp-image-3334  alignleft\" src=\"https:\/\/masterperiodismoydemocracia.umh.es\/files\/2025\/05\/foto-Mercedes-Jabardo.jpg\" alt=\"\" width=\"151\" height=\"151\" srcset=\"https:\/\/masterperiodismoydemocracia.umh.es\/files\/2025\/05\/foto-Mercedes-Jabardo.jpg 225w, https:\/\/masterperiodismoydemocracia.umh.es\/files\/2025\/05\/foto-Mercedes-Jabardo-150x150.jpg 150w\" sizes=\"(max-width: 151px) 100vw, 151px\" \/><\/p>\n<p>Licenciada en Filosof\u00eda y Dra. en Antropolog\u00eda, es profesora de antropolog\u00eda en la Universidad Miguel Hern\u00e1ndez. Especialista en di\u00e1sporas negras, migraciones africanas y feminismos negros, es autora de Senegaleses en Espa\u00f1a (2006), Ser africano en el Maresme. Migraci\u00f3n, trabajo y etnicidad en la formaci\u00f3n de un enclave \u00e9tnico ( 2014) y editora de Feminismos Negros. Una antolog\u00eda (2012). Fue directora del m\u00e1ster de Nuevas Tendencias en Antropolog\u00eda Social. Escenarios de riesgo y alternativas de postdesarrollo y coordinadora del programa de doctorado en Antropolog\u00eda Aplicada en Contextos de crisis.<\/p>\n<p>[\/et_pb_tab][et_pb_tab title=&#8221;Puri Heras Gonz\u00e1lez&#8221; _builder_version=&#8221;4.17.4&#8243; _module_preset=&#8221;default&#8221; global_colors_info=&#8221;{}&#8221;]<\/p>\n<p><strong><img loading=\"lazy\" class=\"wp-image-3337  alignleft\" src=\"https:\/\/masterperiodismoydemocracia.umh.es\/files\/2025\/05\/puri-heras.png\" alt=\"\" width=\"151\" height=\"151\" srcset=\"https:\/\/masterperiodismoydemocracia.umh.es\/files\/2025\/05\/puri-heras.png 225w, https:\/\/masterperiodismoydemocracia.umh.es\/files\/2025\/05\/puri-heras-150x150.png 150w\" sizes=\"(max-width: 151px) 100vw, 151px\" \/>UMH<\/strong><\/p>\n<p>Ha trabajado 11 a\u00f1os como enfermera en la sanidad p\u00fablica espa\u00f1ola y es profesora de Antropolog\u00eda Social desde el a\u00f1o 1999. Pertenece al centro de estudios de g\u00e9nero de la Universidad Miguel Hern\u00e1ndez desde sus inicios, del que fue directora durante tres a\u00f1os. En la actualidad, es Vicerrectora Adjunta de Igualdad y Diversidad (UMH) y subdirectora del M\u00e1ster Universitario de Igualdad y G\u00e9nero en el \u00e1mbito p\u00fablico y privado UJI\/UMH.<\/p>\n<p>&nbsp;<\/p>\n<p>[\/et_pb_tab][\/et_pb_tabs][\/et_pb_column][\/et_pb_row][et_pb_row _builder_version=&#8221;4.17.4&#8243; _module_preset=&#8221;default&#8221; global_colors_info=&#8221;{}&#8221;][et_pb_column type=&#8221;4_4&#8243; _builder_version=&#8221;4.17.4&#8243; _module_preset=&#8221;default&#8221; global_colors_info=&#8221;{}&#8221;][et_pb_text admin_label=&#8221;Texto&#8221; _builder_version=&#8221;4.17.4&#8243; _module_preset=&#8221;default&#8221; global_colors_info=&#8221;{}&#8221;]<\/p>\n<h3>Coordinadores de comunicaci\u00f3n<\/h3>\n<p>[\/et_pb_text][et_pb_text _builder_version=&#8221;4.17.4&#8243; _module_preset=&#8221;default&#8221; global_colors_info=&#8221;{}&#8221;]<\/p>\n<ul>\n<li>Pablo Aliaga<\/li>\n<li>Rony Mu\u00f1oz<\/li>\n<\/ul>\n<p>&nbsp;<\/p>\n<p>[\/et_pb_text][et_pb_pricing_tables admin_label=&#8221;Matricula abierta llamada accion&#8221; _builder_version=&#8221;4.17.4&#8243; _module_preset=&#8221;default&#8221; price_font_size=&#8221;50px&#8221; hover_enabled=&#8221;0&#8243; global_colors_info=&#8221;{}&#8221; sticky_enabled=&#8221;0&#8243;][et_pb_pricing_table title=&#8221;Abierto Plazo Matricula&#8221; subtitle=&#8221;Curso 2025\/26&#8243; currency=&#8221;Euros&#8221; sum=&#8221;1620 &#8221; button_url=&#8221;http:\/\/Plazo%20hasta%20el%2015%20de%20septiembre%202025&#8243; url_new_window=&#8221;on&#8221; button_text=&#8221;Inscribirme&#8221; _builder_version=&#8221;4.17.4&#8243; _module_preset=&#8221;default&#8221; hover_enabled=&#8221;0&#8243; global_colors_info=&#8221;{}&#8221; sticky_transition=&#8221;on&#8221; sticky_enabled=&#8221;0&#8243;]<\/p>\n<h4 style=\"text-align: center\">Plazo hasta el 26 de septiembre 2025<\/h4>\n<p>[\/et_pb_pricing_table][\/et_pb_pricing_tables][\/et_pb_column][\/et_pb_row][\/et_pb_section][et_pb_section fb_built=&#8221;1&#8243; admin_label=&#8221;Footer&#8221; _builder_version=&#8221;4.17.4&#8243; _module_preset=&#8221;default&#8221; background_color=&#8221;RGBA(255,255,255,0)&#8221; background_color_gradient_direction=&#8221;90deg&#8221; background_enable_image=&#8221;off&#8221; custom_padding=&#8221;0px||0px||true|false&#8221; saved_tabs=&#8221;all&#8221; locked=&#8221;off&#8221; collapsed=&#8221;off&#8221; global_colors_info=&#8221;{}&#8221;][et_pb_row column_structure=&#8221;1_2,1_2&#8243; use_custom_gutter=&#8221;on&#8221; gutter_width=&#8221;1&#8243; make_equal=&#8221;on&#8221; admin_label=&#8221;Footer Row&#8221; module_class=&#8221; et_pb_row_fullwidth&#8221; _builder_version=&#8221;4.17.4&#8243; _module_preset=&#8221;default&#8221; background_color=&#8221;#FFFFFF&#8221; width=&#8221;100%&#8221; max_width=&#8221;none&#8221; custom_margin=&#8221;|||&#8221; custom_padding=&#8221;0px||0px||true|false&#8221; animation_style=&#8221;fade&#8221; make_fullwidth=&#8221;on&#8221; global_colors_info=&#8221;{}&#8221;][et_pb_column type=&#8221;1_2&#8243; _builder_version=&#8221;4.17.4&#8243; _module_preset=&#8221;default&#8221; background_color=&#8221;#FFFFFF&#8221; custom_padding=&#8221;8%|8%|8%|8%|true|true&#8221; border_width_all=&#8221;22px&#8221; border_color_all=&#8221;#9e9e9e&#8221; global_colors_info=&#8221;{}&#8221;][et_pb_text admin_label=&#8221;Organizadores&#8221; _builder_version=&#8221;4.17.4&#8243; _module_preset=&#8221;12f08d1c-4d0d-4f91-bc9f-3020a47369fc&#8221; header_2_text_color=&#8221;#FFFFFF&#8221; custom_margin=&#8221;||30px||false|false&#8221; locked=&#8221;off&#8221; global_colors_info=&#8221;{}&#8221;]<\/p>\n<h2><span style=\"color: #808080\"><strong>ORGANIZA:<\/strong><\/span><\/h2>\n<p><img loading=\"lazy\" class=\"wp-image-391 alignnone size-medium\" src=\"https:\/\/masterperiodismoydemocracia.umh.es\/files\/2025\/04\/logo-umh-ok-300x109-1-300x109.jpg\" alt=\"\" width=\"300\" height=\"109\" \/><\/p>\n<p>[\/et_pb_text][et_pb_text admin_label=&#8221;Aliados&#8221; _builder_version=&#8221;4.17.4&#8243; _module_preset=&#8221;12f08d1c-4d0d-4f91-bc9f-3020a47369fc&#8221; header_2_text_color=&#8221;#FFFFFF&#8221; custom_margin=&#8221;||30px||false|false&#8221; locked=&#8221;off&#8221; global_colors_info=&#8221;{}&#8221;]<\/p>\n<h2><span style=\"color: #808080\"><strong>ALIADOS:<\/strong><\/span><\/h2>\n<p>\u00a0<img loading=\"lazy\" class=\"wp-image-385 alignnone size-medium\" src=\"https:\/\/masterperiodismoydemocracia.umh.es\/files\/2025\/04\/logo-gabo-300x79-1-300x79.png\" alt=\"\" width=\"300\" height=\"79\" \/>\u00a0 \u00a0 \u00a0 \u00a0 \u00a0<img loading=\"lazy\" class=\"wp-image-388 alignnone \" src=\"https:\/\/masterperiodismoydemocracia.umh.es\/files\/2025\/04\/reporteros-300x130-1-300x130.jpg\" alt=\"\" width=\"258\" height=\"112\" \/>\u00a0 \u00a0 \u00a0<img loading=\"lazy\" class=\"wp-image-373 alignnone size-medium\" src=\"https:\/\/masterperiodismoydemocracia.umh.es\/files\/2025\/04\/SRK-UMH-300x83.png\" alt=\"\" width=\"300\" height=\"83\" \/><\/p>\n<p>[\/et_pb_text][\/et_pb_column][et_pb_column type=&#8221;1_2&#8243; _builder_version=&#8221;4.17.4&#8243; _module_preset=&#8221;default&#8221; background_color=&#8221;#9E9E9E&#8221; custom_padding=&#8221;8%|8%|8%|8%|true|true&#8221; global_colors_info=&#8221;{}&#8221; custom_padding__hover=&#8221;|||&#8221;][et_pb_text admin_label=&#8221;Contacto&#8221; _builder_version=&#8221;4.17.4&#8243; _module_preset=&#8221;12f08d1c-4d0d-4f91-bc9f-3020a47369fc&#8221; header_2_text_color=&#8221;#FFFFFF&#8221; custom_margin=&#8221;||30px||false|false&#8221; locked=&#8221;off&#8221; global_colors_info=&#8221;{}&#8221;]<\/p>\n<h2>Contacto<\/h2>\n<p>[\/et_pb_text][et_pb_text admin_label=&#8221;Mail&#8221; _builder_version=&#8221;4.17.4&#8243; _module_preset=&#8221;acb840d0-8181-4d27-808c-f8ced82e99c7&#8243; header_4_text_color=&#8221;gcid-b247d7e9-2bbc-48fc-81a8-3cd1da3da572&#8243; locked=&#8221;off&#8221; global_colors_info=&#8221;{%22gcid-b247d7e9-2bbc-48fc-81a8-3cd1da3da572%22:%91%22header_4_text_color%22%93}&#8221;]<\/p>\n<h4><span style=\"color: #000000\">Correo electr\u00f3nico<\/span><\/h4>\n<p>[\/et_pb_text][et_pb_text admin_label=&#8221;Direcci\u00f3n mail&#8221; _builder_version=&#8221;4.17.4&#8243; _module_preset=&#8221;be44c2e9-2462-44a4-82b0-07053c626e28&#8243; text_text_color=&#8221;#FFFFFF&#8221; link_text_color=&#8221;#FFFFFF&#8221; custom_margin=&#8221;||30px||false|false&#8221; locked=&#8221;off&#8221; global_colors_info=&#8221;{}&#8221;]<\/p>\n<p><a href=\"mailto:seminariokapu@umh.es\">masterperiodismoydemocracia@umh.es<\/a><\/p>\n<p>[\/et_pb_text][et_pb_text admin_label=&#8221;Direcci\u00f3n&#8221; _builder_version=&#8221;4.17.4&#8243; _module_preset=&#8221;acb840d0-8181-4d27-808c-f8ced82e99c7&#8243; header_4_text_color=&#8221;gcid-b247d7e9-2bbc-48fc-81a8-3cd1da3da572&#8243; locked=&#8221;off&#8221; global_colors_info=&#8221;{%22gcid-b247d7e9-2bbc-48fc-81a8-3cd1da3da572%22:%91%22header_4_text_color%22%93}&#8221;]<\/p>\n<h4><span style=\"color: #000000\">Direcci\u00f3n<\/span><\/h4>\n<p>[\/et_pb_text][et_pb_text admin_label=&#8221;Direcci\u00f3n postal&#8221; _builder_version=&#8221;4.17.4&#8243; _module_preset=&#8221;be44c2e9-2462-44a4-82b0-07053c626e28&#8243; text_text_color=&#8221;#FFFFFF&#8221; link_text_color=&#8221;#FFFFFF&#8221; custom_margin=&#8221;||30px||false|false&#8221; locked=&#8221;off&#8221; global_colors_info=&#8221;{}&#8221;]<\/p>\n<p>Universidad Miguel Hern\u00e1ndez | Av. de la Universidad, s\/n 03202 Elche-Alicante<\/p>\n<p>[\/et_pb_text][et_pb_text admin_label=&#8221;Redes&#8221; _builder_version=&#8221;4.17.4&#8243; _module_preset=&#8221;acb840d0-8181-4d27-808c-f8ced82e99c7&#8243; header_4_text_color=&#8221;gcid-b247d7e9-2bbc-48fc-81a8-3cd1da3da572&#8243; locked=&#8221;off&#8221; global_colors_info=&#8221;{%22gcid-b247d7e9-2bbc-48fc-81a8-3cd1da3da572%22:%91%22header_4_text_color%22%93}&#8221;]<\/p>\n<h4><span style=\"color: #000000\">Redes Sociales<\/span><\/h4>\n<p>[\/et_pb_text][et_pb_text admin_label=&#8221;logos&#8221; _builder_version=&#8221;4.17.4&#8243; _module_preset=&#8221;be44c2e9-2462-44a4-82b0-07053c626e28&#8243; text_text_color=&#8221;#FFFFFF&#8221; link_text_color=&#8221;#FFFFFF&#8221; background_enable_image=&#8221;off&#8221; custom_margin=&#8221;||30px||false|false&#8221; link_option_url=&#8221;x.com\/masterpyd&#8221; link_option_url_new_window=&#8221;on&#8221; locked=&#8221;off&#8221; global_colors_info=&#8221;{}&#8221;]<\/p>\n<p><a href=\"http:\/\/x.com\/masterpyd\">@masterpyd<\/a> en <strong>X<\/strong><\/p>\n<p>[\/et_pb_text][et_pb_text admin_label=&#8221;logos&#8221; _builder_version=&#8221;4.17.4&#8243; _module_preset=&#8221;be44c2e9-2462-44a4-82b0-07053c626e28&#8243; text_text_color=&#8221;#FFFFFF&#8221; link_text_color=&#8221;#FFFFFF&#8221; custom_margin=&#8221;||30px||false|false&#8221; locked=&#8221;off&#8221; global_colors_info=&#8221;{}&#8221;]<\/p>\n<p>Y en nuestras cuentas de <strong>Instagram<\/strong>:<\/p>\n<div><a href=\"http:\/\/instagram.com\/masterenperiodismoydemocracia\">@masterenperiodismoydemocracia<\/a><\/div>\n<div>\u00a0<\/div>\n<p><a href=\"https:\/\/www.instagram.com\/universidadmh\/\">@universidadmh<\/a><\/p>\n<p><a href=\"https:\/\/www.instagram.com\/fundaciongabo\/\">@fundaciongabo<\/a><\/p>\n<p><a href=\"https:\/\/www.instagram.com\/rsf_es\/\">@rsf_es<\/a><\/p>\n<p><a href=\"https:\/\/www.instagram.com\/seminariokapu\/\">@seminariokapu<\/a><\/p>\n<p>[\/et_pb_text][\/et_pb_column][\/et_pb_row][\/et_pb_section]<\/p>\n","protected":false},"excerpt":{"rendered":"<p>EQUIPOCoordinaci\u00f3n acad\u00e9mica y profesional &nbsp; &nbsp; &nbsp; Jos\u00e9 Luis Gonz\u00e1lez-Esteban Director M\u00e1ster UMH Periodismo y Democracia Docente y periodista. Doctor en Periodismo por la Universidad Complutense de Madrid y M\u00e1ster en Derecho Comunitario y Uni\u00f3n Europea por la UCLM. Profesor Titular de Opini\u00f3n P\u00fablica, Comunicaci\u00f3n e Informaci\u00f3n Pol\u00edtica en la Universidad Miguel Hern\u00e1ndez (Elche-Alicante). Director [&hellip;]<\/p>\n","protected":false},"author":3881,"featured_media":0,"parent":0,"menu_order":0,"comment_status":"closed","ping_status":"closed","template":"","meta":{"_et_pb_use_builder":"on","_et_pb_old_content":"","_et_gb_content_width":"","_links_to":"","_links_to_target":""},"_links":{"self":[{"href":"https:\/\/masterperiodismoydemocracia.umh.es\/en\/wp-json\/wp\/v2\/pages\/658"}],"collection":[{"href":"https:\/\/masterperiodismoydemocracia.umh.es\/en\/wp-json\/wp\/v2\/pages"}],"about":[{"href":"https:\/\/masterperiodismoydemocracia.umh.es\/en\/wp-json\/wp\/v2\/types\/page"}],"author":[{"embeddable":true,"href":"https:\/\/masterperiodismoydemocracia.umh.es\/en\/wp-json\/wp\/v2\/users\/3881"}],"replies":[{"embeddable":true,"href":"https:\/\/masterperiodismoydemocracia.umh.es\/en\/wp-json\/wp\/v2\/comments?post=658"}],"version-history":[{"count":0,"href":"https:\/\/masterperiodismoydemocracia.umh.es\/en\/wp-json\/wp\/v2\/pages\/658\/revisions"}],"wp:attachment":[{"href":"https:\/\/masterperiodismoydemocracia.umh.es\/en\/wp-json\/wp\/v2\/media?parent=658"}],"curies":[{"name":"wp","href":"https:\/\/api.w.org\/{rel}","templated":true}]}}